{"id":1390,"date":"2023-03-08T11:23:40","date_gmt":"2023-03-08T10:23:40","guid":{"rendered":"https:\/\/rolladen-markisen.de\/dresden\/?page_id=1390"},"modified":"2023-04-14T08:44:42","modified_gmt":"2023-04-14T06:44:42","slug":"markisen-pirna","status":"publish","type":"page","link":"https:\/\/rolladen-markisen.de\/dresden\/produkte\/sonnenschutz-fuer-den-aussenbereich\/markisen-pirna\/","title":{"rendered":"Markisen Pirna"},"content":{"rendered":"\t\t<div data-elementor-type=\"wp-page\" data-elementor-id=\"1390\" class=\"elementor elementor-1390\" data-elementor-settings=\"{&quot;ha_cmc_init_switcher&quot;:&quot;no&quot;}\" data-elementor-post-type=\"page\">\n\t\t\t\t\t\t<section class=\"elementor-section elementor-top-section elementor-element elementor-element-0dc0e94 elementor-section-height-min-height elementor-section-boxed elementor-section-height-default elementor-section-items-middle\" data-id=\"0dc0e94\" data-element_type=\"section\" data-e-type=\"section\" data-settings=\"{&quot;background_background&quot;:&quot;classic&quot;,&quot;_ha_eqh_enable&quot;:false}\">\n\t\t\t\t\t\t<div class=\"elementor-container elementor-column-gap-default\">\n\t\t\t\t\t<div class=\"elementor-column elementor-col-100 elementor-top-column elementor-element elementor-element-2ade5f4\" data-id=\"2ade5f4\" data-element_type=\"column\" data-e-type=\"column\" data-settings=\"{&quot;background_background&quot;:&quot;classic&quot;}\">\n\t\t\t<div class=\"elementor-widget-wrap elementor-element-populated\">\n\t\t\t\t\t\t<div class=\"elementor-element elementor-element-b521a92 elementor-widget elementor-widget-heading\" data-id=\"b521a92\" data-element_type=\"widget\" data-e-type=\"widget\" data-widget_type=\"heading.default\">\n\t\t\t\t<div class=\"elementor-widget-container\">\n\t\t\t\t\t<h1 class=\"elementor-heading-title elementor-size-default\">Markisen f\u00fcr Pirna<\/h1>\t\t\t\t<\/div>\n\t\t\t\t<\/div>\n\t\t\t\t\t<\/div>\n\t\t<\/div>\n\t\t\t\t\t<\/div>\n\t\t<\/section>\n\t\t\t\t<section class=\"elementor-section elementor-top-section elementor-element elementor-element-d85f34c elementor-section-boxed elementor-section-height-default elementor-section-height-default\" data-id=\"d85f34c\" data-element_type=\"section\" data-e-type=\"section\" data-settings=\"{&quot;_ha_eqh_enable&quot;:false}\">\n\t\t\t\t\t\t<div class=\"elementor-container elementor-column-gap-default\">\n\t\t\t\t\t<div class=\"elementor-column elementor-col-100 elementor-top-column elementor-element elementor-element-a449a05\" data-id=\"a449a05\" data-element_type=\"column\" data-e-type=\"column\">\n\t\t\t<div class=\"elementor-widget-wrap elementor-element-populated\">\n\t\t\t\t\t\t<div class=\"elementor-element elementor-element-5a0f34d elementor-widget elementor-widget-heading\" data-id=\"5a0f34d\" data-element_type=\"widget\" data-e-type=\"widget\" data-widget_type=\"heading.default\">\n\t\t\t\t<div class=\"elementor-widget-container\">\n\t\t\t\t\t<h2 class=\"elementor-heading-title elementor-size-default\">Markisen in Pirna: Perfekter Sonnenschutz vom Fachmann <\/h2>\t\t\t\t<\/div>\n\t\t\t\t<\/div>\n\t\t\t\t<div class=\"elementor-element elementor-element-8f4727b elementor-widget elementor-widget-text-editor\" data-id=\"8f4727b\" data-element_type=\"widget\" data-e-type=\"widget\" data-widget_type=\"text-editor.default\">\n\t\t\t\t<div class=\"elementor-widget-container\">\n\t\t\t\t\t\t\t\t\t<p><span style=\"color: var( --e-global-color-text ); font-size: 1rem; text-align: center;\">M\u00f6chten Sie die Sonne in Schach halten, w\u00fcnschen Sie sich Schatten und Innenr\u00e4ume mit einer angenehmen Temperatur? Mit Markisen in Pirna gestalten Sie Verschattungen <b>nach Ihren Vorstellungen<\/b>. Bei Ihrem Spezialisten f\u00fcr Markisen in Pirna erhalten Sie genau den\u00a0<\/span><a href=\"https:\/\/rolladen-markisen.de\/dresden\/produkte\/sonnenschutz-fuer-den-aussenbereich\/\" target=\"_blank\" rel=\"noopener\">Sonnenschutz f\u00fcr Ihr Zuhause<\/a><span style=\"color: var( --e-global-color-text ); font-size: 1rem; text-align: center;\">, der sich Tag f\u00fcr Tag bew\u00e4hrt. Entdecken Sie jetzt bei Rolladen- und Markisenbau Dresden GmbH die optimalen Markisen f\u00fcr Pirna und Umgebung.<\/span><\/p><p><span style=\"color: var( --e-global-color-text ); font-size: 1rem;\">Wir sind ein Unternehmen f\u00fcr Rolladen- und Markisenbau mit <\/span><b style=\"color: var( --e-global-color-text ); font-size: 1rem;\">langj\u00e4hriger Erfahrung<\/b><span style=\"color: var( --e-global-color-text ); font-size: 1rem;\">. Die harmonische Verbindung von <\/span><b style=\"color: var( --e-global-color-text ); font-size: 1rem;\">Funktionalit\u00e4t und Design<\/b><span style=\"color: var( --e-global-color-text ); font-size: 1rem;\"> steht bei uns im Mittelpunkt. Unsere <\/span><b style=\"color: var( --e-global-color-text ); font-size: 1rem;\">zuverl\u00e4ssigen Mitarbeiter<\/b><span style=\"color: var( --e-global-color-text ); font-size: 1rem;\"> sind jederzeit f\u00fcr Sie da, wenn Sie sich f\u00fcr Markisen in und um Pirna interessieren.<\/span><\/p>\t\t\t\t\t\t\t\t<\/div>\n\t\t\t\t<\/div>\n\t\t\t\t\t<\/div>\n\t\t<\/div>\n\t\t\t\t\t<\/div>\n\t\t<\/section>\n\t\t\t\t<section class=\"elementor-section elementor-top-section elementor-element elementor-element-9d1379a elementor-section-boxed elementor-section-height-default elementor-section-height-default\" data-id=\"9d1379a\" data-element_type=\"section\" data-e-type=\"section\" data-settings=\"{&quot;_ha_eqh_enable&quot;:false}\">\n\t\t\t\t\t\t<div class=\"elementor-container elementor-column-gap-default\">\n\t\t\t\t\t<div class=\"elementor-column elementor-col-100 elementor-top-column elementor-element elementor-element-a50768d\" data-id=\"a50768d\" data-element_type=\"column\" data-e-type=\"column\">\n\t\t\t<div class=\"elementor-widget-wrap elementor-element-populated\">\n\t\t\t\t\t\t<div class=\"elementor-element elementor-element-6c52a50 elementor-widget elementor-widget-heading\" data-id=\"6c52a50\" data-element_type=\"widget\" data-e-type=\"widget\" data-widget_type=\"heading.default\">\n\t\t\t\t<div class=\"elementor-widget-container\">\n\t\t\t\t\t<h2 class=\"elementor-heading-title elementor-size-default\"><br>Markisen f\u00fcr Pirna in diversen Ausf\u00fchrungen <\/h2>\t\t\t\t<\/div>\n\t\t\t\t<\/div>\n\t\t\t\t\t<\/div>\n\t\t<\/div>\n\t\t\t\t\t<\/div>\n\t\t<\/section>\n\t\t\t\t<section class=\"elementor-section elementor-top-section elementor-element elementor-element-43e0bd6 elementor-section-boxed elementor-section-height-default elementor-section-height-default\" data-id=\"43e0bd6\" data-element_type=\"section\" data-e-type=\"section\" data-settings=\"{&quot;_ha_eqh_enable&quot;:false}\">\n\t\t\t\t\t\t<div class=\"elementor-container elementor-column-gap-default\">\n\t\t\t\t\t<div class=\"elementor-column elementor-col-100 elementor-top-column elementor-element elementor-element-7c58774\" data-id=\"7c58774\" data-element_type=\"column\" data-e-type=\"column\">\n\t\t\t<div class=\"elementor-widget-wrap elementor-element-populated\">\n\t\t\t\t\t\t<div class=\"elementor-element elementor-element-3cbea92 elementor-widget elementor-widget-text-editor\" data-id=\"3cbea92\" data-element_type=\"widget\" data-e-type=\"widget\" data-widget_type=\"text-editor.default\">\n\t\t\t\t<div class=\"elementor-widget-container\">\n\t\t\t\t\t\t\t\t\t<p><span style=\"color: var( --e-global-color-text ); font-size: 1rem; text-align: center;\">Zun\u00e4chst kommt es darauf an, f\u00fcr welchen Bereich Sie eine\u00a0<\/span><a href=\"https:\/\/rolladen-markisen.de\/dresden\/produkte\/sonnenschutz-fuer-den-aussenbereich\/fenster-und-fassadenmarkisen\/\" target=\"_blank\" rel=\"noopener\">Markise in Pirna\u00a0<\/a><span style=\"color: var( --e-global-color-text ); font-size: 1rem; text-align: center;\">brauchen. Man unterscheidet verschiedene Ausf\u00fchrungen und Bauweisen, perfekt abgestimmt auf den jeweiligen Einsatzbereich.<\/span><br \/><span style=\"color: var( --e-global-color-text ); font-size: 1rem; text-align: center;\">Markisenarten im \u00dcberblick: <\/span><\/p>\t\t\t\t\t\t\t\t<\/div>\n\t\t\t\t<\/div>\n\t\t\t\t\t<\/div>\n\t\t<\/div>\n\t\t\t\t\t<\/div>\n\t\t<\/section>\n\t\t\t\t<section class=\"elementor-section elementor-top-section elementor-element elementor-element-b7b2c15 elementor-section-boxed elementor-section-height-default elementor-section-height-default\" data-id=\"b7b2c15\" data-element_type=\"section\" data-e-type=\"section\" data-settings=\"{&quot;_ha_eqh_enable&quot;:false}\">\n\t\t\t\t\t\t<div class=\"elementor-container elementor-column-gap-default\">\n\t\t\t\t\t<div class=\"elementor-column elementor-col-100 elementor-top-column elementor-element elementor-element-58ead01\" data-id=\"58ead01\" data-element_type=\"column\" data-e-type=\"column\">\n\t\t\t<div class=\"elementor-widget-wrap elementor-element-populated\">\n\t\t\t\t\t\t<div class=\"elementor-element elementor-element-8e85770 elementor-icon-list--layout-traditional elementor-list-item-link-full_width elementor-widget elementor-widget-icon-list\" data-id=\"8e85770\" data-element_type=\"widget\" data-e-type=\"widget\" data-widget_type=\"icon-list.default\">\n\t\t\t\t<div class=\"elementor-widget-container\">\n\t\t\t\t\t\t\t<ul class=\"elementor-icon-list-items\">\n\t\t\t\t\t\t\t<li class=\"elementor-icon-list-item\">\n\t\t\t\t\t\t\t\t\t\t\t<span class=\"elementor-icon-list-icon\">\n\t\t\t\t\t\t\t<i aria-hidden=\"true\" class=\"fas fa-warehouse\"><\/i>\t\t\t\t\t\t<\/span>\n\t\t\t\t\t\t\t\t\t\t<span class=\"elementor-icon-list-text\">Gelenkarm- oder Kassettenmarkisen f\u00fcr Terrassen und Balkone <\/span>\n\t\t\t\t\t\t\t\t\t<\/li>\n\t\t\t\t\t\t\t\t<li class=\"elementor-icon-list-item\">\n\t\t\t\t\t\t\t\t\t\t\t<span class=\"elementor-icon-list-icon\">\n\t\t\t\t\t\t\t<i aria-hidden=\"true\" class=\"fas fa-warehouse\"><\/i>\t\t\t\t\t\t<\/span>\n\t\t\t\t\t\t\t\t\t\t<span class=\"elementor-icon-list-text\">Pergolamarkisen f\u00fcr die Terrasse oder zur freien Aufstellung im Garten<\/span>\n\t\t\t\t\t\t\t\t\t<\/li>\n\t\t\t\t\t\t\t\t<li class=\"elementor-icon-list-item\">\n\t\t\t\t\t\t\t\t\t\t\t<span class=\"elementor-icon-list-icon\">\n\t\t\t\t\t\t\t<i aria-hidden=\"true\" class=\"fas fa-warehouse\"><\/i>\t\t\t\t\t\t<\/span>\n\t\t\t\t\t\t\t\t\t\t<span class=\"elementor-icon-list-text\">Fassadenmarkisen f\u00fcr gro\u00dfe Fensterfl\u00e4chen, auch f\u00fcr schr\u00e4ge Fassaden geeignet<\/span>\n\t\t\t\t\t\t\t\t\t<\/li>\n\t\t\t\t\t\t\t\t<li class=\"elementor-icon-list-item\">\n\t\t\t\t\t\t\t\t\t\t\t<span class=\"elementor-icon-list-icon\">\n\t\t\t\t\t\t\t<i aria-hidden=\"true\" class=\"fas fa-warehouse\"><\/i>\t\t\t\t\t\t<\/span>\n\t\t\t\t\t\t\t\t\t\t<span class=\"elementor-icon-list-text\">Senkrechtmarkisen f\u00fcr gro\u00dfe Fensterfronten und senkrechte Fassaden, auch ideal f\u00fcr Winterg\u00e4rten <\/span>\n\t\t\t\t\t\t\t\t\t<\/li>\n\t\t\t\t\t\t\t\t<li class=\"elementor-icon-list-item\">\n\t\t\t\t\t\t\t\t\t\t\t<span class=\"elementor-icon-list-icon\">\n\t\t\t\t\t\t\t<i aria-hidden=\"true\" class=\"fas fa-warehouse\"><\/i>\t\t\t\t\t\t<\/span>\n\t\t\t\t\t\t\t\t\t\t<span class=\"elementor-icon-list-text\">Zip-Markisen f\u00fcr eine besonders elegante, moderne Fassadengestaltung und maximale Abdunkelung <\/span>\n\t\t\t\t\t\t\t\t\t<\/li>\n\t\t\t\t\t\t\t\t<li class=\"elementor-icon-list-item\">\n\t\t\t\t\t\t\t\t\t\t\t<span class=\"elementor-icon-list-icon\">\n\t\t\t\t\t\t\t<i aria-hidden=\"true\" class=\"fas fa-warehouse\"><\/i>\t\t\t\t\t\t<\/span>\n\t\t\t\t\t\t\t\t\t\t<span class=\"elementor-icon-list-text\">Fallarm-Markisen f\u00fcr Fenster und kleinere Fl\u00e4chen wie Balkone, Sonnenschutz mit freier Sicht<\/span>\n\t\t\t\t\t\t\t\t\t<\/li>\n\t\t\t\t\t\t\t\t<li class=\"elementor-icon-list-item\">\n\t\t\t\t\t\t\t\t\t\t\t<span class=\"elementor-icon-list-icon\">\n\t\t\t\t\t\t\t<i aria-hidden=\"true\" class=\"fas fa-warehouse\"><\/i>\t\t\t\t\t\t<\/span>\n\t\t\t\t\t\t\t\t\t\t<span class=\"elementor-icon-list-text\">Markisoletten mit ausstellbarem Teil, perfekte Verbindung von Schatten und Sichtschutz <\/span>\n\t\t\t\t\t\t\t\t\t<\/li>\n\t\t\t\t\t\t<\/ul>\n\t\t\t\t\t\t<\/div>\n\t\t\t\t<\/div>\n\t\t\t\t\t<\/div>\n\t\t<\/div>\n\t\t\t\t\t<\/div>\n\t\t<\/section>\n\t\t\t\t<section class=\"elementor-section elementor-top-section elementor-element elementor-element-898c4ab elementor-section-boxed elementor-section-height-default elementor-section-height-default\" data-id=\"898c4ab\" data-element_type=\"section\" data-e-type=\"section\" data-settings=\"{&quot;_ha_eqh_enable&quot;:false}\">\n\t\t\t\t\t\t<div class=\"elementor-container elementor-column-gap-default\">\n\t\t\t\t\t<div class=\"elementor-column elementor-col-100 elementor-top-column elementor-element elementor-element-9e9ee79\" data-id=\"9e9ee79\" data-element_type=\"column\" data-e-type=\"column\">\n\t\t\t<div class=\"elementor-widget-wrap elementor-element-populated\">\n\t\t\t\t\t\t<div class=\"elementor-element elementor-element-39da2c5 elementor-widget elementor-widget-text-editor\" data-id=\"39da2c5\" data-element_type=\"widget\" data-e-type=\"widget\" data-widget_type=\"text-editor.default\">\n\t\t\t\t<div class=\"elementor-widget-container\">\n\t\t\t\t\t\t\t\t\t<p><span style=\"color: var( --e-global-color-text ); font-size: 1rem; text-align: center;\">Wir bieten Ihnen eine <b>umfassende Beratung<\/b>, damit die Wahl der richtigen Markisen in Pirna gelingt. F\u00fcr das private Eigenheim f\u00fchren wir ebenso die passenden Markisen in Pirna wie f\u00fcr den gewerblichen Bereich. Durch die Zusammenarbeit mit dem renommierten Markisenhersteller WAREMA sind wir in der Lage, Ihnen f\u00fcr jeden Verwendungszweck die <b>optimalen Markisen<\/b> anzubieten. <\/span><\/p>\t\t\t\t\t\t\t\t<\/div>\n\t\t\t\t<\/div>\n\t\t\t\t\t<\/div>\n\t\t<\/div>\n\t\t\t\t\t<\/div>\n\t\t<\/section>\n\t\t\t\t<section class=\"elementor-section elementor-top-section elementor-element elementor-element-2d06557 elementor-section-boxed elementor-section-height-default elementor-section-height-default\" data-id=\"2d06557\" data-element_type=\"section\" data-e-type=\"section\" data-settings=\"{&quot;_ha_eqh_enable&quot;:false}\">\n\t\t\t\t\t\t<div class=\"elementor-container elementor-column-gap-default\">\n\t\t\t\t\t<div class=\"elementor-column elementor-col-100 elementor-top-column elementor-element elementor-element-fc61f32\" data-id=\"fc61f32\" data-element_type=\"column\" data-e-type=\"column\">\n\t\t\t<div class=\"elementor-widget-wrap elementor-element-populated\">\n\t\t\t\t\t\t<div class=\"elementor-element elementor-element-4a17642 elementor-widget elementor-widget-heading\" data-id=\"4a17642\" data-element_type=\"widget\" data-e-type=\"widget\" data-widget_type=\"heading.default\">\n\t\t\t\t<div class=\"elementor-widget-container\">\n\t\t\t\t\t<h2 class=\"elementor-heading-title elementor-size-default\"><br><span style=\"color: var( --e-global-color-primary );, sans-serif\">Von der Planung bis zur Montage: Ihr kompetenter Partner rund um Markisen f\u00fcr Pirna<\/span><\/h2>\t\t\t\t<\/div>\n\t\t\t\t<\/div>\n\t\t\t\t\t<\/div>\n\t\t<\/div>\n\t\t\t\t\t<\/div>\n\t\t<\/section>\n\t\t\t\t<section class=\"elementor-section elementor-top-section elementor-element elementor-element-ded2282 elementor-section-boxed elementor-section-height-default elementor-section-height-default\" data-id=\"ded2282\" data-element_type=\"section\" data-e-type=\"section\" data-settings=\"{&quot;_ha_eqh_enable&quot;:false}\">\n\t\t\t\t\t\t<div class=\"elementor-container elementor-column-gap-default\">\n\t\t\t\t\t<div class=\"elementor-column elementor-col-100 elementor-top-column elementor-element elementor-element-8b2ce58\" data-id=\"8b2ce58\" data-element_type=\"column\" data-e-type=\"column\">\n\t\t\t<div class=\"elementor-widget-wrap elementor-element-populated\">\n\t\t\t\t\t\t<div class=\"elementor-element elementor-element-e7c4b23 elementor-widget elementor-widget-text-editor\" data-id=\"e7c4b23\" data-element_type=\"widget\" data-e-type=\"widget\" data-widget_type=\"text-editor.default\">\n\t\t\t\t<div class=\"elementor-widget-container\">\n\t\t\t\t\t\t\t\t\t<p>Am Anfang steht eine <b>ausf\u00fchrliche Beratung<\/b>. Sie nennen uns Ihre Vorstellungen, wir unterbreiten Ihnen passende Vorschl\u00e4ge. Steht eine vern\u00fcnftige Beschattung f\u00fcr den Au\u00dfenbereich im Vordergrund, damit Sie sich auch im Hochsommer unbeschwert auf der Terrasse oder dem Balkon aufhalten k\u00f6nnen? Markisen f\u00fcr Terrassen und Balkone bieten zugleich einen recht effizienten Regenschutz. Ein <b>wetterfestes, wasserdichtes Markisentuch<\/b> h\u00e4lt einen Regenschauer gut ab. So k\u00f6nnen Sie den Aufenthalt im Freien auch bei Regen genie\u00dfen.<\/p>\t\t\t\t\t\t\t\t<\/div>\n\t\t\t\t<\/div>\n\t\t\t\t\t<\/div>\n\t\t<\/div>\n\t\t\t\t\t<\/div>\n\t\t<\/section>\n\t\t\t\t<section class=\"elementor-section elementor-top-section elementor-element elementor-element-d56b0dd elementor-section-boxed elementor-section-height-default elementor-section-height-default\" data-id=\"d56b0dd\" data-element_type=\"section\" data-e-type=\"section\" data-settings=\"{&quot;_ha_eqh_enable&quot;:false}\">\n\t\t\t\t\t\t<div class=\"elementor-container elementor-column-gap-default\">\n\t\t\t\t\t<div class=\"elementor-column elementor-col-100 elementor-top-column elementor-element elementor-element-97580bf\" data-id=\"97580bf\" data-element_type=\"column\" data-e-type=\"column\">\n\t\t\t<div class=\"elementor-widget-wrap elementor-element-populated\">\n\t\t\t\t\t\t<div class=\"elementor-element elementor-element-0745748 elementor-widget elementor-widget-heading\" data-id=\"0745748\" data-element_type=\"widget\" data-e-type=\"widget\" data-widget_type=\"heading.default\">\n\t\t\t\t<div class=\"elementor-widget-container\">\n\t\t\t\t\t<h2 class=\"elementor-heading-title elementor-size-default\"><span style=\"color: var( --e-global-color-primary );, sans-serif\">Gelenkarm- und Kassettenmarkisen <\/h2>\t\t\t\t<\/div>\n\t\t\t\t<\/div>\n\t\t\t\t\t<\/div>\n\t\t<\/div>\n\t\t\t\t\t<\/div>\n\t\t<\/section>\n\t\t\t\t<section class=\"elementor-section elementor-top-section elementor-element elementor-element-da2f49a elementor-section-boxed elementor-section-height-default elementor-section-height-default\" data-id=\"da2f49a\" data-element_type=\"section\" data-e-type=\"section\" data-settings=\"{&quot;_ha_eqh_enable&quot;:false}\">\n\t\t\t\t\t\t<div class=\"elementor-container elementor-column-gap-default\">\n\t\t\t\t\t<div class=\"elementor-column elementor-col-50 elementor-top-column elementor-element elementor-element-994e936\" data-id=\"994e936\" data-element_type=\"column\" data-e-type=\"column\">\n\t\t\t<div class=\"elementor-widget-wrap elementor-element-populated\">\n\t\t\t\t\t\t<div class=\"elementor-element elementor-element-114393a elementor-widget elementor-widget-text-editor\" data-id=\"114393a\" data-element_type=\"widget\" data-e-type=\"widget\" data-widget_type=\"text-editor.default\">\n\t\t\t\t<div class=\"elementor-widget-container\">\n\t\t\t\t\t\t\t\t\t<p>Ob Sie sich f\u00fcr eine <b>Gelenkarm- oder Kassettenmarkise<\/b> entscheiden, h\u00e4ngt von den baulichen Gegebenheiten ab. Die Gelenkarm-Markise ist eine<b> g\u00fcnstige<\/b>, aber dennoch <b>leistungsstarke Variante<\/b>. Sie eignet sich gut, wenn die Markise in einer gesch\u00fctzten Lage angebracht wird, zum Beispiel unter einem Mauervorsprung oder unter einem dar\u00fcber liegenden Balkon. Bei einer Halb- oder Vollkassetten-Markise befinden sich das Markisentuch und das Gest\u00e4nge dagegen gesch\u00fctzt innerhalb der Kassette, wenn die Markise eingefahren ist.<\/p>\t\t\t\t\t\t\t\t<\/div>\n\t\t\t\t<\/div>\n\t\t\t\t\t<\/div>\n\t\t<\/div>\n\t\t\t\t<div class=\"elementor-column elementor-col-50 elementor-top-column elementor-element elementor-element-7e786f6\" data-id=\"7e786f6\" data-element_type=\"column\" data-e-type=\"column\">\n\t\t\t<div class=\"elementor-widget-wrap elementor-element-populated\">\n\t\t\t\t\t\t<div class=\"elementor-element elementor-element-666b453 elementor-widget elementor-widget-image\" data-id=\"666b453\" data-element_type=\"widget\" data-e-type=\"widget\" data-widget_type=\"image.default\">\n\t\t\t\t<div class=\"elementor-widget-container\">\n\t\t\t\t\t\t\t\t\t\t\t\t\t\t\t<img fetchpriority=\"high\" decoding=\"async\" width=\"800\" height=\"534\" src=\"https:\/\/rolladen-markisen.de\/dresden\/wp-content\/uploads\/2023\/04\/terrassenueberdachung-pirna-1024x683.jpg\" class=\"attachment-large size-large wp-image-1481\" alt=\"\" srcset=\"https:\/\/rolladen-markisen.de\/dresden\/wp-content\/uploads\/2023\/04\/terrassenueberdachung-pirna-1024x683.jpg 1024w, https:\/\/rolladen-markisen.de\/dresden\/wp-content\/uploads\/2023\/04\/terrassenueberdachung-pirna-300x200.jpg 300w, https:\/\/rolladen-markisen.de\/dresden\/wp-content\/uploads\/2023\/04\/terrassenueberdachung-pirna-768x512.jpg 768w, https:\/\/rolladen-markisen.de\/dresden\/wp-content\/uploads\/2023\/04\/terrassenueberdachung-pirna-1536x1024.jpg 1536w, https:\/\/rolladen-markisen.de\/dresden\/wp-content\/uploads\/2023\/04\/terrassenueberdachung-pirna-2048x1365.jpg 2048w\" sizes=\"(max-width: 800px) 100vw, 800px\" \/>\t\t\t\t\t\t\t\t\t\t\t\t\t\t\t<\/div>\n\t\t\t\t<\/div>\n\t\t\t\t\t<\/div>\n\t\t<\/div>\n\t\t\t\t\t<\/div>\n\t\t<\/section>\n\t\t\t\t<section class=\"elementor-section elementor-top-section elementor-element elementor-element-4438af6 elementor-section-boxed elementor-section-height-default elementor-section-height-default\" data-id=\"4438af6\" data-element_type=\"section\" data-e-type=\"section\" data-settings=\"{&quot;_ha_eqh_enable&quot;:false}\">\n\t\t\t\t\t\t<div class=\"elementor-container elementor-column-gap-default\">\n\t\t\t\t\t<div class=\"elementor-column elementor-col-100 elementor-top-column elementor-element elementor-element-dfe73ec\" data-id=\"dfe73ec\" data-element_type=\"column\" data-e-type=\"column\">\n\t\t\t<div class=\"elementor-widget-wrap elementor-element-populated\">\n\t\t\t\t\t\t<div class=\"elementor-element elementor-element-8a42df4 elementor-widget elementor-widget-heading\" data-id=\"8a42df4\" data-element_type=\"widget\" data-e-type=\"widget\" data-widget_type=\"heading.default\">\n\t\t\t\t<div class=\"elementor-widget-container\">\n\t\t\t\t\t<h2 class=\"elementor-heading-title elementor-size-default\"><span style=\"color: var( --e-global-color-primary );, sans-serif\">Pergola-Markisen<\/h2>\t\t\t\t<\/div>\n\t\t\t\t<\/div>\n\t\t\t\t\t<\/div>\n\t\t<\/div>\n\t\t\t\t\t<\/div>\n\t\t<\/section>\n\t\t\t\t<section class=\"elementor-section elementor-top-section elementor-element elementor-element-8f2be0a elementor-section-boxed elementor-section-height-default elementor-section-height-default\" data-id=\"8f2be0a\" data-element_type=\"section\" data-e-type=\"section\" data-settings=\"{&quot;_ha_eqh_enable&quot;:false}\">\n\t\t\t\t\t\t<div class=\"elementor-container elementor-column-gap-default\">\n\t\t\t\t\t<div class=\"elementor-column elementor-col-50 elementor-top-column elementor-element elementor-element-e8f0b85\" data-id=\"e8f0b85\" data-element_type=\"column\" data-e-type=\"column\">\n\t\t\t<div class=\"elementor-widget-wrap elementor-element-populated\">\n\t\t\t\t\t\t<div class=\"elementor-element elementor-element-4a4dd62 elementor-widget elementor-widget-text-editor\" data-id=\"4a4dd62\" data-element_type=\"widget\" data-e-type=\"widget\" data-widget_type=\"text-editor.default\">\n\t\t\t\t<div class=\"elementor-widget-container\">\n\t\t\t\t\t\t\t\t\t<p>Eine <b>Pergola-Markise<\/b> kann die<b> ideale L\u00f6sung <\/b>sein, wenn Sie sich eine besonders<b> windstabile Markise<\/b> w\u00fcnschen, die zugleich mit einer leichten, <b>mediterranen Optik <\/b>beeindruckt. Dieser Markisentyp verf\u00fcgt \u00fcber zus\u00e4tzliche St\u00fctzpfeiler, die f\u00fcr eine besonders <b>hohe Stabilit\u00e4t<\/b> sorgen. Ein weiteres Merkmal: Pergola-Markisen k\u00f6nnen auch frei im Garten aufgestellt werden &#8211; toll zum Beispiel als Verschattung \u00fcber dem Spielbereich Ihrer Kinder oder als schattenspendendes Gestaltungselement f\u00fcr einen Sitzplatz im Gr\u00fcnen.<\/p>\t\t\t\t\t\t\t\t<\/div>\n\t\t\t\t<\/div>\n\t\t\t\t\t<\/div>\n\t\t<\/div>\n\t\t\t\t<div class=\"elementor-column elementor-col-50 elementor-top-column elementor-element elementor-element-deed5ee\" data-id=\"deed5ee\" data-element_type=\"column\" data-e-type=\"column\">\n\t\t\t<div class=\"elementor-widget-wrap elementor-element-populated\">\n\t\t\t\t\t\t<div class=\"elementor-element elementor-element-23683c8 elementor-widget elementor-widget-image\" data-id=\"23683c8\" data-element_type=\"widget\" data-e-type=\"widget\" data-widget_type=\"image.default\">\n\t\t\t\t<div class=\"elementor-widget-container\">\n\t\t\t\t\t\t\t\t\t\t\t\t\t\t\t<img decoding=\"async\" width=\"400\" height=\"400\" src=\"https:\/\/rolladen-markisen.de\/dresden\/wp-content\/uploads\/2023\/04\/pergola2.jpg\" class=\"attachment-large size-large wp-image-1430\" alt=\"\" srcset=\"https:\/\/rolladen-markisen.de\/dresden\/wp-content\/uploads\/2023\/04\/pergola2.jpg 400w, https:\/\/rolladen-markisen.de\/dresden\/wp-content\/uploads\/2023\/04\/pergola2-300x300.jpg 300w, https:\/\/rolladen-markisen.de\/dresden\/wp-content\/uploads\/2023\/04\/pergola2-150x150.jpg 150w\" sizes=\"(max-width: 400px) 100vw, 400px\" \/>\t\t\t\t\t\t\t\t\t\t\t\t\t\t\t<\/div>\n\t\t\t\t<\/div>\n\t\t\t\t\t<\/div>\n\t\t<\/div>\n\t\t\t\t\t<\/div>\n\t\t<\/section>\n\t\t\t\t<section class=\"elementor-section elementor-top-section elementor-element elementor-element-e4fb853 elementor-section-boxed elementor-section-height-default elementor-section-height-default\" data-id=\"e4fb853\" data-element_type=\"section\" data-e-type=\"section\" data-settings=\"{&quot;_ha_eqh_enable&quot;:false}\">\n\t\t\t\t\t\t<div class=\"elementor-container elementor-column-gap-default\">\n\t\t\t\t\t<div class=\"elementor-column elementor-col-100 elementor-top-column elementor-element elementor-element-3a4434e\" data-id=\"3a4434e\" data-element_type=\"column\" data-e-type=\"column\">\n\t\t\t<div class=\"elementor-widget-wrap elementor-element-populated\">\n\t\t\t\t\t\t<div class=\"elementor-element elementor-element-7059796 elementor-widget elementor-widget-heading\" data-id=\"7059796\" data-element_type=\"widget\" data-e-type=\"widget\" data-widget_type=\"heading.default\">\n\t\t\t\t<div class=\"elementor-widget-container\">\n\t\t\t\t\t<h2 class=\"elementor-heading-title elementor-size-default\"><span style=\"color: var( --e-global-color-primary );, sans-serif\">Zip- und Senkrechtmarkisen<\/h2>\t\t\t\t<\/div>\n\t\t\t\t<\/div>\n\t\t\t\t\t<\/div>\n\t\t<\/div>\n\t\t\t\t\t<\/div>\n\t\t<\/section>\n\t\t\t\t<section class=\"elementor-section elementor-top-section elementor-element elementor-element-d3f5238 elementor-section-boxed elementor-section-height-default elementor-section-height-default\" data-id=\"d3f5238\" data-element_type=\"section\" data-e-type=\"section\" data-settings=\"{&quot;_ha_eqh_enable&quot;:false}\">\n\t\t\t\t\t\t<div class=\"elementor-container elementor-column-gap-default\">\n\t\t\t\t\t<div class=\"elementor-column elementor-col-50 elementor-top-column elementor-element elementor-element-c45dba6\" data-id=\"c45dba6\" data-element_type=\"column\" data-e-type=\"column\">\n\t\t\t<div class=\"elementor-widget-wrap elementor-element-populated\">\n\t\t\t\t\t\t<div class=\"elementor-element elementor-element-a59f9d9 elementor-widget elementor-widget-text-editor\" data-id=\"a59f9d9\" data-element_type=\"widget\" data-e-type=\"widget\" data-widget_type=\"text-editor.default\">\n\t\t\t\t<div class=\"elementor-widget-container\">\n\t\t\t\t\t\t\t\t\t<p>Die innovativen <b>Zip-Markisen <\/b>eignen sich hervorragend f\u00fcr Geb\u00e4ude mit einer modernen Architektur. F\u00fcr eine hochwertige Fassadengestaltung sind Zip-Markisen ein echtes Highlight. Die Zip-Technologie und die <b>exakte Anpassung an die Fensterrahmung<\/b> erzielen eine <b>maximale Abdunkelung<\/b>.<\/p><p>Weitere Markisen, die im Au\u00dfenbereich zum Einsatz kommen, sind die bew\u00e4hrten <b>Senkrecht-Markisen<\/b>. Sie eignen sich ebenfalls ausgezeichnet zum Verschatten und Abdunkeln. Senkrechte Markisen sind in Pirna beispielsweise sehr beliebt, wenn Sie einen <b>effizienten Sonnenschutz<\/b> f\u00fcr gro\u00dfe Fensterfl\u00e4chen suchen. Im Wintergarten sorgen Senkrecht-Markisen f\u00fcr ein angenehmes Klima, wenn die Sonneneinstrahlung wirkungsvoll abgehalten werden soll. Selbstverst\u00e4ndlich zeigen wir Ihnen auch passende au\u00dfen oder innen liegende Markisen, mit denen Sie das Glasdach des Wintergartens ausstatten k\u00f6nnen.<\/p>\t\t\t\t\t\t\t\t<\/div>\n\t\t\t\t<\/div>\n\t\t\t\t\t<\/div>\n\t\t<\/div>\n\t\t\t\t<div class=\"elementor-column elementor-col-50 elementor-top-column elementor-element elementor-element-b8f833b\" data-id=\"b8f833b\" data-element_type=\"column\" data-e-type=\"column\">\n\t\t\t<div class=\"elementor-widget-wrap elementor-element-populated\">\n\t\t\t\t\t\t<div class=\"elementor-element elementor-element-97142ba elementor-widget elementor-widget-image\" data-id=\"97142ba\" data-element_type=\"widget\" data-e-type=\"widget\" data-widget_type=\"image.default\">\n\t\t\t\t<div class=\"elementor-widget-container\">\n\t\t\t\t\t\t\t\t\t\t\t\t\t\t\t<img decoding=\"async\" width=\"800\" height=\"550\" src=\"https:\/\/rolladen-markisen.de\/dresden\/wp-content\/uploads\/2023\/04\/zipmarkise-pirna-1024x704.jpg\" class=\"attachment-large size-large wp-image-1484\" alt=\"\" srcset=\"https:\/\/rolladen-markisen.de\/dresden\/wp-content\/uploads\/2023\/04\/zipmarkise-pirna-1024x704.jpg 1024w, https:\/\/rolladen-markisen.de\/dresden\/wp-content\/uploads\/2023\/04\/zipmarkise-pirna-300x206.jpg 300w, https:\/\/rolladen-markisen.de\/dresden\/wp-content\/uploads\/2023\/04\/zipmarkise-pirna-768x528.jpg 768w, https:\/\/rolladen-markisen.de\/dresden\/wp-content\/uploads\/2023\/04\/zipmarkise-pirna-1536x1056.jpg 1536w, https:\/\/rolladen-markisen.de\/dresden\/wp-content\/uploads\/2023\/04\/zipmarkise-pirna-2048x1408.jpg 2048w\" sizes=\"(max-width: 800px) 100vw, 800px\" \/>\t\t\t\t\t\t\t\t\t\t\t\t\t\t\t<\/div>\n\t\t\t\t<\/div>\n\t\t\t\t\t<\/div>\n\t\t<\/div>\n\t\t\t\t\t<\/div>\n\t\t<\/section>\n\t\t\t\t<section class=\"elementor-section elementor-top-section elementor-element elementor-element-bee4071 elementor-section-boxed elementor-section-height-default elementor-section-height-default\" data-id=\"bee4071\" data-element_type=\"section\" data-e-type=\"section\" data-settings=\"{&quot;_ha_eqh_enable&quot;:false}\">\n\t\t\t\t\t\t<div class=\"elementor-container elementor-column-gap-default\">\n\t\t\t\t\t<div class=\"elementor-column elementor-col-100 elementor-top-column elementor-element elementor-element-e4c97d6\" data-id=\"e4c97d6\" data-element_type=\"column\" data-e-type=\"column\">\n\t\t\t<div class=\"elementor-widget-wrap elementor-element-populated\">\n\t\t\t\t\t\t<div class=\"elementor-element elementor-element-bcd738d elementor-widget elementor-widget-heading\" data-id=\"bcd738d\" data-element_type=\"widget\" data-e-type=\"widget\" data-widget_type=\"heading.default\">\n\t\t\t\t<div class=\"elementor-widget-container\">\n\t\t\t\t\t<h2 class=\"elementor-heading-title elementor-size-default\"><span style=\"color: var( --e-global-color-primary );, sans-serif\">Fallarm-Markisen und Markisoletten<\/h2>\t\t\t\t<\/div>\n\t\t\t\t<\/div>\n\t\t\t\t\t<\/div>\n\t\t<\/div>\n\t\t\t\t\t<\/div>\n\t\t<\/section>\n\t\t\t\t<section class=\"elementor-section elementor-top-section elementor-element elementor-element-ed785de elementor-section-boxed elementor-section-height-default elementor-section-height-default\" data-id=\"ed785de\" data-element_type=\"section\" data-e-type=\"section\" data-settings=\"{&quot;_ha_eqh_enable&quot;:false}\">\n\t\t\t\t\t\t<div class=\"elementor-container elementor-column-gap-default\">\n\t\t\t\t\t<div class=\"elementor-column elementor-col-50 elementor-top-column elementor-element elementor-element-bc423e3\" data-id=\"bc423e3\" data-element_type=\"column\" data-e-type=\"column\">\n\t\t\t<div class=\"elementor-widget-wrap elementor-element-populated\">\n\t\t\t\t\t\t<div class=\"elementor-element elementor-element-2f94364 elementor-widget elementor-widget-text-editor\" data-id=\"2f94364\" data-element_type=\"widget\" data-e-type=\"widget\" data-widget_type=\"text-editor.default\">\n\t\t\t\t<div class=\"elementor-widget-container\">\n\t\t\t\t\t\t\t\t\t<p><b>Sichtschutz und Sonnenschutz <\/b>f\u00fcr Fenster, <b>individuell nach Bedarf<\/b>: Daf\u00fcr sind Fallarm-Markisen und Markisoletten sehr gut geeignet. Steuern Sie den Lichteinfall, indem Sie Fallarm-Markisen im unteren Bereich offen lassen oder bei Markisoletten den unteren Teil im gew\u00fcnschten Winkel nach au\u00dfen stellen.<\/p>\t\t\t\t\t\t\t\t<\/div>\n\t\t\t\t<\/div>\n\t\t\t\t\t<\/div>\n\t\t<\/div>\n\t\t\t\t<div class=\"elementor-column elementor-col-50 elementor-top-column elementor-element elementor-element-ec16ee6\" data-id=\"ec16ee6\" data-element_type=\"column\" data-e-type=\"column\">\n\t\t\t<div class=\"elementor-widget-wrap elementor-element-populated\">\n\t\t\t\t\t\t<div class=\"elementor-element elementor-element-ea1a6de elementor-widget elementor-widget-image\" data-id=\"ea1a6de\" data-element_type=\"widget\" data-e-type=\"widget\" data-widget_type=\"image.default\">\n\t\t\t\t<div class=\"elementor-widget-container\">\n\t\t\t\t\t\t\t\t\t\t\t\t\t\t\t<img loading=\"lazy\" decoding=\"async\" width=\"800\" height=\"616\" src=\"https:\/\/rolladen-markisen.de\/dresden\/wp-content\/uploads\/2023\/04\/fallarmmarkise-radebeul-2-1024x788.jpg\" class=\"attachment-large size-large wp-image-1476\" alt=\"\" srcset=\"https:\/\/rolladen-markisen.de\/dresden\/wp-content\/uploads\/2023\/04\/fallarmmarkise-radebeul-2-1024x788.jpg 1024w, https:\/\/rolladen-markisen.de\/dresden\/wp-content\/uploads\/2023\/04\/fallarmmarkise-radebeul-2-300x231.jpg 300w, https:\/\/rolladen-markisen.de\/dresden\/wp-content\/uploads\/2023\/04\/fallarmmarkise-radebeul-2-768x591.jpg 768w, https:\/\/rolladen-markisen.de\/dresden\/wp-content\/uploads\/2023\/04\/fallarmmarkise-radebeul-2.jpg 1500w\" sizes=\"(max-width: 800px) 100vw, 800px\" \/>\t\t\t\t\t\t\t\t\t\t\t\t\t\t\t<\/div>\n\t\t\t\t<\/div>\n\t\t\t\t\t<\/div>\n\t\t<\/div>\n\t\t\t\t\t<\/div>\n\t\t<\/section>\n\t\t\t\t<section class=\"elementor-section elementor-top-section elementor-element elementor-element-a84849b elementor-section-boxed elementor-section-height-default elementor-section-height-default\" data-id=\"a84849b\" data-element_type=\"section\" data-e-type=\"section\" data-settings=\"{&quot;_ha_eqh_enable&quot;:false}\">\n\t\t\t\t\t\t<div class=\"elementor-container elementor-column-gap-default\">\n\t\t\t\t\t<div class=\"elementor-column elementor-col-100 elementor-top-column elementor-element elementor-element-9655998\" data-id=\"9655998\" data-element_type=\"column\" data-e-type=\"column\">\n\t\t\t<div class=\"elementor-widget-wrap elementor-element-populated\">\n\t\t\t\t\t\t<div class=\"elementor-element elementor-element-a613682 elementor-widget elementor-widget-text-editor\" data-id=\"a613682\" data-element_type=\"widget\" data-e-type=\"widget\" data-widget_type=\"text-editor.default\">\n\t\t\t\t<div class=\"elementor-widget-container\">\n\t\t\t\t\t\t\t\t\t<p>Wenn wir gemeinsam die idealen Markisen f\u00fcr Pirna festgelegt haben, k\u00fcmmern wir uns um das Aufma\u00df. Unsere Markisen erhalten Sie in <b>Standardma\u00dfen<\/b>, aber <b>auch als Ma\u00dfanfertigung<\/b>. Wir \u00fcbernehmen die <b>fachgerechte Montage<\/b>, sodass Sie sich schon bald \u00fcber den <b>hochwertigen und langlebigen Sonnenschutz<\/b> freuen k\u00f6nnen.<\/p>\t\t\t\t\t\t\t\t<\/div>\n\t\t\t\t<\/div>\n\t\t\t\t\t<\/div>\n\t\t<\/div>\n\t\t\t\t\t<\/div>\n\t\t<\/section>\n\t\t\t\t<section class=\"elementor-section elementor-top-section elementor-element elementor-element-428e52b elementor-section-boxed elementor-section-height-default elementor-section-height-default\" data-id=\"428e52b\" data-element_type=\"section\" data-e-type=\"section\" data-settings=\"{&quot;_ha_eqh_enable&quot;:false}\">\n\t\t\t\t\t\t<div class=\"elementor-container elementor-column-gap-default\">\n\t\t\t\t\t<div class=\"elementor-column elementor-col-100 elementor-top-column elementor-element elementor-element-b61ef38\" data-id=\"b61ef38\" data-element_type=\"column\" data-e-type=\"column\">\n\t\t\t<div class=\"elementor-widget-wrap elementor-element-populated\">\n\t\t\t\t\t\t<div class=\"elementor-element elementor-element-d5a9a49 elementor-widget elementor-widget-heading\" data-id=\"d5a9a49\" data-element_type=\"widget\" data-e-type=\"widget\" data-widget_type=\"heading.default\">\n\t\t\t\t<div class=\"elementor-widget-container\">\n\t\t\t\t\t<h2 class=\"elementor-heading-title elementor-size-default\"><br><span style=\"color: var( --e-global-color-primary );, sans-serif\">Moderne Designs, individuelle Gestaltung und zeitgem\u00e4\u00dfer Komfort <\/span><\/h2>\t\t\t\t<\/div>\n\t\t\t\t<\/div>\n\t\t\t\t\t<\/div>\n\t\t<\/div>\n\t\t\t\t\t<\/div>\n\t\t<\/section>\n\t\t\t\t<section class=\"elementor-section elementor-top-section elementor-element elementor-element-01f1d56 elementor-section-boxed elementor-section-height-default elementor-section-height-default\" data-id=\"01f1d56\" data-element_type=\"section\" data-e-type=\"section\" data-settings=\"{&quot;_ha_eqh_enable&quot;:false}\">\n\t\t\t\t\t\t<div class=\"elementor-container elementor-column-gap-default\">\n\t\t\t\t\t<div class=\"elementor-column elementor-col-100 elementor-top-column elementor-element elementor-element-8696dc2\" data-id=\"8696dc2\" data-element_type=\"column\" data-e-type=\"column\">\n\t\t\t<div class=\"elementor-widget-wrap elementor-element-populated\">\n\t\t\t\t\t\t<div class=\"elementor-element elementor-element-3347034 elementor-widget elementor-widget-text-editor\" data-id=\"3347034\" data-element_type=\"widget\" data-e-type=\"widget\" data-widget_type=\"text-editor.default\">\n\t\t\t\t<div class=\"elementor-widget-container\">\n\t\t\t\t\t\t\t\t\t<p>Ihre neuen Markisen in Pirna k\u00f6nnen Sie individuell an das Erscheinungsbild Ihres Hauses anpassen. Gest\u00e4nge und Markisentuch sind in <b>diversen Farben<\/b> erh\u00e4ltlich. Wir bieten Ihnen des Weiteren ein <b>breites Sortiment an Zubeh\u00f6r<\/b>. Die Terrasse wird mit einer Markise, Beleuchtung und Heizstrahlern zu einem nahezu ganzj\u00e4hrig nutzbaren Wohlf\u00fchlort. Auch f\u00fcr eine <b>komfortable Handhabung<\/b> finden Sie bei uns die\u00a0<a href=\"https:\/\/rolladen-markisen.de\/dresden\/produkte\/steuerungssysteme\/\" target=\"_blank\" rel=\"noopener\">perfekte Erg\u00e4nzung<\/a>: WAREMA-Markisen bekommen Sie mit einem Motor-Antrieb, auf Wunsch mit Fernbedienung oder angebunden an eine smarte Haustechnik.<\/p><p>Wir freuen uns auf Ihre\u00a0<a href=\"https:\/\/rolladen-markisen.de\/dresden\/anfrage\/\" target=\"_blank\" rel=\"noopener\">Kontaktaufnahme<\/a>!\u00a0<a href=\"https:\/\/rolladen-markisen.de\/dresden\/ansprechpartner\/\" target=\"_blank\" rel=\"noopener\">Unsere Experten<\/a>\u00a0beraten Sie beim Kauf der Markisen in Pirna und sorgen bis zur Endmontage f\u00fcr einen reibungslosen Ablauf!<\/p>\t\t\t\t\t\t\t\t<\/div>\n\t\t\t\t<\/div>\n\t\t\t\t\t<\/div>\n\t\t<\/div>\n\t\t\t\t\t<\/div>\n\t\t<\/section>\n\t\t\t\t<section class=\"elementor-section elementor-top-section elementor-element elementor-element-2510191 elementor-section-boxed elementor-section-height-default elementor-section-height-default\" data-id=\"2510191\" data-element_type=\"section\" data-e-type=\"section\" data-settings=\"{&quot;_ha_eqh_enable&quot;:false}\">\n\t\t\t\t\t\t<div class=\"elementor-container elementor-column-gap-default\">\n\t\t\t\t\t<div class=\"elementor-column elementor-col-33 elementor-top-column elementor-element elementor-element-6a06bbb\" data-id=\"6a06bbb\" data-element_type=\"column\" data-e-type=\"column\">\n\t\t\t<div class=\"elementor-widget-wrap elementor-element-populated\">\n\t\t\t\t\t\t<div class=\"elementor-element elementor-element-ee6915f elementor-widget elementor-widget-image\" data-id=\"ee6915f\" data-element_type=\"widget\" data-e-type=\"widget\" data-widget_type=\"image.default\">\n\t\t\t\t<div class=\"elementor-widget-container\">\n\t\t\t\t\t\t\t\t\t\t\t\t\t\t\t<img loading=\"lazy\" decoding=\"async\" width=\"800\" height=\"806\" src=\"https:\/\/rolladen-markisen.de\/dresden\/wp-content\/uploads\/2023\/04\/senkrechtmarkise-1016x1024.jpg\" class=\"attachment-large size-large wp-image-1431\" alt=\"\" srcset=\"https:\/\/rolladen-markisen.de\/dresden\/wp-content\/uploads\/2023\/04\/senkrechtmarkise-1016x1024.jpg 1016w, https:\/\/rolladen-markisen.de\/dresden\/wp-content\/uploads\/2023\/04\/senkrechtmarkise-298x300.jpg 298w, https:\/\/rolladen-markisen.de\/dresden\/wp-content\/uploads\/2023\/04\/senkrechtmarkise-150x150.jpg 150w, https:\/\/rolladen-markisen.de\/dresden\/wp-content\/uploads\/2023\/04\/senkrechtmarkise-768x774.jpg 768w, https:\/\/rolladen-markisen.de\/dresden\/wp-content\/uploads\/2023\/04\/senkrechtmarkise-1523x1536.jpg 1523w, https:\/\/rolladen-markisen.de\/dresden\/wp-content\/uploads\/2023\/04\/senkrechtmarkise-2031x2048.jpg 2031w\" sizes=\"(max-width: 800px) 100vw, 800px\" \/>\t\t\t\t\t\t\t\t\t\t\t\t\t\t\t<\/div>\n\t\t\t\t<\/div>\n\t\t\t\t\t<\/div>\n\t\t<\/div>\n\t\t\t\t<div class=\"elementor-column elementor-col-33 elementor-top-column elementor-element elementor-element-39f5b9c\" data-id=\"39f5b9c\" data-element_type=\"column\" data-e-type=\"column\">\n\t\t\t<div class=\"elementor-widget-wrap elementor-element-populated\">\n\t\t\t\t\t\t<div class=\"elementor-element elementor-element-9bda5e1 elementor-widget elementor-widget-image\" data-id=\"9bda5e1\" data-element_type=\"widget\" data-e-type=\"widget\" data-widget_type=\"image.default\">\n\t\t\t\t<div class=\"elementor-widget-container\">\n\t\t\t\t\t\t\t\t\t\t\t\t\t\t\t<img loading=\"lazy\" decoding=\"async\" width=\"400\" height=\"400\" src=\"https:\/\/rolladen-markisen.de\/dresden\/wp-content\/uploads\/2023\/04\/seitenmarkise-radebeul.webp\" class=\"attachment-large size-large wp-image-1468\" alt=\"\" srcset=\"https:\/\/rolladen-markisen.de\/dresden\/wp-content\/uploads\/2023\/04\/seitenmarkise-radebeul.webp 400w, https:\/\/rolladen-markisen.de\/dresden\/wp-content\/uploads\/2023\/04\/seitenmarkise-radebeul-300x300.webp 300w, https:\/\/rolladen-markisen.de\/dresden\/wp-content\/uploads\/2023\/04\/seitenmarkise-radebeul-150x150.webp 150w\" sizes=\"(max-width: 400px) 100vw, 400px\" \/>\t\t\t\t\t\t\t\t\t\t\t\t\t\t\t<\/div>\n\t\t\t\t<\/div>\n\t\t\t\t\t<\/div>\n\t\t<\/div>\n\t\t\t\t<div class=\"elementor-column elementor-col-33 elementor-top-column elementor-element elementor-element-a1080bb\" data-id=\"a1080bb\" data-element_type=\"column\" data-e-type=\"column\">\n\t\t\t<div class=\"elementor-widget-wrap elementor-element-populated\">\n\t\t\t\t\t\t<div class=\"elementor-element elementor-element-7170ab6 elementor-widget elementor-widget-image\" data-id=\"7170ab6\" data-element_type=\"widget\" data-e-type=\"widget\" data-widget_type=\"image.default\">\n\t\t\t\t<div class=\"elementor-widget-container\">\n\t\t\t\t\t\t\t\t\t\t\t\t\t\t\t<img loading=\"lazy\" decoding=\"async\" width=\"559\" height=\"543\" src=\"https:\/\/rolladen-markisen.de\/dresden\/wp-content\/uploads\/2023\/04\/wintergartenmarkise-pirna.jpg\" class=\"attachment-large size-large wp-image-1485\" alt=\"\" srcset=\"https:\/\/rolladen-markisen.de\/dresden\/wp-content\/uploads\/2023\/04\/wintergartenmarkise-pirna.jpg 559w, https:\/\/rolladen-markisen.de\/dresden\/wp-content\/uploads\/2023\/04\/wintergartenmarkise-pirna-300x291.jpg 300w\" sizes=\"(max-width: 559px) 100vw, 559px\" \/>\t\t\t\t\t\t\t\t\t\t\t\t\t\t\t<\/div>\n\t\t\t\t<\/div>\n\t\t\t\t\t<\/div>\n\t\t<\/div>\n\t\t\t\t\t<\/div>\n\t\t<\/section>\n\t\t\t\t<section class=\"elementor-section elementor-top-section elementor-element elementor-element-9b574a3 elementor-section-boxed elementor-section-height-default elementor-section-height-default\" data-id=\"9b574a3\" data-element_type=\"section\" data-e-type=\"section\" data-settings=\"{&quot;_ha_eqh_enable&quot;:false}\">\n\t\t\t\t\t\t<div class=\"elementor-container elementor-column-gap-default\">\n\t\t\t\t\t<div class=\"elementor-column elementor-col-100 elementor-top-column elementor-element elementor-element-feabd7f\" data-id=\"feabd7f\" data-element_type=\"column\" data-e-type=\"column\">\n\t\t\t<div class=\"elementor-widget-wrap elementor-element-populated\">\n\t\t\t\t\t\t<div class=\"elementor-element elementor-element-d791b8b elementor-widget elementor-widget-spacer\" data-id=\"d791b8b\" data-element_type=\"widget\" data-e-type=\"widget\" data-widget_type=\"spacer.default\">\n\t\t\t\t<div class=\"elementor-widget-container\">\n\t\t\t\t\t\t\t<div class=\"elementor-spacer\">\n\t\t\t<div class=\"elementor-spacer-inner\"><\/div>\n\t\t<\/div>\n\t\t\t\t\t\t<\/div>\n\t\t\t\t<\/div>\n\t\t\t\t\t<\/div>\n\t\t<\/div>\n\t\t\t\t\t<\/div>\n\t\t<\/section>\n\t\t\t\t<section class=\"elementor-section elementor-top-section elementor-element elementor-element-6b38f19 elementor-section-boxed elementor-section-height-default elementor-section-height-default\" data-id=\"6b38f19\" data-element_type=\"section\" data-e-type=\"section\" data-settings=\"{&quot;background_background&quot;:&quot;classic&quot;,&quot;_ha_eqh_enable&quot;:false}\">\n\t\t\t\t\t\t<div class=\"elementor-container elementor-column-gap-default\">\n\t\t\t\t\t<div class=\"elementor-column elementor-col-100 elementor-top-column elementor-element elementor-element-7ecb2ec\" data-id=\"7ecb2ec\" data-element_type=\"column\" data-e-type=\"column\">\n\t\t\t<div class=\"elementor-widget-wrap elementor-element-populated\">\n\t\t\t\t\t\t<div class=\"elementor-element elementor-element-e88a07f elementor-widget elementor-widget-heading\" data-id=\"e88a07f\" data-element_type=\"widget\" data-e-type=\"widget\" data-widget_type=\"heading.default\">\n\t\t\t\t<div class=\"elementor-widget-container\">\n\t\t\t\t\t<h2 class=\"elementor-heading-title elementor-size-default\">Sie w\u00fcnschen eine individuelle Beratung f\u00fcr Fenster- und Fassadenmarkisen?<\/h2>\t\t\t\t<\/div>\n\t\t\t\t<\/div>\n\t\t\t\t<div class=\"elementor-element elementor-element-7288e1b elementor-widget elementor-widget-text-editor\" data-id=\"7288e1b\" data-element_type=\"widget\" data-e-type=\"widget\" data-widget_type=\"text-editor.default\">\n\t\t\t\t<div class=\"elementor-widget-container\">\n\t\t\t\t\t\t\t\t\t<p><strong>Dann melden Sie sich bei uns. Als professioneller Monteur f\u00fcr Rolladen- und Markisenbau aus Dresden stehen wir Ihnen mit unserer Erfahrung gern zur Verf\u00fcgung und beraten Sie unabh\u00e4ngig zu Ihrem Vorteil. Sie erreichen uns unter nachstehender Nummer oder Mail. Gerne k\u00f6nnen Sie uns auch per <a style=\"color: inherit; text-decoration: underline;\" href=\"\/anfrage\/\">Kontaktformular<\/a>\u00a0kontaktieren.<\/strong><\/p>\t\t\t\t\t\t\t\t<\/div>\n\t\t\t\t<\/div>\n\t\t\t\t<div class=\"elementor-element elementor-element-c2830c3 elementor-align-center elementor-widget elementor-widget-button\" data-id=\"c2830c3\" data-element_type=\"widget\" data-e-type=\"widget\" data-widget_type=\"button.default\">\n\t\t\t\t<div class=\"elementor-widget-container\">\n\t\t\t\t\t\t\t\t\t<div class=\"elementor-button-wrapper\">\n\t\t\t\t\t<a class=\"elementor-button elementor-button-link elementor-size-sm\" href=\"https:\/\/rolladen-markisen.de\/dresden\/anfrage\/\">\n\t\t\t\t\t\t<span class=\"elementor-button-content-wrapper\">\n\t\t\t\t\t\t\t\t\t<span class=\"elementor-button-text\">Jetzt Beratungstermin vereinbaren<\/span>\n\t\t\t\t\t<\/span>\n\t\t\t\t\t<\/a>\n\t\t\t\t<\/div>\n\t\t\t\t\t\t\t\t<\/div>\n\t\t\t\t<\/div>\n\t\t\t\t\t<\/div>\n\t\t<\/div>\n\t\t\t\t\t<\/div>\n\t\t<\/section>\n\t\t\t\t<\/div>\n\t\t","protected":false},"excerpt":{"rendered":"<p>Markisen f\u00fcr Pirna Markisen in Pirna: Perfekter Sonnenschutz vom Fachmann M\u00f6chten Sie die Sonne in Schach halten, w\u00fcnschen Sie sich Schatten und Innenr\u00e4ume mit einer angenehmen Temperatur? Mit Markisen in Pirna gestalten Sie Verschattungen nach Ihren Vorstellungen. Bei Ihrem Spezialisten f\u00fcr Markisen in Pirna erhalten Sie genau den\u00a0Sonnenschutz f\u00fcr Ihr Zuhause, der sich Tag f\u00fcr [&hellip;]<\/p>\n","protected":false},"author":2,"featured_media":472,"parent":391,"menu_order":0,"comment_status":"closed","ping_status":"closed","template":"","meta":{"_acf_changed":false,"footnotes":""},"class_list":["post-1390","page","type-page","status-publish","has-post-thumbnail","hentry"],"acf":[],"yoast_head":"<!-- This site is optimized with the Yoast SEO plugin v27.3 - https:\/\/yoast.com\/product\/yoast-seo-wordpress\/ -->\n<title>Markisen Pirna - Rolladen- und Markisenbau Dresden<\/title>\n<meta name=\"description\" content=\"Finden Sie die passende Fenster- oder Fassadenmarkise in Pirna. Individuelle Produkte \u2713 Montage vor Ort \u2713 Ausf\u00fchrliche Beratung \u2713\" \/>\n<meta name=\"robots\" content=\"index, follow, max-snippet:-1, max-image-preview:large, max-video-preview:-1\" \/>\n<link rel=\"canonical\" href=\"https:\/\/rolladen-markisen.de\/dresden\/produkte\/sonnenschutz-fuer-den-aussenbereich\/markisen-pirna\/\" \/>\n<meta property=\"og:locale\" content=\"de_DE\" \/>\n<meta property=\"og:type\" content=\"article\" \/>\n<meta property=\"og:title\" content=\"Markisen Pirna - Rolladen- und Markisenbau Dresden\" \/>\n<meta property=\"og:description\" content=\"Finden Sie die passende Fenster- oder Fassadenmarkise in Pirna. Individuelle Produkte \u2713 Montage vor Ort \u2713 Ausf\u00fchrliche Beratung \u2713\" \/>\n<meta property=\"og:url\" content=\"https:\/\/rolladen-markisen.de\/dresden\/produkte\/sonnenschutz-fuer-den-aussenbereich\/markisen-pirna\/\" \/>\n<meta property=\"og:site_name\" content=\"Rolladen- &amp; Markisenbau Dresden\" \/>\n<meta property=\"article:modified_time\" content=\"2023-04-14T06:44:42+00:00\" \/>\n<meta property=\"og:image\" content=\"https:\/\/rolladen-markisen.de\/dresden\/wp-content\/uploads\/2022\/06\/terrassenmarkisen-500x333-1.jpeg\" \/>\n\t<meta property=\"og:image:width\" content=\"500\" \/>\n\t<meta property=\"og:image:height\" content=\"333\" \/>\n\t<meta property=\"og:image:type\" content=\"image\/jpeg\" \/>\n<meta name=\"twitter:card\" content=\"summary_large_image\" \/>\n<meta name=\"twitter:label1\" content=\"Gesch\u00e4tzte Lesezeit\" \/>\n\t<meta name=\"twitter:data1\" content=\"7\u00a0Minuten\" \/>\n<script type=\"application\/ld+json\" class=\"yoast-schema-graph\">{\"@context\":\"https:\\\/\\\/schema.org\",\"@graph\":[{\"@type\":\"WebPage\",\"@id\":\"https:\\\/\\\/rolladen-markisen.de\\\/dresden\\\/produkte\\\/sonnenschutz-fuer-den-aussenbereich\\\/markisen-pirna\\\/\",\"url\":\"https:\\\/\\\/rolladen-markisen.de\\\/dresden\\\/produkte\\\/sonnenschutz-fuer-den-aussenbereich\\\/markisen-pirna\\\/\",\"name\":\"Markisen Pirna - Rolladen- und Markisenbau Dresden\",\"isPartOf\":{\"@id\":\"https:\\\/\\\/rolladen-markisen.de\\\/dresden\\\/#website\"},\"primaryImageOfPage\":{\"@id\":\"https:\\\/\\\/rolladen-markisen.de\\\/dresden\\\/produkte\\\/sonnenschutz-fuer-den-aussenbereich\\\/markisen-pirna\\\/#primaryimage\"},\"image\":{\"@id\":\"https:\\\/\\\/rolladen-markisen.de\\\/dresden\\\/produkte\\\/sonnenschutz-fuer-den-aussenbereich\\\/markisen-pirna\\\/#primaryimage\"},\"thumbnailUrl\":\"https:\\\/\\\/rolladen-markisen.de\\\/dresden\\\/wp-content\\\/uploads\\\/2022\\\/06\\\/terrassenmarkisen-500x333-1.jpeg\",\"datePublished\":\"2023-03-08T10:23:40+00:00\",\"dateModified\":\"2023-04-14T06:44:42+00:00\",\"description\":\"Finden Sie die passende Fenster- oder Fassadenmarkise in Pirna. Individuelle Produkte \u2713 Montage vor Ort \u2713 Ausf\u00fchrliche Beratung \u2713\",\"breadcrumb\":{\"@id\":\"https:\\\/\\\/rolladen-markisen.de\\\/dresden\\\/produkte\\\/sonnenschutz-fuer-den-aussenbereich\\\/markisen-pirna\\\/#breadcrumb\"},\"inLanguage\":\"de\",\"potentialAction\":[{\"@type\":\"ReadAction\",\"target\":[\"https:\\\/\\\/rolladen-markisen.de\\\/dresden\\\/produkte\\\/sonnenschutz-fuer-den-aussenbereich\\\/markisen-pirna\\\/\"]}]},{\"@type\":\"ImageObject\",\"inLanguage\":\"de\",\"@id\":\"https:\\\/\\\/rolladen-markisen.de\\\/dresden\\\/produkte\\\/sonnenschutz-fuer-den-aussenbereich\\\/markisen-pirna\\\/#primaryimage\",\"url\":\"https:\\\/\\\/rolladen-markisen.de\\\/dresden\\\/wp-content\\\/uploads\\\/2022\\\/06\\\/terrassenmarkisen-500x333-1.jpeg\",\"contentUrl\":\"https:\\\/\\\/rolladen-markisen.de\\\/dresden\\\/wp-content\\\/uploads\\\/2022\\\/06\\\/terrassenmarkisen-500x333-1.jpeg\",\"width\":500,\"height\":333},{\"@type\":\"BreadcrumbList\",\"@id\":\"https:\\\/\\\/rolladen-markisen.de\\\/dresden\\\/produkte\\\/sonnenschutz-fuer-den-aussenbereich\\\/markisen-pirna\\\/#breadcrumb\",\"itemListElement\":[{\"@type\":\"ListItem\",\"position\":1,\"name\":\"Startseite\",\"item\":\"https:\\\/\\\/rolladen-markisen.de\\\/dresden\\\/\"},{\"@type\":\"ListItem\",\"position\":2,\"name\":\"Produkte\",\"item\":\"https:\\\/\\\/rolladen-markisen.de\\\/dresden\\\/produkte\\\/\"},{\"@type\":\"ListItem\",\"position\":3,\"name\":\"Sonnenschutz f\u00fcr den Aussenbereich\",\"item\":\"https:\\\/\\\/rolladen-markisen.de\\\/dresden\\\/produkte\\\/sonnenschutz-fuer-den-aussenbereich\\\/\"},{\"@type\":\"ListItem\",\"position\":4,\"name\":\"Markisen Pirna\"}]},{\"@type\":\"WebSite\",\"@id\":\"https:\\\/\\\/rolladen-markisen.de\\\/dresden\\\/#website\",\"url\":\"https:\\\/\\\/rolladen-markisen.de\\\/dresden\\\/\",\"name\":\"Rolladen- &amp; Markisenbau Dresden\",\"description\":\"\",\"potentialAction\":[{\"@type\":\"SearchAction\",\"target\":{\"@type\":\"EntryPoint\",\"urlTemplate\":\"https:\\\/\\\/rolladen-markisen.de\\\/dresden\\\/?s={search_term_string}\"},\"query-input\":{\"@type\":\"PropertyValueSpecification\",\"valueRequired\":true,\"valueName\":\"search_term_string\"}}],\"inLanguage\":\"de\"}]}<\/script>\n<!-- \/ Yoast SEO plugin. -->","yoast_head_json":{"title":"Markisen Pirna - Rolladen- und Markisenbau Dresden","description":"Finden Sie die passende Fenster- oder Fassadenmarkise in Pirna. Individuelle Produkte \u2713 Montage vor Ort \u2713 Ausf\u00fchrliche Beratung \u2713","robots":{"index":"index","follow":"follow","max-snippet":"max-snippet:-1","max-image-preview":"max-image-preview:large","max-video-preview":"max-video-preview:-1"},"canonical":"https:\/\/rolladen-markisen.de\/dresden\/produkte\/sonnenschutz-fuer-den-aussenbereich\/markisen-pirna\/","og_locale":"de_DE","og_type":"article","og_title":"Markisen Pirna - Rolladen- und Markisenbau Dresden","og_description":"Finden Sie die passende Fenster- oder Fassadenmarkise in Pirna. Individuelle Produkte \u2713 Montage vor Ort \u2713 Ausf\u00fchrliche Beratung \u2713","og_url":"https:\/\/rolladen-markisen.de\/dresden\/produkte\/sonnenschutz-fuer-den-aussenbereich\/markisen-pirna\/","og_site_name":"Rolladen- &amp; Markisenbau Dresden","article_modified_time":"2023-04-14T06:44:42+00:00","og_image":[{"width":500,"height":333,"url":"https:\/\/rolladen-markisen.de\/dresden\/wp-content\/uploads\/2022\/06\/terrassenmarkisen-500x333-1.jpeg","type":"image\/jpeg"}],"twitter_card":"summary_large_image","twitter_misc":{"Gesch\u00e4tzte Lesezeit":"7\u00a0Minuten"},"schema":{"@context":"https:\/\/schema.org","@graph":[{"@type":"WebPage","@id":"https:\/\/rolladen-markisen.de\/dresden\/produkte\/sonnenschutz-fuer-den-aussenbereich\/markisen-pirna\/","url":"https:\/\/rolladen-markisen.de\/dresden\/produkte\/sonnenschutz-fuer-den-aussenbereich\/markisen-pirna\/","name":"Markisen Pirna - Rolladen- und Markisenbau Dresden","isPartOf":{"@id":"https:\/\/rolladen-markisen.de\/dresden\/#website"},"primaryImageOfPage":{"@id":"https:\/\/rolladen-markisen.de\/dresden\/produkte\/sonnenschutz-fuer-den-aussenbereich\/markisen-pirna\/#primaryimage"},"image":{"@id":"https:\/\/rolladen-markisen.de\/dresden\/produkte\/sonnenschutz-fuer-den-aussenbereich\/markisen-pirna\/#primaryimage"},"thumbnailUrl":"https:\/\/rolladen-markisen.de\/dresden\/wp-content\/uploads\/2022\/06\/terrassenmarkisen-500x333-1.jpeg","datePublished":"2023-03-08T10:23:40+00:00","dateModified":"2023-04-14T06:44:42+00:00","description":"Finden Sie die passende Fenster- oder Fassadenmarkise in Pirna. Individuelle Produkte \u2713 Montage vor Ort \u2713 Ausf\u00fchrliche Beratung \u2713","breadcrumb":{"@id":"https:\/\/rolladen-markisen.de\/dresden\/produkte\/sonnenschutz-fuer-den-aussenbereich\/markisen-pirna\/#breadcrumb"},"inLanguage":"de","potentialAction":[{"@type":"ReadAction","target":["https:\/\/rolladen-markisen.de\/dresden\/produkte\/sonnenschutz-fuer-den-aussenbereich\/markisen-pirna\/"]}]},{"@type":"ImageObject","inLanguage":"de","@id":"https:\/\/rolladen-markisen.de\/dresden\/produkte\/sonnenschutz-fuer-den-aussenbereich\/markisen-pirna\/#primaryimage","url":"https:\/\/rolladen-markisen.de\/dresden\/wp-content\/uploads\/2022\/06\/terrassenmarkisen-500x333-1.jpeg","contentUrl":"https:\/\/rolladen-markisen.de\/dresden\/wp-content\/uploads\/2022\/06\/terrassenmarkisen-500x333-1.jpeg","width":500,"height":333},{"@type":"BreadcrumbList","@id":"https:\/\/rolladen-markisen.de\/dresden\/produkte\/sonnenschutz-fuer-den-aussenbereich\/markisen-pirna\/#breadcrumb","itemListElement":[{"@type":"ListItem","position":1,"name":"Startseite","item":"https:\/\/rolladen-markisen.de\/dresden\/"},{"@type":"ListItem","position":2,"name":"Produkte","item":"https:\/\/rolladen-markisen.de\/dresden\/produkte\/"},{"@type":"ListItem","position":3,"name":"Sonnenschutz f\u00fcr den Aussenbereich","item":"https:\/\/rolladen-markisen.de\/dresden\/produkte\/sonnenschutz-fuer-den-aussenbereich\/"},{"@type":"ListItem","position":4,"name":"Markisen Pirna"}]},{"@type":"WebSite","@id":"https:\/\/rolladen-markisen.de\/dresden\/#website","url":"https:\/\/rolladen-markisen.de\/dresden\/","name":"Rolladen- &amp; Markisenbau Dresden","description":"","potentialAction":[{"@type":"SearchAction","target":{"@type":"EntryPoint","urlTemplate":"https:\/\/rolladen-markisen.de\/dresden\/?s={search_term_string}"},"query-input":{"@type":"PropertyValueSpecification","valueRequired":true,"valueName":"search_term_string"}}],"inLanguage":"de"}]}},"_links":{"self":[{"href":"https:\/\/rolladen-markisen.de\/dresden\/wp-json\/wp\/v2\/pages\/1390","targetHints":{"allow":["GET"]}}],"collection":[{"href":"https:\/\/rolladen-markisen.de\/dresden\/wp-json\/wp\/v2\/pages"}],"about":[{"href":"https:\/\/rolladen-markisen.de\/dresden\/wp-json\/wp\/v2\/types\/page"}],"author":[{"embeddable":true,"href":"https:\/\/rolladen-markisen.de\/dresden\/wp-json\/wp\/v2\/users\/2"}],"replies":[{"embeddable":true,"href":"https:\/\/rolladen-markisen.de\/dresden\/wp-json\/wp\/v2\/comments?post=1390"}],"version-history":[{"count":7,"href":"https:\/\/rolladen-markisen.de\/dresden\/wp-json\/wp\/v2\/pages\/1390\/revisions"}],"predecessor-version":[{"id":1488,"href":"https:\/\/rolladen-markisen.de\/dresden\/wp-json\/wp\/v2\/pages\/1390\/revisions\/1488"}],"up":[{"embeddable":true,"href":"https:\/\/rolladen-markisen.de\/dresden\/wp-json\/wp\/v2\/pages\/391"}],"wp:featuredmedia":[{"embeddable":true,"href":"https:\/\/rolladen-markisen.de\/dresden\/wp-json\/wp\/v2\/media\/472"}],"wp:attachment":[{"href":"https:\/\/rolladen-markisen.de\/dresden\/wp-json\/wp\/v2\/media?parent=1390"}],"curies":[{"name":"wp","href":"https:\/\/api.w.org\/{rel}","templated":true}]}}