{"id":1592,"date":"2023-05-25T08:49:26","date_gmt":"2023-05-25T06:49:26","guid":{"rendered":"https:\/\/rolladen-markisen.de\/dresden\/?page_id=1592"},"modified":"2023-06-14T16:07:08","modified_gmt":"2023-06-14T14:07:08","slug":"sonnenschutz-bautzen","status":"publish","type":"page","link":"https:\/\/rolladen-markisen.de\/dresden\/produkte\/sonnenschutz-fuer-den-aussenbereich\/sonnenschutz-bautzen\/","title":{"rendered":"Sonnenschutz Bautzen"},"content":{"rendered":"\t\t<div data-elementor-type=\"wp-page\" data-elementor-id=\"1592\" class=\"elementor elementor-1592\" data-elementor-settings=\"{&quot;ha_cmc_init_switcher&quot;:&quot;no&quot;}\" data-elementor-post-type=\"page\">\n\t\t\t\t\t\t<section class=\"elementor-section elementor-top-section elementor-element elementor-element-0dc0e94 elementor-section-height-min-height elementor-section-boxed elementor-section-height-default elementor-section-items-middle\" data-id=\"0dc0e94\" data-element_type=\"section\" data-e-type=\"section\" data-settings=\"{&quot;background_background&quot;:&quot;classic&quot;,&quot;_ha_eqh_enable&quot;:false}\">\n\t\t\t\t\t\t<div class=\"elementor-container elementor-column-gap-default\">\n\t\t\t\t\t<div class=\"elementor-column elementor-col-100 elementor-top-column elementor-element elementor-element-2ade5f4\" data-id=\"2ade5f4\" data-element_type=\"column\" data-e-type=\"column\" data-settings=\"{&quot;background_background&quot;:&quot;classic&quot;}\">\n\t\t\t<div class=\"elementor-widget-wrap elementor-element-populated\">\n\t\t\t\t\t\t<div class=\"elementor-element elementor-element-b521a92 elementor-widget elementor-widget-heading\" data-id=\"b521a92\" data-element_type=\"widget\" data-e-type=\"widget\" data-widget_type=\"heading.default\">\n\t\t\t\t<div class=\"elementor-widget-container\">\n\t\t\t\t\t<h1 class=\"elementor-heading-title elementor-size-default\">Ma\u00dfgeschneiderte Lo\u0308sung fu\u0308r den Sonnenschutz in Bautzen<span style=\"font-size: medium;font-weight: 400;text-align: start;white-space: normal\"><\/span><\/h1>\t\t\t\t<\/div>\n\t\t\t\t<\/div>\n\t\t\t\t\t<\/div>\n\t\t<\/div>\n\t\t\t\t\t<\/div>\n\t\t<\/section>\n\t\t\t\t<section class=\"elementor-section elementor-top-section elementor-element elementor-element-d85f34c elementor-section-boxed elementor-section-height-default elementor-section-height-default\" data-id=\"d85f34c\" data-element_type=\"section\" data-e-type=\"section\" data-settings=\"{&quot;_ha_eqh_enable&quot;:false}\">\n\t\t\t\t\t\t<div class=\"elementor-container elementor-column-gap-default\">\n\t\t\t\t\t<div class=\"elementor-column elementor-col-100 elementor-top-column elementor-element elementor-element-a449a05\" data-id=\"a449a05\" data-element_type=\"column\" data-e-type=\"column\">\n\t\t\t<div class=\"elementor-widget-wrap elementor-element-populated\">\n\t\t\t\t\t\t<div class=\"elementor-element elementor-element-8f4727b elementor-widget elementor-widget-text-editor\" data-id=\"8f4727b\" data-element_type=\"widget\" data-e-type=\"widget\" data-widget_type=\"text-editor.default\">\n\t\t\t\t<div class=\"elementor-widget-container\">\n\t\t\t\t\t\t\t\t\t<p style=\"margin: 0cm; font-size: 12pt; font-family: Calibri, sans-serif; color: #000000; background-image: initial; background-position: initial; background-size: initial; background-repeat: initial; background-attachment: initial; background-origin: initial; background-clip: initial;\"><span style=\"font-family: 'Helvetica Neue'; color: #333333;\">Mit einem\u00a0<b>modernen Sonnenschutz<\/b>\u00a0genie\u00dfen Sie den Aufenthalt in Innenr\u00e4umen, dem Wintergarten oder auf der Terrasse unter\u00a0<b>optimalen Bedingungen<\/b>. Unser Fachbetrieb liefert und montiert\u00a0<b>seit \u00fcber f\u00fcnfundzwanzig Jahren<\/b>\u00a0innovative Sonnenschutztechnik, die in allen Aspekten Ihren Anforderungen entspricht.<\/span><\/p><p style=\"margin: 0cm; font-size: 12pt; font-family: Calibri, sans-serif; color: #000000; background-image: initial; background-position: initial; background-size: initial; background-repeat: initial; background-attachment: initial; background-origin: initial; background-clip: initial;\"><span style=\"font-family: 'Helvetica Neue'; color: #333333;\">Als\u00a0<b>etablierter Spezialist<\/b>\u00a0bieten wir Ihnen ausschlie\u00dflich\u00a0<b>qualitativ \u00fcberzeugenden Sonnenschutz<\/b>\u00a0f\u00fcr Bautzen. Wir arbeiten mit namhaften Herstellern zusammen und passen die Technik exakt an die jeweiligen baulichen Gegebenheiten und Ihre W\u00fcnsche an.\u00a0<b>Stabilit\u00e4t<\/b>,\u00a0<b>Funktionalit\u00e4t<\/b>\u00a0und\u00a0<b>Bedienkomfort<\/b>: Bei uns erhalten Sie Sonnenschutzl\u00f6sungen wie Jalousien und Rolll\u00e4den, die in s\u00e4mtlichen Belangen hohe Anspr\u00fcche erf\u00fcllen.<\/span><\/p><p style=\"margin: 0cm; font-size: 12pt; font-family: Calibri, sans-serif; color: #000000; background-image: initial; background-position: initial; background-size: initial; background-repeat: initial; background-attachment: initial; background-origin: initial; background-clip: initial;\"><span style=\"font-family: 'Helvetica Neue'; color: #333333;\">\u00a0<\/span><\/p><p>\u00a0<\/p>\t\t\t\t\t\t\t\t<\/div>\n\t\t\t\t<\/div>\n\t\t\t\t\t<\/div>\n\t\t<\/div>\n\t\t\t\t\t<\/div>\n\t\t<\/section>\n\t\t\t\t<section class=\"elementor-section elementor-top-section elementor-element elementor-element-9d1379a elementor-section-boxed elementor-section-height-default elementor-section-height-default\" data-id=\"9d1379a\" data-element_type=\"section\" data-e-type=\"section\" data-settings=\"{&quot;_ha_eqh_enable&quot;:false}\">\n\t\t\t\t\t\t<div class=\"elementor-container elementor-column-gap-default\">\n\t\t\t\t\t<div class=\"elementor-column elementor-col-100 elementor-top-column elementor-element elementor-element-a50768d\" data-id=\"a50768d\" data-element_type=\"column\" data-e-type=\"column\">\n\t\t\t<div class=\"elementor-widget-wrap elementor-element-populated\">\n\t\t\t\t\t\t<div class=\"elementor-element elementor-element-6c52a50 elementor-widget elementor-widget-heading\" data-id=\"6c52a50\" data-element_type=\"widget\" data-e-type=\"widget\" data-widget_type=\"heading.default\">\n\t\t\t\t<div class=\"elementor-widget-container\">\n\t\t\t\t\t<h2 class=\"elementor-heading-title elementor-size-default\">Vielfa\u0308ltige Varianten des Sonnenschutzes<\/h2>\t\t\t\t<\/div>\n\t\t\t\t<\/div>\n\t\t\t\t\t<\/div>\n\t\t<\/div>\n\t\t\t\t\t<\/div>\n\t\t<\/section>\n\t\t\t\t<section class=\"elementor-section elementor-top-section elementor-element elementor-element-43e0bd6 elementor-section-boxed elementor-section-height-default elementor-section-height-default\" data-id=\"43e0bd6\" data-element_type=\"section\" data-e-type=\"section\" data-settings=\"{&quot;_ha_eqh_enable&quot;:false}\">\n\t\t\t\t\t\t<div class=\"elementor-container elementor-column-gap-default\">\n\t\t\t\t\t<div class=\"elementor-column elementor-col-100 elementor-top-column elementor-element elementor-element-7c58774\" data-id=\"7c58774\" data-element_type=\"column\" data-e-type=\"column\">\n\t\t\t<div class=\"elementor-widget-wrap elementor-element-populated\">\n\t\t\t\t\t\t<div class=\"elementor-element elementor-element-3cbea92 elementor-widget elementor-widget-text-editor\" data-id=\"3cbea92\" data-element_type=\"widget\" data-e-type=\"widget\" data-widget_type=\"text-editor.default\">\n\t\t\t\t<div class=\"elementor-widget-container\">\n\t\t\t\t\t\t\t\t\t<p style=\"margin: 0cm; background-image: initial; background-position: initial; background-size: initial; background-repeat: initial; background-attachment: initial; background-origin: initial; background-clip: initial; font-size: 12pt; font-family: Calibri, sans-serif;\"><span style=\"color: #333333; font-family: 'Helvetica Neue';\">Unsere Fachkr\u00e4fte von Rolladen- und Markisenbau Dresden realisieren den\u00a0<b>effektiven Sonnenschutz<\/b>\u00a0in Bautzen mit verschiedenen Grundtypen: Bestellen Sie bei uns zum Beispiel ein\u00a0<\/span><span style=\"color: #000000;\"><a href=\"https:\/\/rolladen-markisen.de\/dresden\/lamellendaecher\/\">Lamellendach<\/a><\/span><span style=\"color: #333333; font-family: 'Helvetica Neue';\">,\u00a0<\/span><span style=\"color: #000000;\"><a href=\"https:\/\/rolladen-markisen.de\/dresden\/produkte\/sonnenschutz-fuer-den-aussenbereich\/rollladen\/\">Rollladen<\/a><\/span><span style=\"color: #333333; font-family: 'Helvetica Neue';\">,\u00a0<\/span><a href=\"https:\/\/rolladen-markisen.de\/dresden\/produkte\/sonnenschutz-fuer-den-aussenbereich\/raffstores\/\" target=\"_blank\" rel=\"noopener\">Raffstore<\/a><span style=\"color: #333333; font-family: 'Helvetica Neue';\">\u00a0und\u00a0<\/span><a href=\"https:\/\/rolladen-markisen.de\/dresden\/produkte\/sonnenschutz-fuer-den-aussenbereich\/fenster-und-fassadenmarkisen\/\" target=\"_blank\" rel=\"noopener\">Markisen<\/a><span style=\"color: #333333; font-family: 'Helvetica Neue';\">. In allen diesen Kategorien pr\u00e4sentieren wir Ihnen eine gro\u00dfe Auswahl an Ausf\u00fchrungen. Bei den Markisen entscheiden Sie sich unter anderem zwischen Vorbau-Rollladen, Aufsetz-Rollladen und Schacht-Rollladen. Diese Modelle unterscheiden sich insbesondere in der Art der Montage. Unsere\u00a0<b>kompetenten Mitarbeiter<\/b>\u00a0beraten Sie ausf\u00fchrlich \u00fcber die unterschiedlichen Produktmerkmale und Vorteile von Markisen, Rolll\u00e4den und Co.!<\/span><\/p>\t\t\t\t\t\t\t\t<\/div>\n\t\t\t\t<\/div>\n\t\t\t\t\t<\/div>\n\t\t<\/div>\n\t\t\t\t\t<\/div>\n\t\t<\/section>\n\t\t\t\t<section class=\"elementor-section elementor-top-section elementor-element elementor-element-de0c102 elementor-section-boxed elementor-section-height-default elementor-section-height-default\" data-id=\"de0c102\" data-element_type=\"section\" data-e-type=\"section\" data-settings=\"{&quot;_ha_eqh_enable&quot;:false}\">\n\t\t\t\t\t\t<div class=\"elementor-container elementor-column-gap-default\">\n\t\t\t\t\t<div class=\"elementor-column elementor-col-100 elementor-top-column elementor-element elementor-element-0573505\" data-id=\"0573505\" data-element_type=\"column\" data-e-type=\"column\">\n\t\t\t<div class=\"elementor-widget-wrap elementor-element-populated\">\n\t\t\t\t\t\t<div class=\"elementor-element elementor-element-003d907 elementor-widget elementor-widget-spacer\" data-id=\"003d907\" data-element_type=\"widget\" data-e-type=\"widget\" data-widget_type=\"spacer.default\">\n\t\t\t\t<div class=\"elementor-widget-container\">\n\t\t\t\t\t\t\t<div class=\"elementor-spacer\">\n\t\t\t<div class=\"elementor-spacer-inner\"><\/div>\n\t\t<\/div>\n\t\t\t\t\t\t<\/div>\n\t\t\t\t<\/div>\n\t\t\t\t\t<\/div>\n\t\t<\/div>\n\t\t\t\t\t<\/div>\n\t\t<\/section>\n\t\t\t\t<section class=\"elementor-section elementor-top-section elementor-element elementor-element-c44c9c2 elementor-section-boxed elementor-section-height-default elementor-section-height-default\" data-id=\"c44c9c2\" data-element_type=\"section\" data-e-type=\"section\" data-settings=\"{&quot;_ha_eqh_enable&quot;:false}\">\n\t\t\t\t\t\t<div class=\"elementor-container elementor-column-gap-default\">\n\t\t\t\t\t<div class=\"elementor-column elementor-col-100 elementor-top-column elementor-element elementor-element-b051b78\" data-id=\"b051b78\" data-element_type=\"column\" data-e-type=\"column\">\n\t\t\t<div class=\"elementor-widget-wrap elementor-element-populated\">\n\t\t\t\t\t\t<div class=\"elementor-element elementor-element-2694150 elementor-widget elementor-widget-heading\" data-id=\"2694150\" data-element_type=\"widget\" data-e-type=\"widget\" data-widget_type=\"heading.default\">\n\t\t\t\t<div class=\"elementor-widget-container\">\n\t\t\t\t\t<h2 class=\"elementor-heading-title elementor-size-default\">Bequeme Steuerung von Raffstoren, Rolll\u00e4den und Markisen<\/h2>\t\t\t\t<\/div>\n\t\t\t\t<\/div>\n\t\t\t\t\t<\/div>\n\t\t<\/div>\n\t\t\t\t\t<\/div>\n\t\t<\/section>\n\t\t\t\t<section class=\"elementor-section elementor-top-section elementor-element elementor-element-3bf0cc5 elementor-section-boxed elementor-section-height-default elementor-section-height-default\" data-id=\"3bf0cc5\" data-element_type=\"section\" data-e-type=\"section\" data-settings=\"{&quot;_ha_eqh_enable&quot;:false}\">\n\t\t\t\t\t\t<div class=\"elementor-container elementor-column-gap-default\">\n\t\t\t\t\t<div class=\"elementor-column elementor-col-100 elementor-top-column elementor-element elementor-element-8bf223e\" data-id=\"8bf223e\" data-element_type=\"column\" data-e-type=\"column\">\n\t\t\t<div class=\"elementor-widget-wrap elementor-element-populated\">\n\t\t\t\t\t\t<div class=\"elementor-element elementor-element-d65154a elementor-widget elementor-widget-text-editor\" data-id=\"d65154a\" data-element_type=\"widget\" data-e-type=\"widget\" data-widget_type=\"text-editor.default\">\n\t\t\t\t<div class=\"elementor-widget-container\">\n\t\t\t\t\t\t\t\t\t<p class=\"MsoNormal\" style=\"margin: 0cm; font-size: 12pt; font-family: Calibri, sans-serif; color: #000000; background-image: initial; background-position: initial; background-size: initial; background-repeat: initial; background-attachment: initial; background-origin: initial; background-clip: initial;\"><span style=\"font-family: 'Helvetica Neue'; color: #333333;\">Bei uns erhalten Sie einen Sonnenschutz, den Sie komfortabel bedienen k\u00f6nnen. Vor allem unsere<b>\u00a0Modelle mit Fernbedienung<\/b>,\u00a0<b>Zentralsteuerung<\/b>\u00a0oder\u00a0<b>App-Steuerung<\/b>\u00a0erfreuen sich gro\u00dfer Beliebtheit. Wenn Sie Markisen, Rolll\u00e4den und Co. verstellen m\u00f6chten, m\u00fcssen Sie sich nicht extra zur jeweiligen Komponente bewegen: Nehmen Sie stattdessen eine Fernbedienung zur Hand, gehen Sie zum zentralen Steuerungselement in Ihrer Wohnung oder nutzen Sie Ihr Smartphone. Bei allen Varianten ersparen Sie sich Wege. Den h\u00f6chsten Bedienkomfort f\u00fcr Ihren Sonnenschutz in Bautzen sichern Sie sich mit einer\u00a0<\/span><a href=\"https:\/\/rolladen-markisen.de\/dresden\/produkte\/steuerungssysteme\/\" target=\"_blank\" rel=\"noopener\">Smart-Home- Steuerung via Smartphone-App<\/a><span style=\"font-family: 'Helvetica Neue'; color: #333333;\">. Regulieren und \u00fcberwachen Sie Ihre Sonnenschutztechnik ortsunabh\u00e4ngig innerhalb der Wohnung oder von unterwegs aus.<\/span><\/p><p class=\"MsoNormal\" style=\"margin: 0cm; font-size: 12pt; font-family: Calibri, sans-serif; color: #000000; background-image: initial; background-position: initial; background-size: initial; background-repeat: initial; background-attachment: initial; background-origin: initial; background-clip: initial;\"><span style=\"font-family: 'Helvetica Neue'; color: #333333;\">Die mobile Steuerung erm\u00f6glicht auch einen\u00a0<b>verbesserten Einbruchschutz<\/b>, wenn Sie au\u00dfer Haus sind. Bedienen Sie in unregelm\u00e4\u00dfigen Abst\u00e4nden Ihre Rolll\u00e4den und andere Sonnenschutzl\u00f6sungen, t\u00e4uschen Sie Ihre Anwesenheit vor: Das schreckt potenzielle Einbrecher ab.<\/span><\/p>\t\t\t\t\t\t\t\t<\/div>\n\t\t\t\t<\/div>\n\t\t\t\t\t<\/div>\n\t\t<\/div>\n\t\t\t\t\t<\/div>\n\t\t<\/section>\n\t\t\t\t<section class=\"elementor-section elementor-top-section elementor-element elementor-element-16ed59b elementor-section-boxed elementor-section-height-default elementor-section-height-default\" data-id=\"16ed59b\" data-element_type=\"section\" data-e-type=\"section\" data-settings=\"{&quot;_ha_eqh_enable&quot;:false}\">\n\t\t\t\t\t\t<div class=\"elementor-container elementor-column-gap-default\">\n\t\t\t\t\t<div class=\"elementor-column elementor-col-33 elementor-top-column elementor-element elementor-element-7233894\" data-id=\"7233894\" data-element_type=\"column\" data-e-type=\"column\">\n\t\t\t<div class=\"elementor-widget-wrap elementor-element-populated\">\n\t\t\t\t\t\t<div class=\"elementor-element elementor-element-6856890 elementor-widget elementor-widget-image\" data-id=\"6856890\" data-element_type=\"widget\" data-e-type=\"widget\" data-widget_type=\"image.default\">\n\t\t\t\t<div class=\"elementor-widget-container\">\n\t\t\t\t\t\t\t\t\t\t\t\t\t\t\t<img fetchpriority=\"high\" decoding=\"async\" width=\"400\" height=\"300\" src=\"https:\/\/rolladen-markisen.de\/dresden\/wp-content\/uploads\/2023\/05\/sonnenschutz-fuer-bautzen.jpg\" class=\"attachment-medium_large size-medium_large wp-image-1602\" alt=\"Steuerungssysteme f\u00fcr Sonnenschutz\" srcset=\"https:\/\/rolladen-markisen.de\/dresden\/wp-content\/uploads\/2023\/05\/sonnenschutz-fuer-bautzen.jpg 400w, https:\/\/rolladen-markisen.de\/dresden\/wp-content\/uploads\/2023\/05\/sonnenschutz-fuer-bautzen-300x225.jpg 300w\" sizes=\"(max-width: 400px) 100vw, 400px\" \/>\t\t\t\t\t\t\t\t\t\t\t\t\t\t\t<\/div>\n\t\t\t\t<\/div>\n\t\t\t\t\t<\/div>\n\t\t<\/div>\n\t\t\t\t<div class=\"elementor-column elementor-col-33 elementor-top-column elementor-element elementor-element-5644938\" data-id=\"5644938\" data-element_type=\"column\" data-e-type=\"column\">\n\t\t\t<div class=\"elementor-widget-wrap elementor-element-populated\">\n\t\t\t\t\t\t<div class=\"elementor-element elementor-element-8e83949 elementor-widget elementor-widget-image\" data-id=\"8e83949\" data-element_type=\"widget\" data-e-type=\"widget\" data-widget_type=\"image.default\">\n\t\t\t\t<div class=\"elementor-widget-container\">\n\t\t\t\t\t\t\t\t\t\t\t\t\t\t\t<img decoding=\"async\" width=\"800\" height=\"560\" src=\"https:\/\/rolladen-markisen.de\/dresden\/wp-content\/uploads\/2023\/05\/sonnenschutz-bautzen-1024x717.jpg\" class=\"attachment-large size-large wp-image-1603\" alt=\"\" srcset=\"https:\/\/rolladen-markisen.de\/dresden\/wp-content\/uploads\/2023\/05\/sonnenschutz-bautzen-1024x717.jpg 1024w, https:\/\/rolladen-markisen.de\/dresden\/wp-content\/uploads\/2023\/05\/sonnenschutz-bautzen-300x210.jpg 300w, https:\/\/rolladen-markisen.de\/dresden\/wp-content\/uploads\/2023\/05\/sonnenschutz-bautzen-768x538.jpg 768w, https:\/\/rolladen-markisen.de\/dresden\/wp-content\/uploads\/2023\/05\/sonnenschutz-bautzen-1536x1075.jpg 1536w, https:\/\/rolladen-markisen.de\/dresden\/wp-content\/uploads\/2023\/05\/sonnenschutz-bautzen.jpg 1920w\" sizes=\"(max-width: 800px) 100vw, 800px\" \/>\t\t\t\t\t\t\t\t\t\t\t\t\t\t\t<\/div>\n\t\t\t\t<\/div>\n\t\t\t\t\t<\/div>\n\t\t<\/div>\n\t\t\t\t<div class=\"elementor-column elementor-col-33 elementor-top-column elementor-element elementor-element-7fc610f\" data-id=\"7fc610f\" data-element_type=\"column\" data-e-type=\"column\">\n\t\t\t<div class=\"elementor-widget-wrap elementor-element-populated\">\n\t\t\t\t\t\t<div class=\"elementor-element elementor-element-ef7f254 elementor-widget elementor-widget-image\" data-id=\"ef7f254\" data-element_type=\"widget\" data-e-type=\"widget\" data-widget_type=\"image.default\">\n\t\t\t\t<div class=\"elementor-widget-container\">\n\t\t\t\t\t\t\t\t\t\t\t\t\t\t\t<img decoding=\"async\" width=\"800\" height=\"534\" src=\"https:\/\/rolladen-markisen.de\/dresden\/wp-content\/uploads\/2023\/05\/sonnenschutz-in-bautzen-1024x683.jpg\" class=\"attachment-large size-large wp-image-1604\" alt=\"Markise gesteuert mit Fernbedinung\" srcset=\"https:\/\/rolladen-markisen.de\/dresden\/wp-content\/uploads\/2023\/05\/sonnenschutz-in-bautzen-1024x683.jpg 1024w, https:\/\/rolladen-markisen.de\/dresden\/wp-content\/uploads\/2023\/05\/sonnenschutz-in-bautzen-300x200.jpg 300w, https:\/\/rolladen-markisen.de\/dresden\/wp-content\/uploads\/2023\/05\/sonnenschutz-in-bautzen-768x512.jpg 768w, https:\/\/rolladen-markisen.de\/dresden\/wp-content\/uploads\/2023\/05\/sonnenschutz-in-bautzen-1536x1025.jpg 1536w, https:\/\/rolladen-markisen.de\/dresden\/wp-content\/uploads\/2023\/05\/sonnenschutz-in-bautzen.jpg 1920w\" sizes=\"(max-width: 800px) 100vw, 800px\" \/>\t\t\t\t\t\t\t\t\t\t\t\t\t\t\t<\/div>\n\t\t\t\t<\/div>\n\t\t\t\t\t<\/div>\n\t\t<\/div>\n\t\t\t\t\t<\/div>\n\t\t<\/section>\n\t\t\t\t<section class=\"elementor-section elementor-top-section elementor-element elementor-element-7eb9084 elementor-section-boxed elementor-section-height-default elementor-section-height-default\" data-id=\"7eb9084\" data-element_type=\"section\" data-e-type=\"section\" data-settings=\"{&quot;_ha_eqh_enable&quot;:false}\">\n\t\t\t\t\t\t<div class=\"elementor-container elementor-column-gap-default\">\n\t\t\t\t\t<div class=\"elementor-column elementor-col-100 elementor-top-column elementor-element elementor-element-f9bb889\" data-id=\"f9bb889\" data-element_type=\"column\" data-e-type=\"column\">\n\t\t\t<div class=\"elementor-widget-wrap elementor-element-populated\">\n\t\t\t\t\t\t<div class=\"elementor-element elementor-element-38e7fec elementor-widget elementor-widget-heading\" data-id=\"38e7fec\" data-element_type=\"widget\" data-e-type=\"widget\" data-widget_type=\"heading.default\">\n\t\t\t\t<div class=\"elementor-widget-container\">\n\t\t\t\t\t<h2 class=\"elementor-heading-title elementor-size-default\">Effektiver Sonnenschutz in Bautzen: Die optimale L\u00f6sung f\u00fcr Ihr Geb\u00e4ude<\/h2>\t\t\t\t<\/div>\n\t\t\t\t<\/div>\n\t\t\t\t\t<\/div>\n\t\t<\/div>\n\t\t\t\t\t<\/div>\n\t\t<\/section>\n\t\t\t\t<section class=\"elementor-section elementor-top-section elementor-element elementor-element-83eb777 elementor-section-boxed elementor-section-height-default elementor-section-height-default\" data-id=\"83eb777\" data-element_type=\"section\" data-e-type=\"section\" data-settings=\"{&quot;_ha_eqh_enable&quot;:false}\">\n\t\t\t\t\t\t<div class=\"elementor-container elementor-column-gap-default\">\n\t\t\t\t\t<div class=\"elementor-column elementor-col-100 elementor-top-column elementor-element elementor-element-6bdd81e\" data-id=\"6bdd81e\" data-element_type=\"column\" data-e-type=\"column\">\n\t\t\t<div class=\"elementor-widget-wrap elementor-element-populated\">\n\t\t\t\t\t\t<div class=\"elementor-element elementor-element-9f52031 elementor-widget elementor-widget-text-editor\" data-id=\"9f52031\" data-element_type=\"widget\" data-e-type=\"widget\" data-widget_type=\"text-editor.default\">\n\t\t\t\t<div class=\"elementor-widget-container\">\n\t\t\t\t\t\t\t\t\t<p>Entdecken Sie die <b>perfekte L\u00f6sung<\/b> f\u00fcr den Sonnenschutz an Ihrem Geb\u00e4ude! Welche Art von Sonnenschutz eignet sich am besten f\u00fcr Ihre Immobilie in Bautzen? Diese Entscheidung h\u00e4ngt von einer Vielzahl von Faktoren ab. Es ist besonders wichtig, die gew\u00fcnschten Funktionen des Sonnenschutzes zu ber\u00fccksichtigen. Mit unseren Rollladen und Markisen haben Sie die M\u00f6glichkeit, das einfallende <b>Tageslicht<\/b> in Ihren R\u00e4umen<b> stufenweise zu regulieren<\/b>. So k\u00f6nnen Sie angenehmes Licht genie\u00dfen, ohne dass die Sonnenstrahlen Sie blenden!<\/p><p>Wenn Sie dar\u00fcber hinaus die Sicherheit erh\u00f6hen m\u00f6chten, bietet ein robuster Rollladen den Vorteil, die <b>Einbruchsgefahr zu reduzieren<\/b>. Dar\u00fcber hinaus sch\u00fctzt er vor L\u00e4rm und tr\u00e4gt zu einer zus\u00e4tzlichen <b>W\u00e4rmed\u00e4mmung<\/b> bei. Falls Sie einen Wintergarten oder eine Terrasse besitzen, empfehlen wir Ihnen Markisen als idealen Sonnenschutz in Bautzen. Um einen <b>umfassenden Schutz<\/b> zu gew\u00e4hrleisten, k\u00f6nnen Sie zus\u00e4tzlich Seitenmarkisen installieren. Bei uns finden Sie eine <b>gro\u00dfe Auswahl an Sonnenschutztechniken<\/b> in unterschiedlichen Designs. W\u00e4hlen Sie den Farbton, der am besten zu Ihrem Raumambiente oder Ihrer Fassade passt und kreieren Sie so die ideale Atmosph\u00e4re!<\/p>\t\t\t\t\t\t\t\t<\/div>\n\t\t\t\t<\/div>\n\t\t\t\t\t<\/div>\n\t\t<\/div>\n\t\t\t\t\t<\/div>\n\t\t<\/section>\n\t\t\t\t<section class=\"elementor-section elementor-top-section elementor-element elementor-element-2eb84bf elementor-section-boxed elementor-section-height-default elementor-section-height-default\" data-id=\"2eb84bf\" data-element_type=\"section\" data-e-type=\"section\" data-settings=\"{&quot;_ha_eqh_enable&quot;:false}\">\n\t\t\t\t\t\t<div class=\"elementor-container elementor-column-gap-default\">\n\t\t\t\t\t<div class=\"elementor-column elementor-col-100 elementor-top-column elementor-element elementor-element-f12f93f\" data-id=\"f12f93f\" data-element_type=\"column\" data-e-type=\"column\">\n\t\t\t<div class=\"elementor-widget-wrap elementor-element-populated\">\n\t\t\t\t\t\t<div class=\"elementor-element elementor-element-6247467 elementor-widget elementor-widget-image\" data-id=\"6247467\" data-element_type=\"widget\" data-e-type=\"widget\" data-widget_type=\"image.default\">\n\t\t\t\t<div class=\"elementor-widget-container\">\n\t\t\t\t\t\t\t\t\t\t\t\t\t\t\t<img loading=\"lazy\" decoding=\"async\" width=\"800\" height=\"424\" src=\"https:\/\/rolladen-markisen.de\/dresden\/wp-content\/uploads\/2023\/04\/wintergartenmarkise-radebeul.jpg\" class=\"attachment-large size-large wp-image-1469\" alt=\"\" srcset=\"https:\/\/rolladen-markisen.de\/dresden\/wp-content\/uploads\/2023\/04\/wintergartenmarkise-radebeul.jpg 1024w, https:\/\/rolladen-markisen.de\/dresden\/wp-content\/uploads\/2023\/04\/wintergartenmarkise-radebeul-300x159.jpg 300w, https:\/\/rolladen-markisen.de\/dresden\/wp-content\/uploads\/2023\/04\/wintergartenmarkise-radebeul-768x407.jpg 768w\" sizes=\"(max-width: 800px) 100vw, 800px\" \/>\t\t\t\t\t\t\t\t\t\t\t\t\t\t\t<\/div>\n\t\t\t\t<\/div>\n\t\t\t\t\t<\/div>\n\t\t<\/div>\n\t\t\t\t\t<\/div>\n\t\t<\/section>\n\t\t\t\t<section class=\"elementor-section elementor-top-section elementor-element elementor-element-ae2ab71 elementor-section-boxed elementor-section-height-default elementor-section-height-default\" data-id=\"ae2ab71\" data-element_type=\"section\" data-e-type=\"section\" data-settings=\"{&quot;_ha_eqh_enable&quot;:false}\">\n\t\t\t\t\t\t<div class=\"elementor-container elementor-column-gap-default\">\n\t\t\t\t\t<div class=\"elementor-column elementor-col-100 elementor-top-column elementor-element elementor-element-fd33fce\" data-id=\"fd33fce\" data-element_type=\"column\" data-e-type=\"column\">\n\t\t\t<div class=\"elementor-widget-wrap elementor-element-populated\">\n\t\t\t\t\t\t<div class=\"elementor-element elementor-element-6111761 elementor-widget elementor-widget-spacer\" data-id=\"6111761\" data-element_type=\"widget\" data-e-type=\"widget\" data-widget_type=\"spacer.default\">\n\t\t\t\t<div class=\"elementor-widget-container\">\n\t\t\t\t\t\t\t<div class=\"elementor-spacer\">\n\t\t\t<div class=\"elementor-spacer-inner\"><\/div>\n\t\t<\/div>\n\t\t\t\t\t\t<\/div>\n\t\t\t\t<\/div>\n\t\t\t\t\t<\/div>\n\t\t<\/div>\n\t\t\t\t\t<\/div>\n\t\t<\/section>\n\t\t\t\t<section class=\"elementor-section elementor-top-section elementor-element elementor-element-55b1744 elementor-section-boxed elementor-section-height-default elementor-section-height-default\" data-id=\"55b1744\" data-element_type=\"section\" data-e-type=\"section\" data-settings=\"{&quot;_ha_eqh_enable&quot;:false}\">\n\t\t\t\t\t\t<div class=\"elementor-container elementor-column-gap-default\">\n\t\t\t\t\t<div class=\"elementor-column elementor-col-100 elementor-top-column elementor-element elementor-element-a1db465\" data-id=\"a1db465\" data-element_type=\"column\" data-e-type=\"column\">\n\t\t\t<div class=\"elementor-widget-wrap elementor-element-populated\">\n\t\t\t\t\t\t<div class=\"elementor-element elementor-element-d850d8c elementor-cta--skin-classic elementor-animated-content elementor-bg-transform elementor-bg-transform-zoom-in elementor-widget elementor-widget-call-to-action\" data-id=\"d850d8c\" data-element_type=\"widget\" data-e-type=\"widget\" data-widget_type=\"call-to-action.default\">\n\t\t\t\t<div class=\"elementor-widget-container\">\n\t\t\t\t\t\t\t<div class=\"elementor-cta\">\n\t\t\t\t\t<div class=\"elementor-cta__bg-wrapper\">\n\t\t\t\t<div class=\"elementor-cta__bg elementor-bg\" style=\"background-image: url(https:\/\/rolladen-markisen.de\/dresden\/wp-content\/uploads\/2022\/06\/familie_start-1024x683.jpeg);\" role=\"img\" aria-label=\"familie_start\"><\/div>\n\t\t\t\t<div class=\"elementor-cta__bg-overlay\"><\/div>\n\t\t\t<\/div>\n\t\t\t\t\t\t\t<div class=\"elementor-cta__content\">\n\t\t\t\t\n\t\t\t\t\t\t\t\t\t<h2 class=\"elementor-cta__title elementor-cta__content-item elementor-content-item\">\n\t\t\t\t\t\tWas kostet meine neue Terrassenmarkise?\t\t\t\t\t<\/h2>\n\t\t\t\t\n\t\t\t\t\t\t\t\t\t<div class=\"elementor-cta__description elementor-cta__content-item elementor-content-item\">\n\t\t\t\t\t\tMit unserem Digitalen Kaufberater erhalten Sie innerhalb von 5 Minuten mit nur wenigen Klicks ihr ganz pers\u00f6nliches, kostenloses Angebot.\t\t\t\t\t<\/div>\n\t\t\t\t\n\t\t\t\t\t\t\t\t\t<div class=\"elementor-cta__button-wrapper elementor-cta__content-item elementor-content-item \">\n\t\t\t\t\t<a class=\"elementor-cta__button elementor-button elementor-size-\" href=\"https:\/\/rolladen-markisen.de\/dresden\/#digitalerkaufberater\">\n\t\t\t\t\t\tZum unverbindlichen Angebot\t\t\t\t\t<\/a>\n\t\t\t\t\t<\/div>\n\t\t\t\t\t\t\t<\/div>\n\t\t\t\t\t\t<\/div>\n\t\t\t\t\t\t<\/div>\n\t\t\t\t<\/div>\n\t\t\t\t\t<\/div>\n\t\t<\/div>\n\t\t\t\t\t<\/div>\n\t\t<\/section>\n\t\t\t\t<section class=\"elementor-section elementor-top-section elementor-element elementor-element-428e52b elementor-section-boxed elementor-section-height-default elementor-section-height-default\" data-id=\"428e52b\" data-element_type=\"section\" data-e-type=\"section\" data-settings=\"{&quot;_ha_eqh_enable&quot;:false}\">\n\t\t\t\t\t\t<div class=\"elementor-container elementor-column-gap-default\">\n\t\t\t\t\t<div class=\"elementor-column elementor-col-100 elementor-top-column elementor-element elementor-element-b61ef38\" data-id=\"b61ef38\" data-element_type=\"column\" data-e-type=\"column\">\n\t\t\t<div class=\"elementor-widget-wrap elementor-element-populated\">\n\t\t\t\t\t\t<div class=\"elementor-element elementor-element-d5a9a49 elementor-widget elementor-widget-heading\" data-id=\"d5a9a49\" data-element_type=\"widget\" data-e-type=\"widget\" data-widget_type=\"heading.default\">\n\t\t\t\t<div class=\"elementor-widget-container\">\n\t\t\t\t\t<h2 class=\"elementor-heading-title elementor-size-default\"><\/br><span style=\"color: var( --e-global-color-primary );, sans-serif\">Investieren Sie in einen hochwertigen Sonnenschutz in Bautzen!<\/span><\/h2>\t\t\t\t<\/div>\n\t\t\t\t<\/div>\n\t\t\t\t\t<\/div>\n\t\t<\/div>\n\t\t\t\t\t<\/div>\n\t\t<\/section>\n\t\t\t\t<section class=\"elementor-section elementor-top-section elementor-element elementor-element-01f1d56 elementor-section-boxed elementor-section-height-default elementor-section-height-default\" data-id=\"01f1d56\" data-element_type=\"section\" data-e-type=\"section\" data-settings=\"{&quot;_ha_eqh_enable&quot;:false}\">\n\t\t\t\t\t\t<div class=\"elementor-container elementor-column-gap-default\">\n\t\t\t\t\t<div class=\"elementor-column elementor-col-100 elementor-top-column elementor-element elementor-element-8696dc2\" data-id=\"8696dc2\" data-element_type=\"column\" data-e-type=\"column\">\n\t\t\t<div class=\"elementor-widget-wrap elementor-element-populated\">\n\t\t\t\t\t\t<div class=\"elementor-element elementor-element-3347034 elementor-widget elementor-widget-text-editor\" data-id=\"3347034\" data-element_type=\"widget\" data-e-type=\"widget\" data-widget_type=\"text-editor.default\">\n\t\t\t\t<div class=\"elementor-widget-container\">\n\t\t\t\t\t\t\t\t\t<p class=\"MsoNormal\" style=\"margin: 0cm; font-size: 12pt; font-family: Calibri, sans-serif; color: rgb(0, 0, 0); background-image: initial; background-position: initial; background-size: initial; background-repeat: initial; background-attachment: initial; background-origin: initial; background-clip: initial;\"><span style=\"font-family: &quot;Helvetica Neue&quot;; color: rgb(51, 51, 51);\">Bei Rolladen- und Markisenbau Dresden profitieren Sie von einem&nbsp;<b>Komplettservice<\/b>: Unsere Mitarbeiter beraten Sie kompetent,&nbsp;<b>individualisieren<\/b>&nbsp;das gew\u00fcnschte Modell und&nbsp;<b>montieren<\/b>&nbsp;es anschlie\u00dfend. Die&nbsp;<b>Montage ist im Preis inbegriffen<\/b>&nbsp;&#8211; das ist ein weiterer Pluspunkt! Vereinbaren Sie mit uns&nbsp;<\/span><a href=\"http:\/\/tel:+49 351207190\" target=\"_blank\">telefonisch<\/a><span style=\"font-family: &quot;Helvetica Neue&quot;; color: rgb(51, 51, 51);\">&nbsp;oder per&nbsp;<\/span><a href=\"mailto:dd.kontakt@markisen-dresden.de\" target=\"_blank\">Mail<\/a><span style=\"font-family: &quot;Helvetica Neue&quot;; color: rgb(51, 51, 51);\">&nbsp;ein&nbsp;<b>Beratungsgespr\u00e4ch<\/b>&nbsp;oder holen Sie online ein&nbsp;<b>unverbindliches Angebot<\/b>&nbsp;f\u00fcr Ihren ma\u00dfgeschneiderten Sonnenschutz in Bautzen ein!<o:p><\/o:p><\/span><\/p>\t\t\t\t\t\t\t\t<\/div>\n\t\t\t\t<\/div>\n\t\t\t\t\t<\/div>\n\t\t<\/div>\n\t\t\t\t\t<\/div>\n\t\t<\/section>\n\t\t\t\t<section class=\"elementor-section elementor-top-section elementor-element elementor-element-9b574a3 elementor-section-boxed elementor-section-height-default elementor-section-height-default\" data-id=\"9b574a3\" data-element_type=\"section\" data-e-type=\"section\" data-settings=\"{&quot;_ha_eqh_enable&quot;:false}\">\n\t\t\t\t\t\t<div class=\"elementor-container elementor-column-gap-default\">\n\t\t\t\t\t<div class=\"elementor-column elementor-col-100 elementor-top-column elementor-element elementor-element-feabd7f\" data-id=\"feabd7f\" data-element_type=\"column\" data-e-type=\"column\">\n\t\t\t<div class=\"elementor-widget-wrap elementor-element-populated\">\n\t\t\t\t\t\t<div class=\"elementor-element elementor-element-d791b8b elementor-widget elementor-widget-spacer\" data-id=\"d791b8b\" data-element_type=\"widget\" data-e-type=\"widget\" data-widget_type=\"spacer.default\">\n\t\t\t\t<div class=\"elementor-widget-container\">\n\t\t\t\t\t\t\t<div class=\"elementor-spacer\">\n\t\t\t<div class=\"elementor-spacer-inner\"><\/div>\n\t\t<\/div>\n\t\t\t\t\t\t<\/div>\n\t\t\t\t<\/div>\n\t\t\t\t\t<\/div>\n\t\t<\/div>\n\t\t\t\t\t<\/div>\n\t\t<\/section>\n\t\t\t\t<section class=\"elementor-section elementor-top-section elementor-element elementor-element-6b38f19 elementor-section-boxed elementor-section-height-default elementor-section-height-default\" data-id=\"6b38f19\" data-element_type=\"section\" data-e-type=\"section\" data-settings=\"{&quot;background_background&quot;:&quot;classic&quot;,&quot;_ha_eqh_enable&quot;:false}\">\n\t\t\t\t\t\t<div class=\"elementor-container elementor-column-gap-default\">\n\t\t\t\t\t<div class=\"elementor-column elementor-col-100 elementor-top-column elementor-element elementor-element-7ecb2ec\" data-id=\"7ecb2ec\" data-element_type=\"column\" data-e-type=\"column\">\n\t\t\t<div class=\"elementor-widget-wrap elementor-element-populated\">\n\t\t\t\t\t\t<div class=\"elementor-element elementor-element-e88a07f elementor-widget elementor-widget-heading\" data-id=\"e88a07f\" data-element_type=\"widget\" data-e-type=\"widget\" data-widget_type=\"heading.default\">\n\t\t\t\t<div class=\"elementor-widget-container\">\n\t\t\t\t\t<h2 class=\"elementor-heading-title elementor-size-default\">Sie w\u00fcnschen eine individuelle Beratung f\u00fcr Fenster- und Fassadenmarkisen?<\/h2>\t\t\t\t<\/div>\n\t\t\t\t<\/div>\n\t\t\t\t<div class=\"elementor-element elementor-element-7288e1b elementor-widget elementor-widget-text-editor\" data-id=\"7288e1b\" data-element_type=\"widget\" data-e-type=\"widget\" data-widget_type=\"text-editor.default\">\n\t\t\t\t<div class=\"elementor-widget-container\">\n\t\t\t\t\t\t\t\t\t<p><strong>Dann melden Sie sich bei uns. Als professioneller Monteur f\u00fcr Rolladen- und Markisenbau aus Dresden stehen wir Ihnen mit unserer Erfahrung gern zur Verf\u00fcgung und beraten Sie unabh\u00e4ngig zu Ihrem Vorteil. Sie erreichen uns unter nachstehender Nummer oder Mail. Gerne k\u00f6nnen Sie uns auch per <a style=\"color: inherit; text-decoration: underline;\" href=\"\/anfrage\/\">Kontaktformular<\/a>\u00a0kontaktieren.<\/strong><\/p>\t\t\t\t\t\t\t\t<\/div>\n\t\t\t\t<\/div>\n\t\t\t\t<div class=\"elementor-element elementor-element-c2830c3 elementor-align-center elementor-widget elementor-widget-button\" data-id=\"c2830c3\" data-element_type=\"widget\" data-e-type=\"widget\" data-widget_type=\"button.default\">\n\t\t\t\t<div class=\"elementor-widget-container\">\n\t\t\t\t\t\t\t\t\t<div class=\"elementor-button-wrapper\">\n\t\t\t\t\t<a class=\"elementor-button elementor-button-link elementor-size-sm\" href=\"https:\/\/rolladen-markisen.de\/dresden\/anfrage\/\">\n\t\t\t\t\t\t<span class=\"elementor-button-content-wrapper\">\n\t\t\t\t\t\t\t\t\t<span class=\"elementor-button-text\">Jetzt Beratungstermin vereinbaren<\/span>\n\t\t\t\t\t<\/span>\n\t\t\t\t\t<\/a>\n\t\t\t\t<\/div>\n\t\t\t\t\t\t\t\t<\/div>\n\t\t\t\t<\/div>\n\t\t\t\t\t<\/div>\n\t\t<\/div>\n\t\t\t\t\t<\/div>\n\t\t<\/section>\n\t\t\t\t<\/div>\n\t\t","protected":false},"excerpt":{"rendered":"<p>Ma\u00dfgeschneiderte Lo\u0308sung fu\u0308r den Sonnenschutz in Bautzen Mit einem&nbsp;modernen Sonnenschutz&nbsp;genie\u00dfen Sie den Aufenthalt in Innenr\u00e4umen, dem Wintergarten oder auf der Terrasse unter&nbsp;optimalen Bedingungen. Unser Fachbetrieb liefert und montiert&nbsp;seit \u00fcber f\u00fcnfundzwanzig Jahren&nbsp;innovative Sonnenschutztechnik, die in allen Aspekten Ihren Anforderungen entspricht. Als&nbsp;etablierter Spezialist&nbsp;bieten wir Ihnen ausschlie\u00dflich&nbsp;qualitativ \u00fcberzeugenden Sonnenschutz&nbsp;f\u00fcr Bautzen. Wir arbeiten mit namhaften Herstellern zusammen und passen [&hellip;]<\/p>\n","protected":false},"author":2,"featured_media":982,"parent":391,"menu_order":0,"comment_status":"closed","ping_status":"closed","template":"","meta":{"_acf_changed":false,"footnotes":""},"class_list":["post-1592","page","type-page","status-publish","has-post-thumbnail","hentry"],"acf":[],"yoast_head":"<!-- This site is optimized with the Yoast SEO plugin v27.3 - https:\/\/yoast.com\/product\/yoast-seo-wordpress\/ -->\n<title>Sonnenschutz Bautzen - Rolladen- und Markisenbau Dresden<\/title>\n<meta name=\"description\" content=\"Finden Sie den passenden Sonnenschutz f\u00fcr Ihr Zuhause. Individuelle Produkte \u2713 Montage vor Ort \u2713 Ausf\u00fchrliche Beratung \u2713\" \/>\n<meta name=\"robots\" content=\"index, follow, max-snippet:-1, max-image-preview:large, max-video-preview:-1\" \/>\n<link rel=\"canonical\" href=\"https:\/\/rolladen-markisen.de\/dresden\/produkte\/sonnenschutz-fuer-den-aussenbereich\/sonnenschutz-bautzen\/\" \/>\n<meta property=\"og:locale\" content=\"de_DE\" \/>\n<meta property=\"og:type\" content=\"article\" \/>\n<meta property=\"og:title\" content=\"Sonnenschutz Bautzen - Rolladen- und Markisenbau Dresden\" \/>\n<meta property=\"og:description\" content=\"Finden Sie den passenden Sonnenschutz f\u00fcr Ihr Zuhause. Individuelle Produkte \u2713 Montage vor Ort \u2713 Ausf\u00fchrliche Beratung \u2713\" \/>\n<meta property=\"og:url\" content=\"https:\/\/rolladen-markisen.de\/dresden\/produkte\/sonnenschutz-fuer-den-aussenbereich\/sonnenschutz-bautzen\/\" \/>\n<meta property=\"og:site_name\" content=\"Rolladen- &amp; Markisenbau Dresden\" \/>\n<meta property=\"article:modified_time\" content=\"2023-06-14T14:07:08+00:00\" \/>\n<meta property=\"og:image\" content=\"https:\/\/rolladen-markisen.de\/dresden\/wp-content\/uploads\/2022\/06\/Gelenkarm-Markisen-300x150-1.jpeg\" \/>\n\t<meta property=\"og:image:width\" content=\"300\" \/>\n\t<meta property=\"og:image:height\" content=\"150\" \/>\n\t<meta property=\"og:image:type\" content=\"image\/jpeg\" \/>\n<meta name=\"twitter:card\" content=\"summary_large_image\" \/>\n<meta name=\"twitter:label1\" content=\"Gesch\u00e4tzte Lesezeit\" \/>\n\t<meta name=\"twitter:data1\" content=\"5\u00a0Minuten\" \/>\n<script type=\"application\/ld+json\" class=\"yoast-schema-graph\">{\"@context\":\"https:\\\/\\\/schema.org\",\"@graph\":[{\"@type\":\"WebPage\",\"@id\":\"https:\\\/\\\/rolladen-markisen.de\\\/dresden\\\/produkte\\\/sonnenschutz-fuer-den-aussenbereich\\\/sonnenschutz-bautzen\\\/\",\"url\":\"https:\\\/\\\/rolladen-markisen.de\\\/dresden\\\/produkte\\\/sonnenschutz-fuer-den-aussenbereich\\\/sonnenschutz-bautzen\\\/\",\"name\":\"Sonnenschutz Bautzen - Rolladen- und Markisenbau Dresden\",\"isPartOf\":{\"@id\":\"https:\\\/\\\/rolladen-markisen.de\\\/dresden\\\/#website\"},\"primaryImageOfPage\":{\"@id\":\"https:\\\/\\\/rolladen-markisen.de\\\/dresden\\\/produkte\\\/sonnenschutz-fuer-den-aussenbereich\\\/sonnenschutz-bautzen\\\/#primaryimage\"},\"image\":{\"@id\":\"https:\\\/\\\/rolladen-markisen.de\\\/dresden\\\/produkte\\\/sonnenschutz-fuer-den-aussenbereich\\\/sonnenschutz-bautzen\\\/#primaryimage\"},\"thumbnailUrl\":\"https:\\\/\\\/rolladen-markisen.de\\\/dresden\\\/wp-content\\\/uploads\\\/2022\\\/06\\\/Gelenkarm-Markisen-300x150-1.jpeg\",\"datePublished\":\"2023-05-25T06:49:26+00:00\",\"dateModified\":\"2023-06-14T14:07:08+00:00\",\"description\":\"Finden Sie den passenden Sonnenschutz f\u00fcr Ihr Zuhause. Individuelle Produkte \u2713 Montage vor Ort \u2713 Ausf\u00fchrliche Beratung \u2713\",\"breadcrumb\":{\"@id\":\"https:\\\/\\\/rolladen-markisen.de\\\/dresden\\\/produkte\\\/sonnenschutz-fuer-den-aussenbereich\\\/sonnenschutz-bautzen\\\/#breadcrumb\"},\"inLanguage\":\"de\",\"potentialAction\":[{\"@type\":\"ReadAction\",\"target\":[\"https:\\\/\\\/rolladen-markisen.de\\\/dresden\\\/produkte\\\/sonnenschutz-fuer-den-aussenbereich\\\/sonnenschutz-bautzen\\\/\"]}]},{\"@type\":\"ImageObject\",\"inLanguage\":\"de\",\"@id\":\"https:\\\/\\\/rolladen-markisen.de\\\/dresden\\\/produkte\\\/sonnenschutz-fuer-den-aussenbereich\\\/sonnenschutz-bautzen\\\/#primaryimage\",\"url\":\"https:\\\/\\\/rolladen-markisen.de\\\/dresden\\\/wp-content\\\/uploads\\\/2022\\\/06\\\/Gelenkarm-Markisen-300x150-1.jpeg\",\"contentUrl\":\"https:\\\/\\\/rolladen-markisen.de\\\/dresden\\\/wp-content\\\/uploads\\\/2022\\\/06\\\/Gelenkarm-Markisen-300x150-1.jpeg\",\"width\":300,\"height\":150,\"caption\":\"Terrasse an einem sonnigen Tag, \u00fcberdacht von einer Gelenkarmmarkise\"},{\"@type\":\"BreadcrumbList\",\"@id\":\"https:\\\/\\\/rolladen-markisen.de\\\/dresden\\\/produkte\\\/sonnenschutz-fuer-den-aussenbereich\\\/sonnenschutz-bautzen\\\/#breadcrumb\",\"itemListElement\":[{\"@type\":\"ListItem\",\"position\":1,\"name\":\"Startseite\",\"item\":\"https:\\\/\\\/rolladen-markisen.de\\\/dresden\\\/\"},{\"@type\":\"ListItem\",\"position\":2,\"name\":\"Produkte\",\"item\":\"https:\\\/\\\/rolladen-markisen.de\\\/dresden\\\/produkte\\\/\"},{\"@type\":\"ListItem\",\"position\":3,\"name\":\"Sonnenschutz f\u00fcr den Aussenbereich\",\"item\":\"https:\\\/\\\/rolladen-markisen.de\\\/dresden\\\/produkte\\\/sonnenschutz-fuer-den-aussenbereich\\\/\"},{\"@type\":\"ListItem\",\"position\":4,\"name\":\"Sonnenschutz Bautzen\"}]},{\"@type\":\"WebSite\",\"@id\":\"https:\\\/\\\/rolladen-markisen.de\\\/dresden\\\/#website\",\"url\":\"https:\\\/\\\/rolladen-markisen.de\\\/dresden\\\/\",\"name\":\"Rolladen- &amp; Markisenbau Dresden\",\"description\":\"\",\"potentialAction\":[{\"@type\":\"SearchAction\",\"target\":{\"@type\":\"EntryPoint\",\"urlTemplate\":\"https:\\\/\\\/rolladen-markisen.de\\\/dresden\\\/?s={search_term_string}\"},\"query-input\":{\"@type\":\"PropertyValueSpecification\",\"valueRequired\":true,\"valueName\":\"search_term_string\"}}],\"inLanguage\":\"de\"}]}<\/script>\n<!-- \/ Yoast SEO plugin. -->","yoast_head_json":{"title":"Sonnenschutz Bautzen - Rolladen- und Markisenbau Dresden","description":"Finden Sie den passenden Sonnenschutz f\u00fcr Ihr Zuhause. Individuelle Produkte \u2713 Montage vor Ort \u2713 Ausf\u00fchrliche Beratung \u2713","robots":{"index":"index","follow":"follow","max-snippet":"max-snippet:-1","max-image-preview":"max-image-preview:large","max-video-preview":"max-video-preview:-1"},"canonical":"https:\/\/rolladen-markisen.de\/dresden\/produkte\/sonnenschutz-fuer-den-aussenbereich\/sonnenschutz-bautzen\/","og_locale":"de_DE","og_type":"article","og_title":"Sonnenschutz Bautzen - Rolladen- und Markisenbau Dresden","og_description":"Finden Sie den passenden Sonnenschutz f\u00fcr Ihr Zuhause. Individuelle Produkte \u2713 Montage vor Ort \u2713 Ausf\u00fchrliche Beratung \u2713","og_url":"https:\/\/rolladen-markisen.de\/dresden\/produkte\/sonnenschutz-fuer-den-aussenbereich\/sonnenschutz-bautzen\/","og_site_name":"Rolladen- &amp; Markisenbau Dresden","article_modified_time":"2023-06-14T14:07:08+00:00","og_image":[{"width":300,"height":150,"url":"https:\/\/rolladen-markisen.de\/dresden\/wp-content\/uploads\/2022\/06\/Gelenkarm-Markisen-300x150-1.jpeg","type":"image\/jpeg"}],"twitter_card":"summary_large_image","twitter_misc":{"Gesch\u00e4tzte Lesezeit":"5\u00a0Minuten"},"schema":{"@context":"https:\/\/schema.org","@graph":[{"@type":"WebPage","@id":"https:\/\/rolladen-markisen.de\/dresden\/produkte\/sonnenschutz-fuer-den-aussenbereich\/sonnenschutz-bautzen\/","url":"https:\/\/rolladen-markisen.de\/dresden\/produkte\/sonnenschutz-fuer-den-aussenbereich\/sonnenschutz-bautzen\/","name":"Sonnenschutz Bautzen - Rolladen- und Markisenbau Dresden","isPartOf":{"@id":"https:\/\/rolladen-markisen.de\/dresden\/#website"},"primaryImageOfPage":{"@id":"https:\/\/rolladen-markisen.de\/dresden\/produkte\/sonnenschutz-fuer-den-aussenbereich\/sonnenschutz-bautzen\/#primaryimage"},"image":{"@id":"https:\/\/rolladen-markisen.de\/dresden\/produkte\/sonnenschutz-fuer-den-aussenbereich\/sonnenschutz-bautzen\/#primaryimage"},"thumbnailUrl":"https:\/\/rolladen-markisen.de\/dresden\/wp-content\/uploads\/2022\/06\/Gelenkarm-Markisen-300x150-1.jpeg","datePublished":"2023-05-25T06:49:26+00:00","dateModified":"2023-06-14T14:07:08+00:00","description":"Finden Sie den passenden Sonnenschutz f\u00fcr Ihr Zuhause. Individuelle Produkte \u2713 Montage vor Ort \u2713 Ausf\u00fchrliche Beratung \u2713","breadcrumb":{"@id":"https:\/\/rolladen-markisen.de\/dresden\/produkte\/sonnenschutz-fuer-den-aussenbereich\/sonnenschutz-bautzen\/#breadcrumb"},"inLanguage":"de","potentialAction":[{"@type":"ReadAction","target":["https:\/\/rolladen-markisen.de\/dresden\/produkte\/sonnenschutz-fuer-den-aussenbereich\/sonnenschutz-bautzen\/"]}]},{"@type":"ImageObject","inLanguage":"de","@id":"https:\/\/rolladen-markisen.de\/dresden\/produkte\/sonnenschutz-fuer-den-aussenbereich\/sonnenschutz-bautzen\/#primaryimage","url":"https:\/\/rolladen-markisen.de\/dresden\/wp-content\/uploads\/2022\/06\/Gelenkarm-Markisen-300x150-1.jpeg","contentUrl":"https:\/\/rolladen-markisen.de\/dresden\/wp-content\/uploads\/2022\/06\/Gelenkarm-Markisen-300x150-1.jpeg","width":300,"height":150,"caption":"Terrasse an einem sonnigen Tag, \u00fcberdacht von einer Gelenkarmmarkise"},{"@type":"BreadcrumbList","@id":"https:\/\/rolladen-markisen.de\/dresden\/produkte\/sonnenschutz-fuer-den-aussenbereich\/sonnenschutz-bautzen\/#breadcrumb","itemListElement":[{"@type":"ListItem","position":1,"name":"Startseite","item":"https:\/\/rolladen-markisen.de\/dresden\/"},{"@type":"ListItem","position":2,"name":"Produkte","item":"https:\/\/rolladen-markisen.de\/dresden\/produkte\/"},{"@type":"ListItem","position":3,"name":"Sonnenschutz f\u00fcr den Aussenbereich","item":"https:\/\/rolladen-markisen.de\/dresden\/produkte\/sonnenschutz-fuer-den-aussenbereich\/"},{"@type":"ListItem","position":4,"name":"Sonnenschutz Bautzen"}]},{"@type":"WebSite","@id":"https:\/\/rolladen-markisen.de\/dresden\/#website","url":"https:\/\/rolladen-markisen.de\/dresden\/","name":"Rolladen- &amp; Markisenbau Dresden","description":"","potentialAction":[{"@type":"SearchAction","target":{"@type":"EntryPoint","urlTemplate":"https:\/\/rolladen-markisen.de\/dresden\/?s={search_term_string}"},"query-input":{"@type":"PropertyValueSpecification","valueRequired":true,"valueName":"search_term_string"}}],"inLanguage":"de"}]}},"_links":{"self":[{"href":"https:\/\/rolladen-markisen.de\/dresden\/wp-json\/wp\/v2\/pages\/1592","targetHints":{"allow":["GET"]}}],"collection":[{"href":"https:\/\/rolladen-markisen.de\/dresden\/wp-json\/wp\/v2\/pages"}],"about":[{"href":"https:\/\/rolladen-markisen.de\/dresden\/wp-json\/wp\/v2\/types\/page"}],"author":[{"embeddable":true,"href":"https:\/\/rolladen-markisen.de\/dresden\/wp-json\/wp\/v2\/users\/2"}],"replies":[{"embeddable":true,"href":"https:\/\/rolladen-markisen.de\/dresden\/wp-json\/wp\/v2\/comments?post=1592"}],"version-history":[{"count":28,"href":"https:\/\/rolladen-markisen.de\/dresden\/wp-json\/wp\/v2\/pages\/1592\/revisions"}],"predecessor-version":[{"id":1625,"href":"https:\/\/rolladen-markisen.de\/dresden\/wp-json\/wp\/v2\/pages\/1592\/revisions\/1625"}],"up":[{"embeddable":true,"href":"https:\/\/rolladen-markisen.de\/dresden\/wp-json\/wp\/v2\/pages\/391"}],"wp:featuredmedia":[{"embeddable":true,"href":"https:\/\/rolladen-markisen.de\/dresden\/wp-json\/wp\/v2\/media\/982"}],"wp:attachment":[{"href":"https:\/\/rolladen-markisen.de\/dresden\/wp-json\/wp\/v2\/media?parent=1592"}],"curies":[{"name":"wp","href":"https:\/\/api.w.org\/{rel}","templated":true}]}}