{"id":2371,"date":"2025-05-16T11:59:11","date_gmt":"2025-05-16T09:59:11","guid":{"rendered":"https:\/\/rolladen-markisen.de\/dresden\/?page_id=2371"},"modified":"2025-05-16T11:59:14","modified_gmt":"2025-05-16T09:59:14","slug":"sonnensegel-pirna","status":"publish","type":"page","link":"https:\/\/rolladen-markisen.de\/dresden\/sonnensegel-pirna\/","title":{"rendered":"Sonnensegel Pirna"},"content":{"rendered":"\t\t<div data-elementor-type=\"wp-page\" data-elementor-id=\"2371\" class=\"elementor elementor-2371\" data-elementor-settings=\"{&quot;ha_cmc_init_switcher&quot;:&quot;no&quot;}\" data-elementor-post-type=\"page\">\n\t\t\t\t\t\t<section class=\"elementor-section elementor-top-section elementor-element elementor-element-7910a2de elementor-section-full_width elementor-section-height-default elementor-section-height-default\" data-id=\"7910a2de\" data-element_type=\"section\" data-e-type=\"section\" data-settings=\"{&quot;_ha_eqh_enable&quot;:false}\">\n\t\t\t\t\t\t<div class=\"elementor-container elementor-column-gap-default\">\n\t\t\t\t\t<div class=\"elementor-column elementor-col-100 elementor-top-column elementor-element elementor-element-520077df\" data-id=\"520077df\" data-element_type=\"column\" data-e-type=\"column\">\n\t\t\t<div class=\"elementor-widget-wrap elementor-element-populated\">\n\t\t\t\t\t\t<div class=\"elementor-element elementor-element-6902c791 elementor-widget elementor-widget-ha-advanced-slider happy-addon ha-advanced-slider happy-addon-pro\" data-id=\"6902c791\" data-element_type=\"widget\" data-e-type=\"widget\" data-settings=\"{&quot;slider_type&quot;:&quot;multiple&quot;,&quot;slides_per_view_mobile&quot;:1,&quot;slides_per_view&quot;:1,&quot;slider_direction&quot;:&quot;horizontal&quot;,&quot;effect_multiple&quot;:&quot;false&quot;,&quot;effect_speed&quot;:500,&quot;space_between_slides&quot;:0,&quot;pagination_type&quot;:&quot;none&quot;,&quot;scroll_bar&quot;:&quot;no&quot;,&quot;thumbs_navigation&quot;:&quot;no&quot;,&quot;infinity_loop&quot;:true,&quot;autoplay&quot;:&quot;yes&quot;,&quot;autoplay_speed&quot;:5000}\" data-widget_type=\"ha-advanced-slider.default\">\n\t\t\t\t<div class=\"elementor-widget-container\">\n\t\t\t\t\t        <div class=\"ha-slider-widget-wrapper ha-unique-widget-id-6902c791 ha-slider-direction-horizontal\">\n            <div class=\"swiper-container gallery-top ha-slider-container\">\n                <div class=\"swiper-wrapper ha-slider-wrapper\">\n                                                <div class=\"swiper-slide ha-slider-slide elementor-repeater-item-22325cc\">\n                                                                    <div class=\"ha-slider-content-wrapper elementor-repeater-item-22325cc\">\n                                        <div class=\"ha-slider-content elementor-repeater-item-22325cc \">\n                                            \n                                                                                                                                                                                                                        <\/div>\n                                    <\/div>\n                                                            <\/div>\n                                                <div class=\"swiper-slide ha-slider-slide elementor-repeater-item-6aa6658\">\n                                                                    <div class=\"ha-slider-content-wrapper elementor-repeater-item-6aa6658\">\n                                        <div class=\"ha-slider-content elementor-repeater-item-6aa6658 \">\n                                            \n                                                                                                                                                                                                                        <\/div>\n                                    <\/div>\n                                                            <\/div>\n                                                <div class=\"swiper-slide ha-slider-slide elementor-repeater-item-d059b68\">\n                                                                    <div class=\"ha-slider-content-wrapper elementor-repeater-item-d059b68\">\n                                        <div class=\"ha-slider-content elementor-repeater-item-d059b68 \">\n                                            \n                                                                                                                                                                                                                        <\/div>\n                                    <\/div>\n                                                            <\/div>\n                                    <\/div>\n                                            <\/div>\n\n            \n\n                    <\/div>\n\n\t\t\t\t<\/div>\n\t\t\t\t<\/div>\n\t\t\t\t\t<\/div>\n\t\t<\/div>\n\t\t\t\t\t<\/div>\n\t\t<\/section>\n\t\t\t\t<section class=\"elementor-section elementor-top-section elementor-element elementor-element-2872ef4 elementor-section-boxed elementor-section-height-default elementor-section-height-default\" data-id=\"2872ef4\" data-element_type=\"section\" data-e-type=\"section\" data-settings=\"{&quot;_ha_eqh_enable&quot;:false}\">\n\t\t\t\t\t\t<div class=\"elementor-container elementor-column-gap-default\">\n\t\t\t\t\t<div class=\"elementor-column elementor-col-100 elementor-top-column elementor-element elementor-element-39066db\" data-id=\"39066db\" data-element_type=\"column\" data-e-type=\"column\">\n\t\t\t<div class=\"elementor-widget-wrap elementor-element-populated\">\n\t\t\t\t\t\t<div class=\"elementor-element elementor-element-1348e6aa elementor-widget elementor-widget-heading\" data-id=\"1348e6aa\" data-element_type=\"widget\" data-e-type=\"widget\" data-widget_type=\"heading.default\">\n\t\t\t\t<div class=\"elementor-widget-container\">\n\t\t\t\t\t<h1 class=\"elementor-heading-title elementor-size-default\">Sonnensegel in Pirna <span style=\"font-size: medium;font-weight: 400;text-align: start;white-space: normal\"><\/span><\/h1>\t\t\t\t<\/div>\n\t\t\t\t<\/div>\n\t\t\t\t<div class=\"elementor-element elementor-element-6e3c2d7 elementor-widget elementor-widget-heading\" data-id=\"6e3c2d7\" data-element_type=\"widget\" data-e-type=\"widget\" data-widget_type=\"heading.default\">\n\t\t\t\t<div class=\"elementor-widget-container\">\n\t\t\t\t\t<div class=\"elementor-heading-title elementor-size-default\">Perfekter Sonnenschutz mit Stil<p style=\"margin: 0cm;font-size: 16pt;font-family: Arial, sans-serif;text-align: start;white-space: normal\"><\/p><span style=\"color: var( --e-global-color-accent )\"><\/span><br><\/div>\t\t\t\t<\/div>\n\t\t\t\t<\/div>\n\t\t\t\t\t<\/div>\n\t\t<\/div>\n\t\t\t\t\t<\/div>\n\t\t<\/section>\n\t\t\t\t<section class=\"elementor-section elementor-top-section elementor-element elementor-element-b68c81c elementor-section-boxed elementor-section-height-default elementor-section-height-default\" data-id=\"b68c81c\" data-element_type=\"section\" data-e-type=\"section\" data-settings=\"{&quot;_ha_eqh_enable&quot;:false}\">\n\t\t\t\t\t\t<div class=\"elementor-container elementor-column-gap-default\">\n\t\t\t\t\t<div class=\"elementor-column elementor-col-100 elementor-top-column elementor-element elementor-element-168fe5a\" data-id=\"168fe5a\" data-element_type=\"column\" data-e-type=\"column\">\n\t\t\t<div class=\"elementor-widget-wrap elementor-element-populated\">\n\t\t\t\t\t\t<section class=\"elementor-section elementor-inner-section elementor-element elementor-element-7e61ea1d elementor-section-boxed elementor-section-height-default elementor-section-height-default\" data-id=\"7e61ea1d\" data-element_type=\"section\" data-e-type=\"section\" data-settings=\"{&quot;_ha_eqh_enable&quot;:false}\">\n\t\t\t\t\t\t<div class=\"elementor-container elementor-column-gap-default\">\n\t\t\t\t\t<div class=\"elementor-column elementor-col-100 elementor-inner-column elementor-element elementor-element-574bebbd\" data-id=\"574bebbd\" data-element_type=\"column\" data-e-type=\"column\">\n\t\t\t<div class=\"elementor-widget-wrap elementor-element-populated\">\n\t\t\t\t\t\t<div class=\"elementor-element elementor-element-f662f21 elementor-widget__width-auto elementor-mobile-align-justify elementor-widget-mobile__width-inherit elementor-widget elementor-widget-button\" data-id=\"f662f21\" data-element_type=\"widget\" data-e-type=\"widget\" data-widget_type=\"button.default\">\n\t\t\t\t<div class=\"elementor-widget-container\">\n\t\t\t\t\t\t\t\t\t<div class=\"elementor-button-wrapper\">\n\t\t\t\t\t<a class=\"elementor-button elementor-button-link elementor-size-sm\" href=\"#s40\">\n\t\t\t\t\t\t<span class=\"elementor-button-content-wrapper\">\n\t\t\t\t\t\t\t\t\t<span class=\"elementor-button-text\">Sonea S40<\/span>\n\t\t\t\t\t<\/span>\n\t\t\t\t\t<\/a>\n\t\t\t\t<\/div>\n\t\t\t\t\t\t\t\t<\/div>\n\t\t\t\t<\/div>\n\t\t\t\t<div class=\"elementor-element elementor-element-46486eab elementor-widget__width-auto elementor-mobile-align-justify elementor-widget-mobile__width-inherit elementor-widget elementor-widget-button\" data-id=\"46486eab\" data-element_type=\"widget\" data-e-type=\"widget\" data-widget_type=\"button.default\">\n\t\t\t\t<div class=\"elementor-widget-container\">\n\t\t\t\t\t\t\t\t\t<div class=\"elementor-button-wrapper\">\n\t\t\t\t\t<a class=\"elementor-button elementor-button-link elementor-size-sm\" href=\"#s50\">\n\t\t\t\t\t\t<span class=\"elementor-button-content-wrapper\">\n\t\t\t\t\t\t\t\t\t<span class=\"elementor-button-text\">Sonea S50<\/span>\n\t\t\t\t\t<\/span>\n\t\t\t\t\t<\/a>\n\t\t\t\t<\/div>\n\t\t\t\t\t\t\t\t<\/div>\n\t\t\t\t<\/div>\n\t\t\t\t<div class=\"elementor-element elementor-element-414281eb elementor-widget__width-auto elementor-mobile-align-justify elementor-widget-mobile__width-inherit elementor-widget elementor-widget-button\" data-id=\"414281eb\" data-element_type=\"widget\" data-e-type=\"widget\" data-widget_type=\"button.default\">\n\t\t\t\t<div class=\"elementor-widget-container\">\n\t\t\t\t\t\t\t\t\t<div class=\"elementor-button-wrapper\">\n\t\t\t\t\t<a class=\"elementor-button elementor-button-link elementor-size-sm\" href=\"#s70\">\n\t\t\t\t\t\t<span class=\"elementor-button-content-wrapper\">\n\t\t\t\t\t\t\t\t\t<span class=\"elementor-button-text\">Sonea S70<\/span>\n\t\t\t\t\t<\/span>\n\t\t\t\t\t<\/a>\n\t\t\t\t<\/div>\n\t\t\t\t\t\t\t\t<\/div>\n\t\t\t\t<\/div>\n\t\t\t\t\t<\/div>\n\t\t<\/div>\n\t\t\t\t\t<\/div>\n\t\t<\/section>\n\t\t\t\t\t<\/div>\n\t\t<\/div>\n\t\t\t\t\t<\/div>\n\t\t<\/section>\n\t\t<div class=\"elementor-element elementor-element-430bc6a e-flex e-con-boxed e-con e-parent\" data-id=\"430bc6a\" data-element_type=\"container\" data-e-type=\"container\" data-settings=\"{&quot;_ha_eqh_enable&quot;:false}\">\n\t\t\t\t\t<div class=\"e-con-inner\">\n\t\t\t\t<div class=\"elementor-element elementor-element-8fb6948 elementor-widget elementor-widget-spacer\" data-id=\"8fb6948\" data-element_type=\"widget\" data-e-type=\"widget\" data-widget_type=\"spacer.default\">\n\t\t\t\t<div class=\"elementor-widget-container\">\n\t\t\t\t\t\t\t<div class=\"elementor-spacer\">\n\t\t\t<div class=\"elementor-spacer-inner\"><\/div>\n\t\t<\/div>\n\t\t\t\t\t\t<\/div>\n\t\t\t\t<\/div>\n\t\t\t\t\t<\/div>\n\t\t\t\t<\/div>\n\t\t\t\t<section class=\"elementor-section elementor-top-section elementor-element elementor-element-cfa240c elementor-section-boxed elementor-section-height-default elementor-section-height-default\" data-id=\"cfa240c\" data-element_type=\"section\" data-e-type=\"section\" data-settings=\"{&quot;_ha_eqh_enable&quot;:false}\">\n\t\t\t\t\t\t<div class=\"elementor-container elementor-column-gap-default\">\n\t\t\t\t\t<div class=\"elementor-column elementor-col-100 elementor-top-column elementor-element elementor-element-a7d494a\" data-id=\"a7d494a\" data-element_type=\"column\" data-e-type=\"column\">\n\t\t\t<div class=\"elementor-widget-wrap elementor-element-populated\">\n\t\t\t\t\t\t<div class=\"elementor-element elementor-element-b2b92fc elementor-widget elementor-widget-heading\" data-id=\"b2b92fc\" data-element_type=\"widget\" data-e-type=\"widget\" data-widget_type=\"heading.default\">\n\t\t\t\t<div class=\"elementor-widget-container\">\n\t\t\t\t\t<h3 class=\"elementor-heading-title elementor-size-default\">Ma\u00dfgeschneiderte Sonnensegel f\u00fcr Terrasse, Balkon und Garten<\/h3>\t\t\t\t<\/div>\n\t\t\t\t<\/div>\n\t\t\t\t\t<\/div>\n\t\t<\/div>\n\t\t\t\t\t<\/div>\n\t\t<\/section>\n\t\t\t\t<section class=\"elementor-section elementor-top-section elementor-element elementor-element-3931ee3 elementor-section-boxed elementor-section-height-default elementor-section-height-default\" data-id=\"3931ee3\" data-element_type=\"section\" data-e-type=\"section\" data-settings=\"{&quot;_ha_eqh_enable&quot;:false}\">\n\t\t\t\t\t\t<div class=\"elementor-container elementor-column-gap-default\">\n\t\t\t\t\t<div class=\"elementor-column elementor-col-100 elementor-top-column elementor-element elementor-element-12bf2ea\" data-id=\"12bf2ea\" data-element_type=\"column\" data-e-type=\"column\">\n\t\t\t<div class=\"elementor-widget-wrap elementor-element-populated\">\n\t\t\t\t\t\t<div class=\"elementor-element elementor-element-50f40d1e elementor-widget elementor-widget-text-editor\" data-id=\"50f40d1e\" data-element_type=\"widget\" data-e-type=\"widget\" data-widget_type=\"text-editor.default\">\n\t\t\t\t<div class=\"elementor-widget-container\">\n\t\t\t\t\t\t\t\t\t<p style=\"text-align: left;\">Ein hochwertiges Sonnensegel ist die ideale L\u00f6sung, um Ihre Terrasse, Ihren Balkon oder den Garten in Pirna stilvoll zu verschatten. Mit den <strong>flexiblen<\/strong> und <strong>wetterbest\u00e4ndigen<\/strong> <strong>Sonnensegeln<\/strong> von WAREMA erhalten Sie <strong>optimalen<\/strong> <strong>Schutz<\/strong> vor <strong>intensiver<\/strong> <strong>Sonneneinstrahlung<\/strong> und <strong>UV-Strahlen<\/strong>. Dabei setzen Sie zugleich elegante Akzente in Ihrem Au\u00dfenbereich. Ob als freistehende Variante oder an der Fassade montiert \u2013 unsere Sonnensegel bieten Ihnen <strong>ma\u00dfgeschneiderte<\/strong> <strong>L\u00f6sungen<\/strong> f\u00fcr <strong>h\u00f6chsten<\/strong> <strong>Komfort<\/strong>.<\/p>\t\t\t\t\t\t\t\t<\/div>\n\t\t\t\t<\/div>\n\t\t\t\t\t<\/div>\n\t\t<\/div>\n\t\t\t\t\t<\/div>\n\t\t<\/section>\n\t\t<div class=\"elementor-element elementor-element-10d0341 e-flex e-con-boxed e-con e-parent\" data-id=\"10d0341\" data-element_type=\"container\" data-e-type=\"container\" data-settings=\"{&quot;_ha_eqh_enable&quot;:false}\">\n\t\t\t\t\t<div class=\"e-con-inner\">\n\t\t\t\t<div class=\"elementor-element elementor-element-810b0ae elementor-widget-divider--view-line elementor-widget elementor-widget-divider\" data-id=\"810b0ae\" data-element_type=\"widget\" data-e-type=\"widget\" data-widget_type=\"divider.default\">\n\t\t\t\t<div class=\"elementor-widget-container\">\n\t\t\t\t\t\t\t<div class=\"elementor-divider\">\n\t\t\t<span class=\"elementor-divider-separator\">\n\t\t\t\t\t\t<\/span>\n\t\t<\/div>\n\t\t\t\t\t\t<\/div>\n\t\t\t\t<\/div>\n\t\t\t\t\t<\/div>\n\t\t\t\t<\/div>\n\t\t\t\t<section class=\"elementor-section elementor-top-section elementor-element elementor-element-ec45ef8 elementor-section-boxed elementor-section-height-default elementor-section-height-default\" data-id=\"ec45ef8\" data-element_type=\"section\" data-e-type=\"section\" data-settings=\"{&quot;_ha_eqh_enable&quot;:false}\">\n\t\t\t\t\t\t<div class=\"elementor-container elementor-column-gap-default\">\n\t\t\t\t\t<div class=\"elementor-column elementor-col-50 elementor-top-column elementor-element elementor-element-94e976a\" data-id=\"94e976a\" data-element_type=\"column\" data-e-type=\"column\">\n\t\t\t<div class=\"elementor-widget-wrap elementor-element-populated\">\n\t\t\t\t\t\t<div class=\"elementor-element elementor-element-04656fd elementor-widget elementor-widget-heading\" data-id=\"04656fd\" data-element_type=\"widget\" data-e-type=\"widget\" id=\"s70\" data-widget_type=\"heading.default\">\n\t\t\t\t<div class=\"elementor-widget-container\">\n\t\t\t\t\t<div class=\"elementor-heading-title elementor-size-default\"><br><span style=\");, sans-serif;white-space: normal\">Sonnensegel von WAREMA \u2013 Funktionalit\u00e4t trifft auf Design<\/span><\/div>\t\t\t\t<\/div>\n\t\t\t\t<\/div>\n\t\t\t\t<div class=\"elementor-element elementor-element-c4ba82d elementor-widget elementor-widget-text-editor\" data-id=\"c4ba82d\" data-element_type=\"widget\" data-e-type=\"widget\" data-widget_type=\"text-editor.default\">\n\t\t\t\t<div class=\"elementor-widget-container\">\n\t\t\t\t\t\t\t\t\t<p>Die Sonnensegel der Marke WAREMA \u00fcberzeugen durch <strong>innovative<\/strong> <strong>Technik<\/strong>, <strong>hochwertige<\/strong> <strong>Materialien<\/strong> und ein <strong>modernes<\/strong> <strong>Design<\/strong>. Dank flexibler Montagem\u00f6glichkeiten f\u00fcgen sie sich harmonisch in jede Umgebung ein. Besonders hervorzuheben sind die Modelle der Sonea-Serie, die sich durch <strong>durchdachte<\/strong> <strong>Details<\/strong>, <strong>hohe<\/strong> <strong>Windstabilit\u00e4t<\/strong> und <strong>smarte<\/strong> <strong>Bedienfunktionen<\/strong> auszeichnen.<\/p>\t\t\t\t\t\t\t\t<\/div>\n\t\t\t\t<\/div>\n\t\t\t\t\t<\/div>\n\t\t<\/div>\n\t\t\t\t<div class=\"elementor-column elementor-col-50 elementor-top-column elementor-element elementor-element-6a5eada\" data-id=\"6a5eada\" data-element_type=\"column\" data-e-type=\"column\">\n\t\t\t<div class=\"elementor-widget-wrap elementor-element-populated\">\n\t\t\t\t\t\t<div class=\"elementor-element elementor-element-dc5f2e2 elementor-widget elementor-widget-image-gallery\" data-id=\"dc5f2e2\" data-element_type=\"widget\" data-e-type=\"widget\" data-widget_type=\"image-gallery.default\">\n\t\t\t\t<div class=\"elementor-widget-container\">\n\t\t\t\t\t\t\t<div class=\"elementor-image-gallery\">\n\t\t\t<div id='gallery-1' class='gallery galleryid-2371 gallery-columns-1 gallery-size-medium_large'><figure class='gallery-item'>\n\t\t\t<div class='gallery-icon landscape'>\n\t\t\t\t<a data-elementor-open-lightbox=\"yes\" data-elementor-lightbox-slideshow=\"dc5f2e2\" data-elementor-lightbox-title=\"sonnensegel-fuer-pirna\" data-e-action-hash=\"#elementor-action%3Aaction%3Dlightbox%26settings%3DeyJpZCI6MjM5MSwidXJsIjoiaHR0cHM6XC9cL3JvbGxhZGVuLW1hcmtpc2VuLmRlXC9kcmVzZGVuXC93cC1jb250ZW50XC91cGxvYWRzXC8yMDI1XC8wM1wvc29ubmVuc2VnZWwtZnVlci1waXJuYS5qcGciLCJzbGlkZXNob3ciOiJkYzVmMmUyIn0%3D\" href='https:\/\/rolladen-markisen.de\/dresden\/wp-content\/uploads\/2025\/03\/sonnensegel-fuer-pirna.jpg'><img fetchpriority=\"high\" decoding=\"async\" width=\"768\" height=\"563\" src=\"https:\/\/rolladen-markisen.de\/dresden\/wp-content\/uploads\/2025\/03\/sonnensegel-fuer-pirna-768x563.jpg\" class=\"attachment-medium_large size-medium_large\" alt=\"\" srcset=\"https:\/\/rolladen-markisen.de\/dresden\/wp-content\/uploads\/2025\/03\/sonnensegel-fuer-pirna-768x563.jpg 768w, https:\/\/rolladen-markisen.de\/dresden\/wp-content\/uploads\/2025\/03\/sonnensegel-fuer-pirna-300x220.jpg 300w, https:\/\/rolladen-markisen.de\/dresden\/wp-content\/uploads\/2025\/03\/sonnensegel-fuer-pirna-1024x750.jpg 1024w, https:\/\/rolladen-markisen.de\/dresden\/wp-content\/uploads\/2025\/03\/sonnensegel-fuer-pirna-1536x1126.jpg 1536w, https:\/\/rolladen-markisen.de\/dresden\/wp-content\/uploads\/2025\/03\/sonnensegel-fuer-pirna.jpg 1920w\" sizes=\"(max-width: 768px) 100vw, 768px\" \/><\/a>\n\t\t\t<\/div><\/figure>\n\t\t<\/div>\n\t\t<\/div>\n\t\t\t\t\t\t<\/div>\n\t\t\t\t<\/div>\n\t\t\t\t\t<\/div>\n\t\t<\/div>\n\t\t\t\t\t<\/div>\n\t\t<\/section>\n\t\t\t\t<section class=\"elementor-section elementor-top-section elementor-element elementor-element-63c47c38 elementor-section-boxed elementor-section-height-default elementor-section-height-default\" data-id=\"63c47c38\" data-element_type=\"section\" data-e-type=\"section\" data-settings=\"{&quot;_ha_eqh_enable&quot;:false}\">\n\t\t\t\t\t\t<div class=\"elementor-container elementor-column-gap-default\">\n\t\t\t\t\t<div class=\"elementor-column elementor-col-100 elementor-top-column elementor-element elementor-element-a9d0e69\" data-id=\"a9d0e69\" data-element_type=\"column\" data-e-type=\"column\">\n\t\t\t<div class=\"elementor-widget-wrap elementor-element-populated\">\n\t\t\t\t\t\t<section class=\"elementor-section elementor-inner-section elementor-element elementor-element-30816f8 elementor-section-boxed elementor-section-height-default elementor-section-height-default\" data-id=\"30816f8\" data-element_type=\"section\" data-e-type=\"section\" id=\"l50\" data-settings=\"{&quot;_ha_eqh_enable&quot;:false}\">\n\t\t\t\t\t\t<div class=\"elementor-container elementor-column-gap-default\">\n\t\t\t\t\t<div class=\"elementor-column elementor-col-100 elementor-inner-column elementor-element elementor-element-714c4d06\" data-id=\"714c4d06\" data-element_type=\"column\" data-e-type=\"column\">\n\t\t\t<div class=\"elementor-widget-wrap elementor-element-populated\">\n\t\t\t\t\t\t<section class=\"elementor-section elementor-inner-section elementor-element elementor-element-5bd20dbe elementor-section-content-middle elementor-section-boxed elementor-section-height-default elementor-section-height-default\" data-id=\"5bd20dbe\" data-element_type=\"section\" data-e-type=\"section\" data-settings=\"{&quot;_ha_eqh_enable&quot;:false}\">\n\t\t\t\t\t\t<div class=\"elementor-container elementor-column-gap-default\">\n\t\t\t\t\t<div class=\"elementor-column elementor-col-50 elementor-inner-column elementor-element elementor-element-242caba1\" data-id=\"242caba1\" data-element_type=\"column\" data-e-type=\"column\">\n\t\t\t<div class=\"elementor-widget-wrap elementor-element-populated\">\n\t\t\t\t\t\t<div class=\"elementor-element elementor-element-7b69c620 elementor-widget elementor-widget-heading\" data-id=\"7b69c620\" data-element_type=\"widget\" data-e-type=\"widget\" data-widget_type=\"heading.default\">\n\t\t\t\t<div class=\"elementor-widget-container\">\n\t\t\t\t\t<h3 class=\"elementor-heading-title elementor-size-default\">Sonnensegel Sonea S70 <\/h3>\t\t\t\t<\/div>\n\t\t\t\t<\/div>\n\t\t\t\t<div class=\"elementor-element elementor-element-2d52bd0 elementor-widget elementor-widget-heading\" data-id=\"2d52bd0\" data-element_type=\"widget\" data-e-type=\"widget\" data-widget_type=\"heading.default\">\n\t\t\t\t<div class=\"elementor-widget-container\">\n\t\t\t\t\t<h3 class=\"elementor-heading-title elementor-size-default\">Smarter Eyecatcher f\u00fcr Garten und Terrasse<\/h3>\t\t\t\t<\/div>\n\t\t\t\t<\/div>\n\t\t\t\t<div class=\"elementor-element elementor-element-05a0463 elementor-widget elementor-widget-text-editor\" data-id=\"05a0463\" data-element_type=\"widget\" data-e-type=\"widget\" data-widget_type=\"text-editor.default\">\n\t\t\t\t<div class=\"elementor-widget-container\">\n\t\t\t\t\t\t\t\t\t<p>Das Modell Sonea S70 ist eine <strong>stilvolle<\/strong> und <strong>kompakte<\/strong> <strong>Sonnenschutzl\u00f6sung<\/strong>, die sich durch ihre <strong>moderne<\/strong> <strong>Optik<\/strong> und <strong>innovative<\/strong> <strong>Technik<\/strong> auszeichnet. Besonders praktisch: Der Motor ist unsichtbar in der Tuchwelle integriert, sodass das Design besonders elegant wirkt. Ideal f\u00fcr Terrassen und G\u00e4rten in Pirna, die eine <strong>anspruchsvolle<\/strong> <strong>Beschattungsl\u00f6sung<\/strong> ben\u00f6tigen.<\/p><p>\u00a0<\/p>\t\t\t\t\t\t\t\t<\/div>\n\t\t\t\t<\/div>\n\t\t\t\t\t<\/div>\n\t\t<\/div>\n\t\t\t\t<div class=\"elementor-column elementor-col-50 elementor-inner-column elementor-element elementor-element-79b9722\" data-id=\"79b9722\" data-element_type=\"column\" data-e-type=\"column\">\n\t\t\t<div class=\"elementor-widget-wrap elementor-element-populated\">\n\t\t\t\t\t\t<div class=\"elementor-element elementor-element-24ced228 elementor-widget elementor-widget-image\" data-id=\"24ced228\" data-element_type=\"widget\" data-e-type=\"widget\" data-widget_type=\"image.default\">\n\t\t\t\t<div class=\"elementor-widget-container\">\n\t\t\t\t\t\t\t\t\t\t\t\t\t\t\t<img decoding=\"async\" width=\"560\" height=\"367\" src=\"https:\/\/rolladen-markisen.de\/dresden\/wp-content\/uploads\/2025\/03\/soneas70.png\" class=\"attachment-large size-large wp-image-2395\" alt=\"\" srcset=\"https:\/\/rolladen-markisen.de\/dresden\/wp-content\/uploads\/2025\/03\/soneas70.png 560w, https:\/\/rolladen-markisen.de\/dresden\/wp-content\/uploads\/2025\/03\/soneas70-300x197.png 300w\" sizes=\"(max-width: 560px) 100vw, 560px\" \/>\t\t\t\t\t\t\t\t\t\t\t\t\t\t\t<\/div>\n\t\t\t\t<\/div>\n\t\t\t\t\t<\/div>\n\t\t<\/div>\n\t\t\t\t\t<\/div>\n\t\t<\/section>\n\t\t\t\t<div class=\"elementor-element elementor-element-508c5d45 ha-image-grid--even elementor-widget elementor-widget-ha-image-grid happy-addon ha-image-grid\" data-id=\"508c5d45\" data-element_type=\"widget\" data-e-type=\"widget\" data-settings=\"{&quot;layout&quot;:&quot;even&quot;,&quot;enable_popup&quot;:&quot;yes&quot;}\" data-widget_type=\"ha-image-grid.default\">\n\t\t\t\t<div class=\"elementor-widget-container\">\n\t\t\t\t\t\n\t\t<div class=\"ha-image-grid__wrap hajs-isotope ha-lightbox--has\">\n\t\t\t\t\t\t\t\n\t\t\t\t<a href=\"#\" data-mfp-src=\"https:\/\/rolladen-markisen.de\/dresden\/wp-content\/uploads\/2023\/09\/sonnensegel-dresden-1024x683.jpg\" class=\"ha-image-grid__item ha-js-lightbox __fltr-1\">\n\t\t\t\t\t<img decoding=\"async\" width=\"768\" height=\"512\" src=\"https:\/\/rolladen-markisen.de\/dresden\/wp-content\/uploads\/2023\/09\/sonnensegel-dresden-768x512.jpg\" class=\"elementor-animation-grow\" alt=\"\" srcset=\"https:\/\/rolladen-markisen.de\/dresden\/wp-content\/uploads\/2023\/09\/sonnensegel-dresden-768x512.jpg 768w, https:\/\/rolladen-markisen.de\/dresden\/wp-content\/uploads\/2023\/09\/sonnensegel-dresden-300x200.jpg 300w, https:\/\/rolladen-markisen.de\/dresden\/wp-content\/uploads\/2023\/09\/sonnensegel-dresden-1024x683.jpg 1024w, https:\/\/rolladen-markisen.de\/dresden\/wp-content\/uploads\/2023\/09\/sonnensegel-dresden-1536x1024.jpg 1536w, https:\/\/rolladen-markisen.de\/dresden\/wp-content\/uploads\/2023\/09\/sonnensegel-dresden.jpg 1920w\" sizes=\"(max-width: 768px) 100vw, 768px\" \/>\t\t\t\t<\/a>\n\t\t\t\t\t\t\t\n\t\t\t\t<a href=\"#\" data-mfp-src=\"https:\/\/rolladen-markisen.de\/dresden\/wp-content\/uploads\/2023\/09\/sonnensegel-in-dresden-1024x683.jpg\" class=\"ha-image-grid__item ha-js-lightbox __fltr-1\">\n\t\t\t\t\t<img loading=\"lazy\" decoding=\"async\" width=\"768\" height=\"512\" src=\"https:\/\/rolladen-markisen.de\/dresden\/wp-content\/uploads\/2023\/09\/sonnensegel-in-dresden-768x512.jpg\" class=\"elementor-animation-grow\" alt=\"\" srcset=\"https:\/\/rolladen-markisen.de\/dresden\/wp-content\/uploads\/2023\/09\/sonnensegel-in-dresden-768x512.jpg 768w, https:\/\/rolladen-markisen.de\/dresden\/wp-content\/uploads\/2023\/09\/sonnensegel-in-dresden-300x200.jpg 300w, https:\/\/rolladen-markisen.de\/dresden\/wp-content\/uploads\/2023\/09\/sonnensegel-in-dresden-1024x683.jpg 1024w, https:\/\/rolladen-markisen.de\/dresden\/wp-content\/uploads\/2023\/09\/sonnensegel-in-dresden-1536x1024.jpg 1536w, https:\/\/rolladen-markisen.de\/dresden\/wp-content\/uploads\/2023\/09\/sonnensegel-in-dresden.jpg 1920w\" sizes=\"(max-width: 768px) 100vw, 768px\" \/>\t\t\t\t<\/a>\n\t\t\t\t\t\t\t\n\t\t\t\t<a href=\"#\" data-mfp-src=\"https:\/\/rolladen-markisen.de\/dresden\/wp-content\/uploads\/2025\/03\/Sonea-S70-2-1024x513.jpg\" class=\"ha-image-grid__item ha-js-lightbox __fltr-1\">\n\t\t\t\t\t<img loading=\"lazy\" decoding=\"async\" width=\"768\" height=\"385\" src=\"https:\/\/rolladen-markisen.de\/dresden\/wp-content\/uploads\/2025\/03\/Sonea-S70-2-768x385.jpg\" class=\"elementor-animation-grow\" alt=\"\" srcset=\"https:\/\/rolladen-markisen.de\/dresden\/wp-content\/uploads\/2025\/03\/Sonea-S70-2-768x385.jpg 768w, https:\/\/rolladen-markisen.de\/dresden\/wp-content\/uploads\/2025\/03\/Sonea-S70-2-300x150.jpg 300w, https:\/\/rolladen-markisen.de\/dresden\/wp-content\/uploads\/2025\/03\/Sonea-S70-2-1024x513.jpg 1024w, https:\/\/rolladen-markisen.de\/dresden\/wp-content\/uploads\/2025\/03\/Sonea-S70-2.jpg 1500w\" sizes=\"(max-width: 768px) 100vw, 768px\" \/>\t\t\t\t<\/a>\n\t\t\t\t\t<\/div>\n\n\t\t\t\t\t\t<\/div>\n\t\t\t\t<\/div>\n\t\t\t\t\t<\/div>\n\t\t<\/div>\n\t\t\t\t\t<\/div>\n\t\t<\/section>\n\t\t\t\t<section class=\"elementor-section elementor-inner-section elementor-element elementor-element-2e5262e7 elementor-section-boxed elementor-section-height-default elementor-section-height-default\" data-id=\"2e5262e7\" data-element_type=\"section\" data-e-type=\"section\" id=\"s50\" data-settings=\"{&quot;_ha_eqh_enable&quot;:false}\">\n\t\t\t\t\t\t<div class=\"elementor-container elementor-column-gap-default\">\n\t\t\t\t\t<div class=\"elementor-column elementor-col-100 elementor-inner-column elementor-element elementor-element-71f8b536\" data-id=\"71f8b536\" data-element_type=\"column\" data-e-type=\"column\">\n\t\t\t<div class=\"elementor-widget-wrap elementor-element-populated\">\n\t\t\t\t\t\t<section class=\"elementor-section elementor-inner-section elementor-element elementor-element-48c98954 elementor-section-content-middle elementor-section-boxed elementor-section-height-default elementor-section-height-default\" data-id=\"48c98954\" data-element_type=\"section\" data-e-type=\"section\" data-settings=\"{&quot;_ha_eqh_enable&quot;:false}\">\n\t\t\t\t\t\t<div class=\"elementor-container elementor-column-gap-default\">\n\t\t\t\t\t<div class=\"elementor-column elementor-col-50 elementor-inner-column elementor-element elementor-element-18a8a05d\" data-id=\"18a8a05d\" data-element_type=\"column\" data-e-type=\"column\">\n\t\t\t<div class=\"elementor-widget-wrap elementor-element-populated\">\n\t\t\t\t\t\t<div class=\"elementor-element elementor-element-60afe1f9 elementor-widget elementor-widget-heading\" data-id=\"60afe1f9\" data-element_type=\"widget\" data-e-type=\"widget\" data-widget_type=\"heading.default\">\n\t\t\t\t<div class=\"elementor-widget-container\">\n\t\t\t\t\t<h3 class=\"elementor-heading-title elementor-size-default\">Sonnensegel Sonea S50 <\/h3>\t\t\t\t<\/div>\n\t\t\t\t<\/div>\n\t\t\t\t<div class=\"elementor-element elementor-element-aa8d277 elementor-widget elementor-widget-heading\" data-id=\"aa8d277\" data-element_type=\"widget\" data-e-type=\"widget\" data-widget_type=\"heading.default\">\n\t\t\t\t<div class=\"elementor-widget-container\">\n\t\t\t\t\t<h3 class=\"elementor-heading-title elementor-size-default\">Stabil und elegant mit Kurbelbedienung<\/h3>\t\t\t\t<\/div>\n\t\t\t\t<\/div>\n\t\t\t\t<div class=\"elementor-element elementor-element-c216b71 elementor-widget elementor-widget-text-editor\" data-id=\"c216b71\" data-element_type=\"widget\" data-e-type=\"widget\" data-widget_type=\"text-editor.default\">\n\t\t\t\t<div class=\"elementor-widget-container\">\n\t\t\t\t\t\t\t\t\t<p>Das Sonea S50 \u00fcberzeugt mit einem strahlenf\u00f6rmigen Tuchzuschnitt \u2013 ein <strong>echtes<\/strong> <strong>Designelement<\/strong>, das f\u00fcr einen individuellen Look sorgt. Es ist <strong>besonders<\/strong> <strong>stabil<\/strong> und wird komfortabel per Kurbel bedient. Ob als Highlight an der Hauswand oder als freistehende L\u00f6sung im Garten \u2013 dieses Modell ist sowohl <strong>funktional<\/strong> als auch ein <strong>optischer<\/strong> <strong>Blickfang<\/strong>.<\/p>\t\t\t\t\t\t\t\t<\/div>\n\t\t\t\t<\/div>\n\t\t\t\t\t<\/div>\n\t\t<\/div>\n\t\t\t\t<div class=\"elementor-column elementor-col-50 elementor-inner-column elementor-element elementor-element-ac09e00\" data-id=\"ac09e00\" data-element_type=\"column\" data-e-type=\"column\">\n\t\t\t<div class=\"elementor-widget-wrap elementor-element-populated\">\n\t\t\t\t\t\t<div class=\"elementor-element elementor-element-2dfbc801 elementor-widget elementor-widget-image\" data-id=\"2dfbc801\" data-element_type=\"widget\" data-e-type=\"widget\" data-widget_type=\"image.default\">\n\t\t\t\t<div class=\"elementor-widget-container\">\n\t\t\t\t\t\t\t\t\t\t\t\t\t\t\t<img loading=\"lazy\" decoding=\"async\" width=\"560\" height=\"350\" src=\"https:\/\/rolladen-markisen.de\/dresden\/wp-content\/uploads\/2025\/03\/soneas50.png\" class=\"attachment-large size-large wp-image-2399\" alt=\"\" srcset=\"https:\/\/rolladen-markisen.de\/dresden\/wp-content\/uploads\/2025\/03\/soneas50.png 560w, https:\/\/rolladen-markisen.de\/dresden\/wp-content\/uploads\/2025\/03\/soneas50-300x188.png 300w\" sizes=\"(max-width: 560px) 100vw, 560px\" \/>\t\t\t\t\t\t\t\t\t\t\t\t\t\t\t<\/div>\n\t\t\t\t<\/div>\n\t\t\t\t\t<\/div>\n\t\t<\/div>\n\t\t\t\t\t<\/div>\n\t\t<\/section>\n\t\t\t\t<div class=\"elementor-element elementor-element-795faf82 elementor-widget elementor-widget-spacer\" data-id=\"795faf82\" data-element_type=\"widget\" data-e-type=\"widget\" data-widget_type=\"spacer.default\">\n\t\t\t\t<div class=\"elementor-widget-container\">\n\t\t\t\t\t\t\t<div class=\"elementor-spacer\">\n\t\t\t<div class=\"elementor-spacer-inner\"><\/div>\n\t\t<\/div>\n\t\t\t\t\t\t<\/div>\n\t\t\t\t<\/div>\n\t\t\t\t<div class=\"elementor-element elementor-element-7ae79ab1 ha-image-grid--even elementor-widget elementor-widget-ha-image-grid happy-addon ha-image-grid\" data-id=\"7ae79ab1\" data-element_type=\"widget\" data-e-type=\"widget\" data-settings=\"{&quot;layout&quot;:&quot;even&quot;,&quot;enable_popup&quot;:&quot;yes&quot;}\" data-widget_type=\"ha-image-grid.default\">\n\t\t\t\t<div class=\"elementor-widget-container\">\n\t\t\t\t\t\n\t\t<div class=\"ha-image-grid__wrap hajs-isotope ha-lightbox--has\">\n\t\t\t\t\t\t\t\n\t\t\t\t<a href=\"#\" data-mfp-src=\"https:\/\/rolladen-markisen.de\/dresden\/wp-content\/uploads\/2025\/03\/sonnensegel-fuer-dresden-1024x683.jpg\" class=\"ha-image-grid__item ha-js-lightbox __fltr-1\">\n\t\t\t\t\t<img loading=\"lazy\" decoding=\"async\" width=\"800\" height=\"534\" src=\"https:\/\/rolladen-markisen.de\/dresden\/wp-content\/uploads\/2025\/03\/sonnensegel-fuer-dresden-1024x683.jpg\" class=\"elementor-animation-grow\" alt=\"\" srcset=\"https:\/\/rolladen-markisen.de\/dresden\/wp-content\/uploads\/2025\/03\/sonnensegel-fuer-dresden-1024x683.jpg 1024w, https:\/\/rolladen-markisen.de\/dresden\/wp-content\/uploads\/2025\/03\/sonnensegel-fuer-dresden-300x200.jpg 300w, https:\/\/rolladen-markisen.de\/dresden\/wp-content\/uploads\/2025\/03\/sonnensegel-fuer-dresden-768x512.jpg 768w, https:\/\/rolladen-markisen.de\/dresden\/wp-content\/uploads\/2025\/03\/sonnensegel-fuer-dresden-1536x1024.jpg 1536w, https:\/\/rolladen-markisen.de\/dresden\/wp-content\/uploads\/2025\/03\/sonnensegel-fuer-dresden.jpg 1920w\" sizes=\"(max-width: 800px) 100vw, 800px\" \/>\t\t\t\t<\/a>\n\t\t\t\t\t\t\t\n\t\t\t\t<a href=\"#\" data-mfp-src=\"https:\/\/rolladen-markisen.de\/dresden\/wp-content\/uploads\/2025\/03\/IMG_8910-scaled-1-1024x768.jpeg\" class=\"ha-image-grid__item ha-js-lightbox __fltr-1\">\n\t\t\t\t\t<img loading=\"lazy\" decoding=\"async\" width=\"800\" height=\"600\" src=\"https:\/\/rolladen-markisen.de\/dresden\/wp-content\/uploads\/2025\/03\/IMG_8910-scaled-1-1024x768.jpeg\" class=\"elementor-animation-grow\" alt=\"\" srcset=\"https:\/\/rolladen-markisen.de\/dresden\/wp-content\/uploads\/2025\/03\/IMG_8910-scaled-1-1024x768.jpeg 1024w, https:\/\/rolladen-markisen.de\/dresden\/wp-content\/uploads\/2025\/03\/IMG_8910-scaled-1-300x225.jpeg 300w, https:\/\/rolladen-markisen.de\/dresden\/wp-content\/uploads\/2025\/03\/IMG_8910-scaled-1-768x576.jpeg 768w, https:\/\/rolladen-markisen.de\/dresden\/wp-content\/uploads\/2025\/03\/IMG_8910-scaled-1-1536x1152.jpeg 1536w, https:\/\/rolladen-markisen.de\/dresden\/wp-content\/uploads\/2025\/03\/IMG_8910-scaled-1-2048x1536.jpeg 2048w\" sizes=\"(max-width: 800px) 100vw, 800px\" \/>\t\t\t\t<\/a>\n\t\t\t\t\t\t\t\n\t\t\t\t<a href=\"#\" data-mfp-src=\"https:\/\/rolladen-markisen.de\/dresden\/wp-content\/uploads\/2025\/03\/soneas50.jpg\" class=\"ha-image-grid__item ha-js-lightbox __fltr-1\">\n\t\t\t\t\t<img loading=\"lazy\" decoding=\"async\" width=\"560\" height=\"270\" src=\"https:\/\/rolladen-markisen.de\/dresden\/wp-content\/uploads\/2025\/03\/soneas50.jpg\" class=\"elementor-animation-grow\" alt=\"\" srcset=\"https:\/\/rolladen-markisen.de\/dresden\/wp-content\/uploads\/2025\/03\/soneas50.jpg 560w, https:\/\/rolladen-markisen.de\/dresden\/wp-content\/uploads\/2025\/03\/soneas50-300x145.jpg 300w\" sizes=\"(max-width: 560px) 100vw, 560px\" \/>\t\t\t\t<\/a>\n\t\t\t\t\t<\/div>\n\n\t\t\t\t\t\t<\/div>\n\t\t\t\t<\/div>\n\t\t\t\t\t<\/div>\n\t\t<\/div>\n\t\t\t\t\t<\/div>\n\t\t<\/section>\n\t\t\t\t<section class=\"elementor-section elementor-inner-section elementor-element elementor-element-f8f42a0 elementor-section-boxed elementor-section-height-default elementor-section-height-default\" data-id=\"f8f42a0\" data-element_type=\"section\" data-e-type=\"section\" id=\"s40\" data-settings=\"{&quot;_ha_eqh_enable&quot;:false}\">\n\t\t\t\t\t\t<div class=\"elementor-container elementor-column-gap-default\">\n\t\t\t\t\t<div class=\"elementor-column elementor-col-100 elementor-inner-column elementor-element elementor-element-b604919\" data-id=\"b604919\" data-element_type=\"column\" data-e-type=\"column\">\n\t\t\t<div class=\"elementor-widget-wrap elementor-element-populated\">\n\t\t\t\t\t\t<section class=\"elementor-section elementor-inner-section elementor-element elementor-element-01ff6c9 elementor-section-content-middle elementor-section-boxed elementor-section-height-default elementor-section-height-default\" data-id=\"01ff6c9\" data-element_type=\"section\" data-e-type=\"section\" data-settings=\"{&quot;_ha_eqh_enable&quot;:false}\">\n\t\t\t\t\t\t<div class=\"elementor-container elementor-column-gap-default\">\n\t\t\t\t\t<div class=\"elementor-column elementor-col-50 elementor-inner-column elementor-element elementor-element-2a0edf3\" data-id=\"2a0edf3\" data-element_type=\"column\" data-e-type=\"column\">\n\t\t\t<div class=\"elementor-widget-wrap elementor-element-populated\">\n\t\t\t\t\t\t<div class=\"elementor-element elementor-element-c94ba1c elementor-widget elementor-widget-heading\" data-id=\"c94ba1c\" data-element_type=\"widget\" data-e-type=\"widget\" data-widget_type=\"heading.default\">\n\t\t\t\t<div class=\"elementor-widget-container\">\n\t\t\t\t\t<h3 class=\"elementor-heading-title elementor-size-default\">Sonnensegel Sonea S40 <\/h3>\t\t\t\t<\/div>\n\t\t\t\t<\/div>\n\t\t\t\t<div class=\"elementor-element elementor-element-abdede9 elementor-widget elementor-widget-heading\" data-id=\"abdede9\" data-element_type=\"widget\" data-e-type=\"widget\" data-widget_type=\"heading.default\">\n\t\t\t\t<div class=\"elementor-widget-container\">\n\t\t\t\t\t<h3 class=\"elementor-heading-title elementor-size-default\">Leicht und flexibel<\/h3>\t\t\t\t<\/div>\n\t\t\t\t<\/div>\n\t\t\t\t<div class=\"elementor-element elementor-element-25394e8 elementor-widget elementor-widget-text-editor\" data-id=\"25394e8\" data-element_type=\"widget\" data-e-type=\"widget\" data-widget_type=\"text-editor.default\">\n\t\t\t\t<div class=\"elementor-widget-container\">\n\t\t\t\t\t\t\t\t\t<p>Mit seinem charakteristischen quadratischen Zuschnitt ist das Sonea S40 eine <strong>minimalistische<\/strong> und zugleich <strong>effektive<\/strong> <strong>Beschattungsl\u00f6sung<\/strong>. Die Kurbelbedienung erm\u00f6glicht eine <strong>m\u00fchelose<\/strong> <strong>Anpassung<\/strong>, w\u00e4hrend die <strong>hochwertigen<\/strong> <strong>Materialien<\/strong> eine <strong>langlebige<\/strong> <strong>Nutzung<\/strong> garantieren. Perfekt f\u00fcr kleinere Terrassen oder Balkone in Pirna.<\/p>\t\t\t\t\t\t\t\t<\/div>\n\t\t\t\t<\/div>\n\t\t\t\t\t<\/div>\n\t\t<\/div>\n\t\t\t\t<div class=\"elementor-column elementor-col-50 elementor-inner-column elementor-element elementor-element-ef24b6c\" data-id=\"ef24b6c\" data-element_type=\"column\" data-e-type=\"column\">\n\t\t\t<div class=\"elementor-widget-wrap elementor-element-populated\">\n\t\t\t\t\t\t<div class=\"elementor-element elementor-element-afe0f4c elementor-widget elementor-widget-image\" data-id=\"afe0f4c\" data-element_type=\"widget\" data-e-type=\"widget\" data-widget_type=\"image.default\">\n\t\t\t\t<div class=\"elementor-widget-container\">\n\t\t\t\t\t\t\t\t\t\t\t\t\t\t\t<img loading=\"lazy\" decoding=\"async\" width=\"560\" height=\"350\" src=\"https:\/\/rolladen-markisen.de\/dresden\/wp-content\/uploads\/2025\/03\/soneas40.png\" class=\"attachment-large size-large wp-image-2400\" alt=\"\" srcset=\"https:\/\/rolladen-markisen.de\/dresden\/wp-content\/uploads\/2025\/03\/soneas40.png 560w, https:\/\/rolladen-markisen.de\/dresden\/wp-content\/uploads\/2025\/03\/soneas40-300x188.png 300w\" sizes=\"(max-width: 560px) 100vw, 560px\" \/>\t\t\t\t\t\t\t\t\t\t\t\t\t\t\t<\/div>\n\t\t\t\t<\/div>\n\t\t\t\t\t<\/div>\n\t\t<\/div>\n\t\t\t\t\t<\/div>\n\t\t<\/section>\n\t\t\t\t<div class=\"elementor-element elementor-element-10b764a elementor-widget elementor-widget-spacer\" data-id=\"10b764a\" data-element_type=\"widget\" data-e-type=\"widget\" data-widget_type=\"spacer.default\">\n\t\t\t\t<div class=\"elementor-widget-container\">\n\t\t\t\t\t\t\t<div class=\"elementor-spacer\">\n\t\t\t<div class=\"elementor-spacer-inner\"><\/div>\n\t\t<\/div>\n\t\t\t\t\t\t<\/div>\n\t\t\t\t<\/div>\n\t\t\t\t\t<\/div>\n\t\t<\/div>\n\t\t\t\t\t<\/div>\n\t\t<\/section>\n\t\t\t\t<div class=\"elementor-element elementor-element-24563d3 ha-image-grid--even elementor-widget elementor-widget-ha-image-grid happy-addon ha-image-grid\" data-id=\"24563d3\" data-element_type=\"widget\" data-e-type=\"widget\" data-settings=\"{&quot;layout&quot;:&quot;even&quot;,&quot;enable_popup&quot;:&quot;yes&quot;}\" data-widget_type=\"ha-image-grid.default\">\n\t\t\t\t<div class=\"elementor-widget-container\">\n\t\t\t\t\t\n\t\t<div class=\"ha-image-grid__wrap hajs-isotope ha-lightbox--has\">\n\t\t\t\t\t\t\t\n\t\t\t\t<a href=\"#\" data-mfp-src=\"https:\/\/rolladen-markisen.de\/dresden\/wp-content\/uploads\/2025\/03\/soneas40.jpg\" class=\"ha-image-grid__item ha-js-lightbox __fltr-1\">\n\t\t\t\t\t<img loading=\"lazy\" decoding=\"async\" width=\"560\" height=\"270\" src=\"https:\/\/rolladen-markisen.de\/dresden\/wp-content\/uploads\/2025\/03\/soneas40.jpg\" class=\"elementor-animation-grow\" alt=\"\" srcset=\"https:\/\/rolladen-markisen.de\/dresden\/wp-content\/uploads\/2025\/03\/soneas40.jpg 560w, https:\/\/rolladen-markisen.de\/dresden\/wp-content\/uploads\/2025\/03\/soneas40-300x145.jpg 300w\" sizes=\"(max-width: 560px) 100vw, 560px\" \/>\t\t\t\t<\/a>\n\t\t\t\t\t\t\t\n\t\t\t\t<a href=\"#\" data-mfp-src=\"https:\/\/rolladen-markisen.de\/dresden\/wp-content\/uploads\/2025\/03\/dresden-sonnensegel-sonea-1024x681.jpg\" class=\"ha-image-grid__item ha-js-lightbox __fltr-1\">\n\t\t\t\t\t<img loading=\"lazy\" decoding=\"async\" width=\"800\" height=\"532\" src=\"https:\/\/rolladen-markisen.de\/dresden\/wp-content\/uploads\/2025\/03\/dresden-sonnensegel-sonea-1024x681.jpg\" class=\"elementor-animation-grow\" alt=\"\" srcset=\"https:\/\/rolladen-markisen.de\/dresden\/wp-content\/uploads\/2025\/03\/dresden-sonnensegel-sonea-1024x681.jpg 1024w, https:\/\/rolladen-markisen.de\/dresden\/wp-content\/uploads\/2025\/03\/dresden-sonnensegel-sonea-300x200.jpg 300w, https:\/\/rolladen-markisen.de\/dresden\/wp-content\/uploads\/2025\/03\/dresden-sonnensegel-sonea-768x511.jpg 768w, https:\/\/rolladen-markisen.de\/dresden\/wp-content\/uploads\/2025\/03\/dresden-sonnensegel-sonea-1536x1022.jpg 1536w, https:\/\/rolladen-markisen.de\/dresden\/wp-content\/uploads\/2025\/03\/dresden-sonnensegel-sonea.jpg 1920w\" sizes=\"(max-width: 800px) 100vw, 800px\" \/>\t\t\t\t<\/a>\n\t\t\t\t\t\t\t\n\t\t\t\t<a href=\"#\" data-mfp-src=\"https:\/\/rolladen-markisen.de\/dresden\/wp-content\/uploads\/2025\/03\/Sonea-S70-3-1-1024x646.jpg\" class=\"ha-image-grid__item ha-js-lightbox __fltr-1\">\n\t\t\t\t\t<img loading=\"lazy\" decoding=\"async\" width=\"800\" height=\"505\" src=\"https:\/\/rolladen-markisen.de\/dresden\/wp-content\/uploads\/2025\/03\/Sonea-S70-3-1-1024x646.jpg\" class=\"elementor-animation-grow\" alt=\"\" srcset=\"https:\/\/rolladen-markisen.de\/dresden\/wp-content\/uploads\/2025\/03\/Sonea-S70-3-1-1024x646.jpg 1024w, https:\/\/rolladen-markisen.de\/dresden\/wp-content\/uploads\/2025\/03\/Sonea-S70-3-1-300x189.jpg 300w, https:\/\/rolladen-markisen.de\/dresden\/wp-content\/uploads\/2025\/03\/Sonea-S70-3-1-768x484.jpg 768w, https:\/\/rolladen-markisen.de\/dresden\/wp-content\/uploads\/2025\/03\/Sonea-S70-3-1.jpg 1500w\" sizes=\"(max-width: 800px) 100vw, 800px\" \/>\t\t\t\t<\/a>\n\t\t\t\t\t<\/div>\n\n\t\t\t\t\t\t<\/div>\n\t\t\t\t<\/div>\n\t\t\t\t\t<\/div>\n\t\t<\/div>\n\t\t\t\t\t<\/div>\n\t\t<\/section>\n\t\t\t\t<section class=\"elementor-section elementor-top-section elementor-element elementor-element-402501b elementor-section-boxed elementor-section-height-default elementor-section-height-default\" data-id=\"402501b\" data-element_type=\"section\" data-e-type=\"section\" data-settings=\"{&quot;_ha_eqh_enable&quot;:false}\">\n\t\t\t\t\t\t<div class=\"elementor-container elementor-column-gap-default\">\n\t\t\t\t\t<div class=\"elementor-column elementor-col-100 elementor-top-column elementor-element elementor-element-84f51db\" data-id=\"84f51db\" data-element_type=\"column\" data-e-type=\"column\">\n\t\t\t<div class=\"elementor-widget-wrap elementor-element-populated\">\n\t\t\t\t\t\t<div class=\"elementor-element elementor-element-f595a2d elementor-widget elementor-widget-heading\" data-id=\"f595a2d\" data-element_type=\"widget\" data-e-type=\"widget\" data-widget_type=\"heading.default\">\n\t\t\t\t<div class=\"elementor-widget-container\">\n\t\t\t\t\t<h2 class=\"elementor-heading-title elementor-size-default\">\n\n<span style=\", sans-serif;white-space: normal\">\nZubeh\u00f6r f\u00fcr maximalen Komfort\n<\/span><\/h2>\t\t\t\t<\/div>\n\t\t\t\t<\/div>\n\t\t\t\t<div class=\"elementor-element elementor-element-7f3d6ad elementor-widget elementor-widget-text-editor\" data-id=\"7f3d6ad\" data-element_type=\"widget\" data-e-type=\"widget\" data-widget_type=\"text-editor.default\">\n\t\t\t\t<div class=\"elementor-widget-container\">\n\t\t\t\t\t\t\t\t\t<p>Erg\u00e4nzen Sie Ihr Sonnensegel mit individuellem Zubeh\u00f6r f\u00fcr noch mehr Komfort. Dazu geh\u00f6ren:<\/p>\t\t\t\t\t\t\t\t<\/div>\n\t\t\t\t<\/div>\n\t\t\t\t\t<\/div>\n\t\t<\/div>\n\t\t\t\t\t<\/div>\n\t\t<\/section>\n\t\t<div class=\"elementor-element elementor-element-9ca2827 e-flex e-con-boxed e-con e-parent\" data-id=\"9ca2827\" data-element_type=\"container\" data-e-type=\"container\" data-settings=\"{&quot;_ha_eqh_enable&quot;:false}\">\n\t\t\t\t\t<div class=\"e-con-inner\">\n\t\t\t\t<div class=\"elementor-element elementor-element-441d566 elementor-icon-list--layout-traditional elementor-list-item-link-full_width elementor-widget elementor-widget-icon-list\" data-id=\"441d566\" data-element_type=\"widget\" data-e-type=\"widget\" data-widget_type=\"icon-list.default\">\n\t\t\t\t<div class=\"elementor-widget-container\">\n\t\t\t\t\t\t\t<ul class=\"elementor-icon-list-items\">\n\t\t\t\t\t\t\t<li class=\"elementor-icon-list-item\">\n\t\t\t\t\t\t\t\t\t\t\t<span class=\"elementor-icon-list-icon\">\n\t\t\t\t\t\t\t<i aria-hidden=\"true\" class=\"hm hm-weather-sunny-day\"><\/i>\t\t\t\t\t\t<\/span>\n\t\t\t\t\t\t\t\t\t\t<span class=\"elementor-icon-list-text\">Smarte Steuerungssysteme f\u00fcr automatisches Ein- und Ausfahren<\/span>\n\t\t\t\t\t\t\t\t\t<\/li>\n\t\t\t\t\t\t\t\t<li class=\"elementor-icon-list-item\">\n\t\t\t\t\t\t\t\t\t\t\t<span class=\"elementor-icon-list-icon\">\n\t\t\t\t\t\t\t<i aria-hidden=\"true\" class=\"hm hm-weather-sunny-day\"><\/i>\t\t\t\t\t\t<\/span>\n\t\t\t\t\t\t\t\t\t\t<span class=\"elementor-icon-list-text\">Integrierte H\u00f6henverstellung zur Anpassung an den Sonnenstand<\/span>\n\t\t\t\t\t\t\t\t\t<\/li>\n\t\t\t\t\t\t\t\t<li class=\"elementor-icon-list-item\">\n\t\t\t\t\t\t\t\t\t\t\t<span class=\"elementor-icon-list-icon\">\n\t\t\t\t\t\t\t<i aria-hidden=\"true\" class=\"hm hm-weather-sunny-day\"><\/i>\t\t\t\t\t\t<\/span>\n\t\t\t\t\t\t\t\t\t\t<span class=\"elementor-icon-list-text\">Edelstahl-Pfosten f\u00fcr eine moderne Optik<\/span>\n\t\t\t\t\t\t\t\t\t<\/li>\n\t\t\t\t\t\t\t\t<li class=\"elementor-icon-list-item\">\n\t\t\t\t\t\t\t\t\t\t\t<span class=\"elementor-icon-list-icon\">\n\t\t\t\t\t\t\t<i aria-hidden=\"true\" class=\"hm hm-weather-sunny-day\"><\/i>\t\t\t\t\t\t<\/span>\n\t\t\t\t\t\t\t\t\t\t<span class=\"elementor-icon-list-text\">Hochwertige Segeltuch-Kollektionen in verschiedenen Farben und Designs<\/span>\n\t\t\t\t\t\t\t\t\t<\/li>\n\t\t\t\t\t\t<\/ul>\n\t\t\t\t\t\t<\/div>\n\t\t\t\t<\/div>\n\t\t\t\t\t<\/div>\n\t\t\t\t<\/div>\n\t\t<div class=\"elementor-element elementor-element-f3fbb59 e-flex e-con-boxed e-con e-parent\" data-id=\"f3fbb59\" data-element_type=\"container\" data-e-type=\"container\" data-settings=\"{&quot;_ha_eqh_enable&quot;:false}\">\n\t\t\t\t\t<div class=\"e-con-inner\">\n\t\t\t\t<div class=\"elementor-element elementor-element-4d61b90 elementor-widget elementor-widget-spacer\" data-id=\"4d61b90\" data-element_type=\"widget\" data-e-type=\"widget\" data-widget_type=\"spacer.default\">\n\t\t\t\t<div class=\"elementor-widget-container\">\n\t\t\t\t\t\t\t<div class=\"elementor-spacer\">\n\t\t\t<div class=\"elementor-spacer-inner\"><\/div>\n\t\t<\/div>\n\t\t\t\t\t\t<\/div>\n\t\t\t\t<\/div>\n\t\t\t\t\t<\/div>\n\t\t\t\t<\/div>\n\t\t<div class=\"elementor-element elementor-element-f3ad9ac e-flex e-con-boxed e-con e-parent\" data-id=\"f3ad9ac\" data-element_type=\"container\" data-e-type=\"container\" data-settings=\"{&quot;_ha_eqh_enable&quot;:false}\">\n\t\t\t\t\t<div class=\"e-con-inner\">\n\t\t<div class=\"elementor-element elementor-element-e56a153 e-con-full e-flex e-con e-child\" data-id=\"e56a153\" data-element_type=\"container\" data-e-type=\"container\" data-settings=\"{&quot;_ha_eqh_enable&quot;:false}\">\n\t\t\t\t<div class=\"elementor-element elementor-element-b786f0c elementor-widget elementor-widget-heading\" data-id=\"b786f0c\" data-element_type=\"widget\" data-e-type=\"widget\" data-widget_type=\"heading.default\">\n\t\t\t\t<div class=\"elementor-widget-container\">\n\t\t\t\t\t<h2 class=\"elementor-heading-title elementor-size-default\">\n<span style=\", sans-serif;white-space: normal\">5 Jahre Herstellergarantie auf WAREMA Sonnensegel<\/span><\/h2>\t\t\t\t<\/div>\n\t\t\t\t<\/div>\n\t\t\t\t<div class=\"elementor-element elementor-element-8f9fe5f elementor-widget elementor-widget-text-editor\" data-id=\"8f9fe5f\" data-element_type=\"widget\" data-e-type=\"widget\" data-widget_type=\"text-editor.default\">\n\t\t\t\t<div class=\"elementor-widget-container\">\n\t\t\t\t\t\t\t\t\t<p>Qualit\u00e4t steht bei uns an erster Stelle. Deshalb profitieren Sie von einer <strong>5-j\u00e4hrigen Herstellergarantie<\/strong> auf Ihr Sonnensegel \u2013 <strong>inklusive<\/strong> <strong>Zubeh\u00f6r<\/strong> und <strong>Steuerungskomponenten<\/strong>. F\u00fcr diesen kostenfreien Mehrwert ist lediglich eine <strong>Online-Registrierung<\/strong> nach dem Kauf erforderlich. So genie\u00dfen Sie <strong>maximale<\/strong> <strong>Sicherheit<\/strong> und <strong>Langlebigkeit<\/strong>.<\/p>\t\t\t\t\t\t\t\t<\/div>\n\t\t\t\t<\/div>\n\t\t\t\t<div class=\"elementor-element elementor-element-4f8cc5c elementor-widget__width-auto elementor-mobile-align-justify elementor-widget-mobile__width-inherit elementor-align-center elementor-widget elementor-widget-button\" data-id=\"4f8cc5c\" data-element_type=\"widget\" data-e-type=\"widget\" data-widget_type=\"button.default\">\n\t\t\t\t<div class=\"elementor-widget-container\">\n\t\t\t\t\t\t\t\t\t<div class=\"elementor-button-wrapper\">\n\t\t\t\t\t<a class=\"elementor-button elementor-button-link elementor-size-sm\" href=\"https:\/\/plus.warema.com\/\">\n\t\t\t\t\t\t<span class=\"elementor-button-content-wrapper\">\n\t\t\t\t\t\t\t\t\t<span class=\"elementor-button-text\">Hier Ihr Produkt bei Warema registrieren!<\/span>\n\t\t\t\t\t<\/span>\n\t\t\t\t\t<\/a>\n\t\t\t\t<\/div>\n\t\t\t\t\t\t\t\t<\/div>\n\t\t\t\t<\/div>\n\t\t\t\t<\/div>\n\t\t<div class=\"elementor-element elementor-element-301d4a0 e-con-full e-flex e-con e-child\" data-id=\"301d4a0\" data-element_type=\"container\" data-e-type=\"container\" data-settings=\"{&quot;_ha_eqh_enable&quot;:false}\">\n\t\t\t\t<div class=\"elementor-element elementor-element-481b1ca elementor-widget elementor-widget-image\" data-id=\"481b1ca\" data-element_type=\"widget\" data-e-type=\"widget\" data-widget_type=\"image.default\">\n\t\t\t\t<div class=\"elementor-widget-container\">\n\t\t\t\t\t\t\t\t\t\t\t\t\t\t\t<img loading=\"lazy\" decoding=\"async\" width=\"800\" height=\"565\" src=\"https:\/\/rolladen-markisen.de\/dresden\/wp-content\/uploads\/2025\/03\/sonnensegel-sonea-dresden.jpg\" class=\"attachment-large size-large wp-image-2407\" alt=\"\" srcset=\"https:\/\/rolladen-markisen.de\/dresden\/wp-content\/uploads\/2025\/03\/sonnensegel-sonea-dresden.jpg 842w, https:\/\/rolladen-markisen.de\/dresden\/wp-content\/uploads\/2025\/03\/sonnensegel-sonea-dresden-300x212.jpg 300w, https:\/\/rolladen-markisen.de\/dresden\/wp-content\/uploads\/2025\/03\/sonnensegel-sonea-dresden-768x543.jpg 768w\" sizes=\"(max-width: 800px) 100vw, 800px\" \/>\t\t\t\t\t\t\t\t\t\t\t\t\t\t\t<\/div>\n\t\t\t\t<\/div>\n\t\t\t\t<\/div>\n\t\t\t\t\t<\/div>\n\t\t\t\t<\/div>\n\t\t<div class=\"elementor-element elementor-element-34cefb6 e-flex e-con-boxed e-con e-parent\" data-id=\"34cefb6\" data-element_type=\"container\" data-e-type=\"container\" data-settings=\"{&quot;_ha_eqh_enable&quot;:false}\">\n\t\t\t\t\t<div class=\"e-con-inner\">\n\t\t\t\t<div class=\"elementor-element elementor-element-166ad8d elementor-widget elementor-widget-spacer\" data-id=\"166ad8d\" data-element_type=\"widget\" data-e-type=\"widget\" data-widget_type=\"spacer.default\">\n\t\t\t\t<div class=\"elementor-widget-container\">\n\t\t\t\t\t\t\t<div class=\"elementor-spacer\">\n\t\t\t<div class=\"elementor-spacer-inner\"><\/div>\n\t\t<\/div>\n\t\t\t\t\t\t<\/div>\n\t\t\t\t<\/div>\n\t\t\t\t\t<\/div>\n\t\t\t\t<\/div>\n\t\t<div class=\"elementor-element elementor-element-2ef5a2b e-flex e-con-boxed e-con e-parent\" data-id=\"2ef5a2b\" data-element_type=\"container\" data-e-type=\"container\" data-settings=\"{&quot;background_background&quot;:&quot;classic&quot;,&quot;_ha_eqh_enable&quot;:false}\">\n\t\t\t\t\t<div class=\"e-con-inner\">\n\t\t\t\t<div class=\"elementor-element elementor-element-5deeb9c elementor-widget elementor-widget-heading\" data-id=\"5deeb9c\" data-element_type=\"widget\" data-e-type=\"widget\" data-widget_type=\"heading.default\">\n\t\t\t\t<div class=\"elementor-widget-container\">\n\t\t\t\t\t<h2 class=\"elementor-heading-title elementor-size-default\">Ihr Partner f\u00fcr Sonnensegel in Pirna \u2013 Jetzt beraten lassen!<\/h2>\t\t\t\t<\/div>\n\t\t\t\t<\/div>\n\t\t\t\t<div class=\"elementor-element elementor-element-ccbd120 elementor-widget elementor-widget-text-editor\" data-id=\"ccbd120\" data-element_type=\"widget\" data-e-type=\"widget\" data-widget_type=\"text-editor.default\">\n\t\t\t\t<div class=\"elementor-widget-container\">\n\t\t\t\t\t\t\t\t\t<p style=\"text-align: center;\">Als Fachh\u00e4ndler f\u00fcr WAREMA Sonnensegel in Pirna bieten wir Ihnen <strong>individuelle<\/strong> <strong>Beratung<\/strong>,\u00a0<\/p><p style=\"text-align: center;\"><strong>ma\u00dfgeschneiderte<\/strong> <strong>L\u00f6sungen<\/strong> und eine <strong>professionelle<\/strong> <strong>Montage<\/strong>.<\/p><p style=\"text-align: center;\">\ud83d\udcde <strong>Kontaktieren Sie uns noch heute und sichern Sie sich Ihr individuelles Sonnensegel!<\/strong><\/p>\t\t\t\t\t\t\t\t<\/div>\n\t\t\t\t<\/div>\n\t\t\t\t<div class=\"elementor-element elementor-element-185e9df elementor-widget__width-auto elementor-mobile-align-justify elementor-widget-mobile__width-inherit elementor-align-center elementor-widget elementor-widget-button\" data-id=\"185e9df\" data-element_type=\"widget\" data-e-type=\"widget\" data-widget_type=\"button.default\">\n\t\t\t\t<div class=\"elementor-widget-container\">\n\t\t\t\t\t\t\t\t\t<div class=\"elementor-button-wrapper\">\n\t\t\t\t\t<a class=\"elementor-button elementor-button-link elementor-size-sm\" href=\"https:\/\/rolladen-markisen.de\/dresden\/anfrage\/\">\n\t\t\t\t\t\t<span class=\"elementor-button-content-wrapper\">\n\t\t\t\t\t\t\t\t\t<span class=\"elementor-button-text\">Jetzt unverbindlich beraten lassen!<\/span>\n\t\t\t\t\t<\/span>\n\t\t\t\t\t<\/a>\n\t\t\t\t<\/div>\n\t\t\t\t\t\t\t\t<\/div>\n\t\t\t\t<\/div>\n\t\t\t\t\t<\/div>\n\t\t\t\t<\/div>\n\t\t\t\t<\/div>\n\t\t","protected":false},"excerpt":{"rendered":"<p>Sonnensegel in Pirna Perfekter Sonnenschutz mit Stil Sonea S40 Sonea S50 Sonea S70 Ma\u00dfgeschneiderte Sonnensegel f\u00fcr Terrasse, Balkon und Garten Ein hochwertiges Sonnensegel ist die ideale L\u00f6sung, um Ihre Terrasse, Ihren Balkon oder den Garten in Pirna stilvoll zu verschatten. Mit den flexiblen und wetterbest\u00e4ndigen Sonnensegeln von WAREMA erhalten Sie optimalen Schutz vor intensiver Sonneneinstrahlung [&hellip;]<\/p>\n","protected":false},"author":2,"featured_media":1491,"parent":0,"menu_order":0,"comment_status":"closed","ping_status":"closed","template":"","meta":{"_acf_changed":false,"footnotes":""},"class_list":["post-2371","page","type-page","status-publish","has-post-thumbnail","hentry"],"acf":[],"yoast_head":"<!-- This site is optimized with the Yoast SEO plugin v27.3 - https:\/\/yoast.com\/product\/yoast-seo-wordpress\/ -->\n<title>Ma\u00dfgeschneiderte Sonnensegel in Pirna \u2013 Stilvoller Sonnenschutz f\u00fcr Terrasse &amp; Garten<\/title>\n<meta name=\"description\" content=\"Hochwertige WAREMA Sonnensegel in Pirna \u2013 stilvoller Sonnenschutz f\u00fcr Terrasse, Balkon und Garten.\" \/>\n<meta name=\"robots\" content=\"index, follow, max-snippet:-1, max-image-preview:large, max-video-preview:-1\" \/>\n<link rel=\"canonical\" href=\"https:\/\/rolladen-markisen.de\/dresden\/sonnensegel-pirna\/\" \/>\n<meta property=\"og:locale\" content=\"de_DE\" \/>\n<meta property=\"og:type\" content=\"article\" \/>\n<meta property=\"og:title\" content=\"Ma\u00dfgeschneiderte Sonnensegel in Pirna \u2013 Stilvoller Sonnenschutz f\u00fcr Terrasse &amp; Garten\" \/>\n<meta property=\"og:description\" content=\"Hochwertige WAREMA Sonnensegel in Pirna \u2013 stilvoller Sonnenschutz f\u00fcr Terrasse, Balkon und Garten.\" \/>\n<meta property=\"og:url\" content=\"https:\/\/rolladen-markisen.de\/dresden\/sonnensegel-pirna\/\" \/>\n<meta property=\"og:site_name\" content=\"Rolladen- &amp; Markisenbau Dresden\" \/>\n<meta property=\"article:modified_time\" content=\"2025-05-16T09:59:14+00:00\" \/>\n<meta property=\"og:image\" content=\"https:\/\/rolladen-markisen.de\/dresden\/wp-content\/uploads\/2023\/04\/lamellendach-in-freiberg.jpg\" \/>\n\t<meta property=\"og:image:width\" content=\"400\" \/>\n\t<meta property=\"og:image:height\" content=\"400\" \/>\n\t<meta property=\"og:image:type\" content=\"image\/jpeg\" \/>\n<meta name=\"twitter:card\" content=\"summary_large_image\" \/>\n<meta name=\"twitter:label1\" content=\"Gesch\u00e4tzte Lesezeit\" \/>\n\t<meta name=\"twitter:data1\" content=\"6\u00a0Minuten\" \/>\n<script type=\"application\/ld+json\" class=\"yoast-schema-graph\">{\"@context\":\"https:\\\/\\\/schema.org\",\"@graph\":[{\"@type\":\"WebPage\",\"@id\":\"https:\\\/\\\/rolladen-markisen.de\\\/dresden\\\/sonnensegel-pirna\\\/\",\"url\":\"https:\\\/\\\/rolladen-markisen.de\\\/dresden\\\/sonnensegel-pirna\\\/\",\"name\":\"Ma\u00dfgeschneiderte Sonnensegel in Pirna \u2013 Stilvoller Sonnenschutz f\u00fcr Terrasse & Garten\",\"isPartOf\":{\"@id\":\"https:\\\/\\\/rolladen-markisen.de\\\/dresden\\\/#website\"},\"primaryImageOfPage\":{\"@id\":\"https:\\\/\\\/rolladen-markisen.de\\\/dresden\\\/sonnensegel-pirna\\\/#primaryimage\"},\"image\":{\"@id\":\"https:\\\/\\\/rolladen-markisen.de\\\/dresden\\\/sonnensegel-pirna\\\/#primaryimage\"},\"thumbnailUrl\":\"https:\\\/\\\/rolladen-markisen.de\\\/dresden\\\/wp-content\\\/uploads\\\/2023\\\/04\\\/lamellendach-in-freiberg.jpg\",\"datePublished\":\"2025-05-16T09:59:11+00:00\",\"dateModified\":\"2025-05-16T09:59:14+00:00\",\"description\":\"Hochwertige WAREMA Sonnensegel in Pirna \u2013 stilvoller Sonnenschutz f\u00fcr Terrasse, Balkon und Garten.\",\"breadcrumb\":{\"@id\":\"https:\\\/\\\/rolladen-markisen.de\\\/dresden\\\/sonnensegel-pirna\\\/#breadcrumb\"},\"inLanguage\":\"de\",\"potentialAction\":[{\"@type\":\"ReadAction\",\"target\":[\"https:\\\/\\\/rolladen-markisen.de\\\/dresden\\\/sonnensegel-pirna\\\/\"]}]},{\"@type\":\"ImageObject\",\"inLanguage\":\"de\",\"@id\":\"https:\\\/\\\/rolladen-markisen.de\\\/dresden\\\/sonnensegel-pirna\\\/#primaryimage\",\"url\":\"https:\\\/\\\/rolladen-markisen.de\\\/dresden\\\/wp-content\\\/uploads\\\/2023\\\/04\\\/lamellendach-in-freiberg.jpg\",\"contentUrl\":\"https:\\\/\\\/rolladen-markisen.de\\\/dresden\\\/wp-content\\\/uploads\\\/2023\\\/04\\\/lamellendach-in-freiberg.jpg\",\"width\":400,\"height\":400},{\"@type\":\"BreadcrumbList\",\"@id\":\"https:\\\/\\\/rolladen-markisen.de\\\/dresden\\\/sonnensegel-pirna\\\/#breadcrumb\",\"itemListElement\":[{\"@type\":\"ListItem\",\"position\":1,\"name\":\"Startseite\",\"item\":\"https:\\\/\\\/rolladen-markisen.de\\\/dresden\\\/\"},{\"@type\":\"ListItem\",\"position\":2,\"name\":\"Sonnensegel Pirna\"}]},{\"@type\":\"WebSite\",\"@id\":\"https:\\\/\\\/rolladen-markisen.de\\\/dresden\\\/#website\",\"url\":\"https:\\\/\\\/rolladen-markisen.de\\\/dresden\\\/\",\"name\":\"Rolladen- &amp; Markisenbau Dresden\",\"description\":\"\",\"potentialAction\":[{\"@type\":\"SearchAction\",\"target\":{\"@type\":\"EntryPoint\",\"urlTemplate\":\"https:\\\/\\\/rolladen-markisen.de\\\/dresden\\\/?s={search_term_string}\"},\"query-input\":{\"@type\":\"PropertyValueSpecification\",\"valueRequired\":true,\"valueName\":\"search_term_string\"}}],\"inLanguage\":\"de\"}]}<\/script>\n<!-- \/ Yoast SEO plugin. -->","yoast_head_json":{"title":"Ma\u00dfgeschneiderte Sonnensegel in Pirna \u2013 Stilvoller Sonnenschutz f\u00fcr Terrasse & Garten","description":"Hochwertige WAREMA Sonnensegel in Pirna \u2013 stilvoller Sonnenschutz f\u00fcr Terrasse, Balkon und Garten.","robots":{"index":"index","follow":"follow","max-snippet":"max-snippet:-1","max-image-preview":"max-image-preview:large","max-video-preview":"max-video-preview:-1"},"canonical":"https:\/\/rolladen-markisen.de\/dresden\/sonnensegel-pirna\/","og_locale":"de_DE","og_type":"article","og_title":"Ma\u00dfgeschneiderte Sonnensegel in Pirna \u2013 Stilvoller Sonnenschutz f\u00fcr Terrasse & Garten","og_description":"Hochwertige WAREMA Sonnensegel in Pirna \u2013 stilvoller Sonnenschutz f\u00fcr Terrasse, Balkon und Garten.","og_url":"https:\/\/rolladen-markisen.de\/dresden\/sonnensegel-pirna\/","og_site_name":"Rolladen- &amp; Markisenbau Dresden","article_modified_time":"2025-05-16T09:59:14+00:00","og_image":[{"width":400,"height":400,"url":"https:\/\/rolladen-markisen.de\/dresden\/wp-content\/uploads\/2023\/04\/lamellendach-in-freiberg.jpg","type":"image\/jpeg"}],"twitter_card":"summary_large_image","twitter_misc":{"Gesch\u00e4tzte Lesezeit":"6\u00a0Minuten"},"schema":{"@context":"https:\/\/schema.org","@graph":[{"@type":"WebPage","@id":"https:\/\/rolladen-markisen.de\/dresden\/sonnensegel-pirna\/","url":"https:\/\/rolladen-markisen.de\/dresden\/sonnensegel-pirna\/","name":"Ma\u00dfgeschneiderte Sonnensegel in Pirna \u2013 Stilvoller Sonnenschutz f\u00fcr Terrasse & Garten","isPartOf":{"@id":"https:\/\/rolladen-markisen.de\/dresden\/#website"},"primaryImageOfPage":{"@id":"https:\/\/rolladen-markisen.de\/dresden\/sonnensegel-pirna\/#primaryimage"},"image":{"@id":"https:\/\/rolladen-markisen.de\/dresden\/sonnensegel-pirna\/#primaryimage"},"thumbnailUrl":"https:\/\/rolladen-markisen.de\/dresden\/wp-content\/uploads\/2023\/04\/lamellendach-in-freiberg.jpg","datePublished":"2025-05-16T09:59:11+00:00","dateModified":"2025-05-16T09:59:14+00:00","description":"Hochwertige WAREMA Sonnensegel in Pirna \u2013 stilvoller Sonnenschutz f\u00fcr Terrasse, Balkon und Garten.","breadcrumb":{"@id":"https:\/\/rolladen-markisen.de\/dresden\/sonnensegel-pirna\/#breadcrumb"},"inLanguage":"de","potentialAction":[{"@type":"ReadAction","target":["https:\/\/rolladen-markisen.de\/dresden\/sonnensegel-pirna\/"]}]},{"@type":"ImageObject","inLanguage":"de","@id":"https:\/\/rolladen-markisen.de\/dresden\/sonnensegel-pirna\/#primaryimage","url":"https:\/\/rolladen-markisen.de\/dresden\/wp-content\/uploads\/2023\/04\/lamellendach-in-freiberg.jpg","contentUrl":"https:\/\/rolladen-markisen.de\/dresden\/wp-content\/uploads\/2023\/04\/lamellendach-in-freiberg.jpg","width":400,"height":400},{"@type":"BreadcrumbList","@id":"https:\/\/rolladen-markisen.de\/dresden\/sonnensegel-pirna\/#breadcrumb","itemListElement":[{"@type":"ListItem","position":1,"name":"Startseite","item":"https:\/\/rolladen-markisen.de\/dresden\/"},{"@type":"ListItem","position":2,"name":"Sonnensegel Pirna"}]},{"@type":"WebSite","@id":"https:\/\/rolladen-markisen.de\/dresden\/#website","url":"https:\/\/rolladen-markisen.de\/dresden\/","name":"Rolladen- &amp; Markisenbau Dresden","description":"","potentialAction":[{"@type":"SearchAction","target":{"@type":"EntryPoint","urlTemplate":"https:\/\/rolladen-markisen.de\/dresden\/?s={search_term_string}"},"query-input":{"@type":"PropertyValueSpecification","valueRequired":true,"valueName":"search_term_string"}}],"inLanguage":"de"}]}},"_links":{"self":[{"href":"https:\/\/rolladen-markisen.de\/dresden\/wp-json\/wp\/v2\/pages\/2371","targetHints":{"allow":["GET"]}}],"collection":[{"href":"https:\/\/rolladen-markisen.de\/dresden\/wp-json\/wp\/v2\/pages"}],"about":[{"href":"https:\/\/rolladen-markisen.de\/dresden\/wp-json\/wp\/v2\/types\/page"}],"author":[{"embeddable":true,"href":"https:\/\/rolladen-markisen.de\/dresden\/wp-json\/wp\/v2\/users\/2"}],"replies":[{"embeddable":true,"href":"https:\/\/rolladen-markisen.de\/dresden\/wp-json\/wp\/v2\/comments?post=2371"}],"version-history":[{"count":67,"href":"https:\/\/rolladen-markisen.de\/dresden\/wp-json\/wp\/v2\/pages\/2371\/revisions"}],"predecessor-version":[{"id":2456,"href":"https:\/\/rolladen-markisen.de\/dresden\/wp-json\/wp\/v2\/pages\/2371\/revisions\/2456"}],"wp:featuredmedia":[{"embeddable":true,"href":"https:\/\/rolladen-markisen.de\/dresden\/wp-json\/wp\/v2\/media\/1491"}],"wp:attachment":[{"href":"https:\/\/rolladen-markisen.de\/dresden\/wp-json\/wp\/v2\/media?parent=2371"}],"curies":[{"name":"wp","href":"https:\/\/api.w.org\/{rel}","templated":true}]}}